{"id":16940,"date":"2025-02-11T10:05:46","date_gmt":"2025-02-11T09:05:46","guid":{"rendered":"https:\/\/www.huebscher.net\/dachfenster-service\/"},"modified":"2026-04-22T09:22:08","modified_gmt":"2026-04-22T07:22:08","slug":"dachfenster-service","status":"publish","type":"page","link":"https:\/\/www.huebscher.net\/de\/dachfenster-service\/","title":{"rendered":"Dachfenster-Service"},"content":{"rendered":"\t\t<div data-elementor-type=\"wp-page\" data-elementor-id=\"16940\" class=\"elementor elementor-16940\" data-elementor-post-type=\"page\">\n\t\t\t\t<div class=\"elementor-element elementor-element-bc9cef4 e-con-full e-flex e-con e-parent\" data-id=\"bc9cef4\" data-element_type=\"container\" data-settings=\"{&quot;background_background&quot;:&quot;classic&quot;}\">\n\t\t\t\t<\/div>\n\t\t<div class=\"elementor-element elementor-element-e47c6b6 e-flex e-con-boxed e-con e-parent\" data-id=\"e47c6b6\" data-element_type=\"container\">\n\t\t\t\t\t<div class=\"e-con-inner\">\n\t\t<div class=\"elementor-element elementor-element-b0acc2c e-con-full e-flex e-con e-child\" data-id=\"b0acc2c\" data-element_type=\"container\">\n\t\t<div class=\"elementor-element elementor-element-ecae653 e-con-full e-flex e-con e-child\" data-id=\"ecae653\" data-element_type=\"container\">\n\t\t\t\t<div class=\"elementor-element elementor-element-613e6e7 elementor-widget elementor-widget-heading\" data-id=\"613e6e7\" data-element_type=\"widget\" data-widget_type=\"heading.default\">\n\t\t\t\t<div class=\"elementor-widget-container\">\n\t\t\t<h1 class=\"elementor-heading-title elementor-size-default\">Dachfenster-Service von H\u00dcBSCHER HOLZBAU\n<\/h1>\t\t<\/div>\n\t\t\t\t<\/div>\n\t\t\t\t<\/div>\n\t\t<div class=\"elementor-element elementor-element-6386834 e-con-full e-flex e-con e-child\" data-id=\"6386834\" data-element_type=\"container\">\n\t\t\t\t<div class=\"elementor-element elementor-element-fcff40a elementor-widget elementor-widget-text-editor\" data-id=\"fcff40a\" data-element_type=\"widget\" data-widget_type=\"text-editor.default\">\n\t\t\t\t<div class=\"elementor-widget-container\">\n\t\t\t\t\t\t\t<p>Dachfenster sind nicht nur funktionale Elemente Ihres Hauses, sondern auch entscheidend f\u00fcr die Optik und Ihr Wohlbefinden.<\/p>\t\t\t\t\t\t<\/div>\n\t\t\t\t<\/div>\n\t\t\t\t<\/div>\n\t\t<div class=\"elementor-element elementor-element-ab80f72 e-con-full e-flex e-con e-child\" data-id=\"ab80f72\" data-element_type=\"container\">\n\t\t<div class=\"elementor-element elementor-element-1bf669e e-con-full icon-unterseiten e-flex e-con e-child\" data-id=\"1bf669e\" data-element_type=\"container\" data-settings=\"{&quot;background_background&quot;:&quot;classic&quot;}\">\n\t\t\t\t<div class=\"elementor-element elementor-element-07dc986 elementor-view-stacked elementor-shape-circle elementor-widget elementor-widget-icon\" data-id=\"07dc986\" data-element_type=\"widget\" data-widget_type=\"icon.default\">\n\t\t\t\t<div class=\"elementor-widget-container\">\n\t\t\t\t\t<div class=\"elementor-icon-wrapper\">\n\t\t\t<div class=\"elementor-icon\">\n\t\t\t<svg aria-hidden=\"true\" class=\"e-font-icon-svg e-fas-tools\" viewBox=\"0 0 512 512\" xmlns=\"http:\/\/www.w3.org\/2000\/svg\"><path d=\"M501.1 395.7L384 278.6c-23.1-23.1-57.6-27.6-85.4-13.9L192 158.1V96L64 0 0 64l96 128h62.1l106.6 106.6c-13.6 27.8-9.2 62.3 13.9 85.4l117.1 117.1c14.6 14.6 38.2 14.6 52.7 0l52.7-52.7c14.5-14.6 14.5-38.2 0-52.7zM331.7 225c28.3 0 54.9 11 74.9 31l19.4 19.4c15.8-6.9 30.8-16.5 43.8-29.5 37.1-37.1 49.7-89.3 37.9-136.7-2.2-9-13.5-12.1-20.1-5.5l-74.4 74.4-67.9-11.3L334 98.9l74.4-74.4c6.6-6.6 3.4-17.9-5.7-20.2-47.4-11.7-99.6.9-136.6 37.9-28.5 28.5-41.9 66.1-41.2 103.6l82.1 82.1c8.1-1.9 16.5-2.9 24.7-2.9zm-103.9 82l-56.7-56.7L18.7 402.8c-25 25-25 65.5 0 90.5s65.5 25 90.5 0l123.6-123.6c-7.6-19.9-9.9-41.6-5-62.7zM64 472c-13.2 0-24-10.8-24-24 0-13.3 10.7-24 24-24s24 10.7 24 24c0 13.2-10.7 24-24 24z\"><\/path><\/svg>\t\t\t<\/div>\n\t\t<\/div>\n\t\t\t\t<\/div>\n\t\t\t\t<\/div>\n\t\t\t\t<div class=\"elementor-element elementor-element-e5612f4 elementor-widget elementor-widget-heading\" data-id=\"e5612f4\" data-element_type=\"widget\" data-widget_type=\"heading.default\">\n\t\t\t\t<div class=\"elementor-widget-container\">\n\t\t\t<h2 class=\"elementor-heading-title elementor-size-default\">Dachfenster-Reparaturen<\/h2>\t\t<\/div>\n\t\t\t\t<\/div>\n\t\t\t\t<div class=\"elementor-element elementor-element-93a4478 elementor-widget elementor-widget-text-editor\" data-id=\"93a4478\" data-element_type=\"widget\" data-widget_type=\"text-editor.default\">\n\t\t\t\t<div class=\"elementor-widget-container\">\n\t\t\t\t\t\t\t<p data-pm-slice=\"1 1 [&quot;list&quot;,{},&quot;list_item&quot;,{&quot;indent&quot;:1,&quot;type&quot;:&quot;bulleted&quot;}]\">Behebung von Defekten an Fenstern, Rolll\u00e4den und Jalousien<\/p>\t\t\t\t\t\t<\/div>\n\t\t\t\t<\/div>\n\t\t\t\t<div class=\"elementor-element elementor-element-48c6a79 elementor-align-center elementor-widget elementor-widget-button\" data-id=\"48c6a79\" data-element_type=\"widget\" data-widget_type=\"button.default\">\n\t\t\t\t<div class=\"elementor-widget-container\">\n\t\t\t\t\t<div class=\"elementor-button-wrapper\">\n\t\t\t<a class=\"elementor-button elementor-button-link elementor-size-sm\" href=\"#reparatur-wartung\" target=\"_blank\">\n\t\t\t\t\t\t<span class=\"elementor-button-content-wrapper\">\n\t\t\t\t\t\t\t\t\t<span class=\"elementor-button-text\">mehr dazu<\/span>\n\t\t\t\t\t<\/span>\n\t\t\t\t\t<\/a>\n\t\t<\/div>\n\t\t\t\t<\/div>\n\t\t\t\t<\/div>\n\t\t\t\t<\/div>\n\t\t<div class=\"elementor-element elementor-element-ddc9554 e-con-full icon-unterseiten e-flex e-con e-child\" data-id=\"ddc9554\" data-element_type=\"container\" data-settings=\"{&quot;background_background&quot;:&quot;classic&quot;}\">\n\t\t\t\t<div class=\"elementor-element elementor-element-52409b9 elementor-view-stacked elementor-shape-circle elementor-widget elementor-widget-icon\" data-id=\"52409b9\" data-element_type=\"widget\" data-widget_type=\"icon.default\">\n\t\t\t\t<div class=\"elementor-widget-container\">\n\t\t\t\t\t<div class=\"elementor-icon-wrapper\">\n\t\t\t<div class=\"elementor-icon\">\n\t\t\t<svg aria-hidden=\"true\" class=\"e-font-icon-svg e-fas-oil-can\" viewBox=\"0 0 640 512\" xmlns=\"http:\/\/www.w3.org\/2000\/svg\"><path d=\"M629.8 160.31L416 224l-50.49-25.24a64.07 64.07 0 0 0-28.62-6.76H280v-48h56c8.84 0 16-7.16 16-16v-16c0-8.84-7.16-16-16-16H176c-8.84 0-16 7.16-16 16v16c0 8.84 7.16 16 16 16h56v48h-56L37.72 166.86a31.9 31.9 0 0 0-5.79-.53C14.67 166.33 0 180.36 0 198.34v94.95c0 15.46 11.06 28.72 26.28 31.48L96 337.46V384c0 17.67 14.33 32 32 32h274.63c8.55 0 16.75-3.42 22.76-9.51l212.26-214.75c1.5-1.5 2.34-3.54 2.34-5.66V168c.01-5.31-5.08-9.15-10.19-7.69zM96 288.67l-48-8.73v-62.43l48 8.73v62.43zm453.33 84.66c0 23.56 19.1 42.67 42.67 42.67s42.67-19.1 42.67-42.67S592 288 592 288s-42.67 61.77-42.67 85.33z\"><\/path><\/svg>\t\t\t<\/div>\n\t\t<\/div>\n\t\t\t\t<\/div>\n\t\t\t\t<\/div>\n\t\t\t\t<div class=\"elementor-element elementor-element-6eba2bc elementor-widget elementor-widget-heading\" data-id=\"6eba2bc\" data-element_type=\"widget\" data-widget_type=\"heading.default\">\n\t\t\t\t<div class=\"elementor-widget-container\">\n\t\t\t<h2 class=\"elementor-heading-title elementor-size-default\">Wartung und Pflege<\/h2>\t\t<\/div>\n\t\t\t\t<\/div>\n\t\t\t\t<div class=\"elementor-element elementor-element-1a84aa4 elementor-widget elementor-widget-text-editor\" data-id=\"1a84aa4\" data-element_type=\"widget\" data-widget_type=\"text-editor.default\">\n\t\t\t\t<div class=\"elementor-widget-container\">\n\t\t\t\t\t\t\t<p data-pm-slice=\"1 1 [&quot;list&quot;,{},&quot;list_item&quot;,{&quot;indent&quot;:1,&quot;type&quot;:&quot;bulleted&quot;}]\">Verl\u00e4ngerung der Lebensdauer Ihres Dachfensters durch unsere professionelle Wartung<\/p>\t\t\t\t\t\t<\/div>\n\t\t\t\t<\/div>\n\t\t\t\t<div class=\"elementor-element elementor-element-53d8820 elementor-align-center elementor-widget elementor-widget-button\" data-id=\"53d8820\" data-element_type=\"widget\" data-widget_type=\"button.default\">\n\t\t\t\t<div class=\"elementor-widget-container\">\n\t\t\t\t\t<div class=\"elementor-button-wrapper\">\n\t\t\t<a class=\"elementor-button elementor-button-link elementor-size-sm\" href=\"#reparatur-wartung\" target=\"_blank\">\n\t\t\t\t\t\t<span class=\"elementor-button-content-wrapper\">\n\t\t\t\t\t\t\t\t\t<span class=\"elementor-button-text\">mehr dazu<\/span>\n\t\t\t\t\t<\/span>\n\t\t\t\t\t<\/a>\n\t\t<\/div>\n\t\t\t\t<\/div>\n\t\t\t\t<\/div>\n\t\t\t\t<\/div>\n\t\t\t\t<\/div>\n\t\t<div class=\"elementor-element elementor-element-625e6eb e-con-full e-flex e-con e-child\" data-id=\"625e6eb\" data-element_type=\"container\">\n\t\t<div class=\"elementor-element elementor-element-860b17f e-con-full icon-unterseiten e-flex e-con e-child\" data-id=\"860b17f\" data-element_type=\"container\" data-settings=\"{&quot;background_background&quot;:&quot;classic&quot;}\">\n\t\t\t\t<div class=\"elementor-element elementor-element-53e6556 elementor-view-stacked elementor-shape-circle elementor-widget elementor-widget-icon\" data-id=\"53e6556\" data-element_type=\"widget\" data-widget_type=\"icon.default\">\n\t\t\t\t<div class=\"elementor-widget-container\">\n\t\t\t\t\t<div class=\"elementor-icon-wrapper\">\n\t\t\t<div class=\"elementor-icon\">\n\t\t\t<svg aria-hidden=\"true\" class=\"e-font-icon-svg e-fas-sun\" viewBox=\"0 0 512 512\" xmlns=\"http:\/\/www.w3.org\/2000\/svg\"><path d=\"M256 160c-52.9 0-96 43.1-96 96s43.1 96 96 96 96-43.1 96-96-43.1-96-96-96zm246.4 80.5l-94.7-47.3 33.5-100.4c4.5-13.6-8.4-26.5-21.9-21.9l-100.4 33.5-47.4-94.8c-6.4-12.8-24.6-12.8-31 0l-47.3 94.7L92.7 70.8c-13.6-4.5-26.5 8.4-21.9 21.9l33.5 100.4-94.7 47.4c-12.8 6.4-12.8 24.6 0 31l94.7 47.3-33.5 100.5c-4.5 13.6 8.4 26.5 21.9 21.9l100.4-33.5 47.3 94.7c6.4 12.8 24.6 12.8 31 0l47.3-94.7 100.4 33.5c13.6 4.5 26.5-8.4 21.9-21.9l-33.5-100.4 94.7-47.3c13-6.5 13-24.7.2-31.1zm-155.9 106c-49.9 49.9-131.1 49.9-181 0-49.9-49.9-49.9-131.1 0-181 49.9-49.9 131.1-49.9 181 0 49.9 49.9 49.9 131.1 0 181z\"><\/path><\/svg>\t\t\t<\/div>\n\t\t<\/div>\n\t\t\t\t<\/div>\n\t\t\t\t<\/div>\n\t\t\t\t<div class=\"elementor-element elementor-element-2dcf97f elementor-widget elementor-widget-heading\" data-id=\"2dcf97f\" data-element_type=\"widget\" data-widget_type=\"heading.default\">\n\t\t\t\t<div class=\"elementor-widget-container\">\n\t\t\t<h2 class=\"elementor-heading-title elementor-size-default\">Sonnenschutz und Hitzeschutz<\/h2>\t\t<\/div>\n\t\t\t\t<\/div>\n\t\t\t\t<div class=\"elementor-element elementor-element-00c44ef elementor-widget elementor-widget-text-editor\" data-id=\"00c44ef\" data-element_type=\"widget\" data-widget_type=\"text-editor.default\">\n\t\t\t\t<div class=\"elementor-widget-container\">\n\t\t\t\t\t\t\t<p>Reparatur oder Austausch von Rollos, Plissees und Hitzeschutzl\u00f6sungen<\/p>\t\t\t\t\t\t<\/div>\n\t\t\t\t<\/div>\n\t\t\t\t<div class=\"elementor-element elementor-element-709a28b elementor-align-center elementor-widget elementor-widget-button\" data-id=\"709a28b\" data-element_type=\"widget\" data-widget_type=\"button.default\">\n\t\t\t\t<div class=\"elementor-widget-container\">\n\t\t\t\t\t<div class=\"elementor-button-wrapper\">\n\t\t\t<a class=\"elementor-button elementor-button-link elementor-size-sm\" href=\"#hitzeschutz\" target=\"_blank\">\n\t\t\t\t\t\t<span class=\"elementor-button-content-wrapper\">\n\t\t\t\t\t\t\t\t\t<span class=\"elementor-button-text\">mehr dazu<\/span>\n\t\t\t\t\t<\/span>\n\t\t\t\t\t<\/a>\n\t\t<\/div>\n\t\t\t\t<\/div>\n\t\t\t\t<\/div>\n\t\t\t\t<\/div>\n\t\t<div class=\"elementor-element elementor-element-5838925 e-con-full icon-unterseiten e-flex e-con e-child\" data-id=\"5838925\" data-element_type=\"container\" data-settings=\"{&quot;background_background&quot;:&quot;classic&quot;}\">\n\t\t\t\t<div class=\"elementor-element elementor-element-463abcd elementor-view-stacked elementor-shape-circle elementor-widget elementor-widget-icon\" data-id=\"463abcd\" data-element_type=\"widget\" data-widget_type=\"icon.default\">\n\t\t\t\t<div class=\"elementor-widget-container\">\n\t\t\t\t\t<div class=\"elementor-icon-wrapper\">\n\t\t\t<div class=\"elementor-icon\">\n\t\t\t<svg aria-hidden=\"true\" class=\"e-font-icon-svg e-fas-sync-alt\" viewBox=\"0 0 512 512\" xmlns=\"http:\/\/www.w3.org\/2000\/svg\"><path d=\"M370.72 133.28C339.458 104.008 298.888 87.962 255.848 88c-77.458.068-144.328 53.178-162.791 126.85-1.344 5.363-6.122 9.15-11.651 9.15H24.103c-7.498 0-13.194-6.807-11.807-14.176C33.933 94.924 134.813 8 256 8c66.448 0 126.791 26.136 171.315 68.685L463.03 40.97C478.149 25.851 504 36.559 504 57.941V192c0 13.255-10.745 24-24 24H345.941c-21.382 0-32.09-25.851-16.971-40.971l41.75-41.749zM32 296h134.059c21.382 0 32.09 25.851 16.971 40.971l-41.75 41.75c31.262 29.273 71.835 45.319 114.876 45.28 77.418-.07 144.315-53.144 162.787-126.849 1.344-5.363 6.122-9.15 11.651-9.15h57.304c7.498 0 13.194 6.807 11.807 14.176C478.067 417.076 377.187 504 256 504c-66.448 0-126.791-26.136-171.315-68.685L48.97 471.03C33.851 486.149 8 475.441 8 454.059V320c0-13.255 10.745-24 24-24z\"><\/path><\/svg>\t\t\t<\/div>\n\t\t<\/div>\n\t\t\t\t<\/div>\n\t\t\t\t<\/div>\n\t\t\t\t<div class=\"elementor-element elementor-element-9b468f0 elementor-widget elementor-widget-heading\" data-id=\"9b468f0\" data-element_type=\"widget\" data-widget_type=\"heading.default\">\n\t\t\t\t<div class=\"elementor-widget-container\">\n\t\t\t<h2 class=\"elementor-heading-title elementor-size-default\">Komplettservice<\/h2>\t\t<\/div>\n\t\t\t\t<\/div>\n\t\t\t\t<div class=\"elementor-element elementor-element-118ea39 elementor-widget elementor-widget-text-editor\" data-id=\"118ea39\" data-element_type=\"widget\" data-widget_type=\"text-editor.default\">\n\t\t\t\t<div class=\"elementor-widget-container\">\n\t\t\t\t\t\t\t<p data-pm-slice=\"1 1 []\">Planung, Reparatur, Wartung und Austausch von Dachfenstern<\/p>\t\t\t\t\t\t<\/div>\n\t\t\t\t<\/div>\n\t\t\t\t<div class=\"elementor-element elementor-element-0d11510 elementor-align-center elementor-widget elementor-widget-button\" data-id=\"0d11510\" data-element_type=\"widget\" data-widget_type=\"button.default\">\n\t\t\t\t<div class=\"elementor-widget-container\">\n\t\t\t\t\t<div class=\"elementor-button-wrapper\">\n\t\t\t<a class=\"elementor-button elementor-button-link elementor-size-sm\" href=\"#austausch-neubau\" target=\"_blank\">\n\t\t\t\t\t\t<span class=\"elementor-button-content-wrapper\">\n\t\t\t\t\t\t\t\t\t<span class=\"elementor-button-text\">mehr dazu<\/span>\n\t\t\t\t\t<\/span>\n\t\t\t\t\t<\/a>\n\t\t<\/div>\n\t\t\t\t<\/div>\n\t\t\t\t<\/div>\n\t\t\t\t<\/div>\n\t\t\t\t<\/div>\n\t\t<div class=\"elementor-element elementor-element-5c52808 e-con-full e-flex e-con e-child\" data-id=\"5c52808\" data-element_type=\"container\">\n\t\t\t\t<div class=\"elementor-element elementor-element-ede6fe2 elementor-widget elementor-widget-text-editor\" data-id=\"ede6fe2\" data-element_type=\"widget\" data-widget_type=\"text-editor.default\">\n\t\t\t\t<div class=\"elementor-widget-container\">\n\t\t\t\t\t\t\t<p>Unser <strong>H\u00dcBSCHER Service-Team<\/strong> schafft Lebensqualit\u00e4t und steht Ihnen in den Kantonen Schaffhausen, Z\u00fcrich, Thurgau und im s\u00fcdlichen Baden-W\u00fcrttemberg zur Seite, wenn es um die Reparatur, den Austausch oder die Pflege Ihrer Dachfenster der Marken<strong> VELUX, Roto, Fakro<\/strong> und weitere geht \u2013 schnell, zuverl\u00e4ssig und direkt vor Ort.<\/p><p data-pm-slice=\"1 1 []\">Sie haben Probleme mit Ihrem Dachfenster? Egal ob es klemmt, der Sonnenschutz defekt oder das Fenster undicht geworden ist \u2013 unser fachgerechtes Service-Team hat eine L\u00f6sung!<\/p><p>\u00dcbrigens: Diesen Service bieten wir nat\u00fcrlich nicht nur f\u00fcr Holzh\u00e4user an!<\/p>\t\t\t\t\t\t<\/div>\n\t\t\t\t<\/div>\n\t\t\t\t<\/div>\n\t\t<div class=\"elementor-element elementor-element-573a80d e-con-full elementor-hidden-desktop e-flex e-con e-child\" data-id=\"573a80d\" data-element_type=\"container\" data-settings=\"{&quot;background_background&quot;:&quot;classic&quot;,&quot;sticky&quot;:&quot;top&quot;,&quot;sticky_offset&quot;:119,&quot;sticky_on&quot;:[],&quot;sticky_parent&quot;:&quot;yes&quot;,&quot;sticky_effects_offset&quot;:0}\">\n\t\t\t\t<div class=\"elementor-element elementor-element-209d567 elementor-widget elementor-widget-heading\" data-id=\"209d567\" data-element_type=\"widget\" data-widget_type=\"heading.default\">\n\t\t\t\t<div class=\"elementor-widget-container\">\n\t\t\t<h2 class=\"elementor-heading-title elementor-size-default\">Ansprechpartner<\/h2>\t\t<\/div>\n\t\t\t\t<\/div>\n\t\t\t\t<div class=\"elementor-element elementor-element-ebbb413 elementor-widget elementor-widget-image\" data-id=\"ebbb413\" data-element_type=\"widget\" data-widget_type=\"image.default\">\n\t\t\t\t<div class=\"elementor-widget-container\">\n\t\t\t\t\t\t\t\t\t\t\t\t\t<img fetchpriority=\"high\" decoding=\"async\" width=\"2560\" height=\"2560\" src=\"https:\/\/www.huebscher.net\/media\/Matthias-Kaiser-schwarz-scaled-1.jpg\" class=\"attachment-full size-full wp-image-13852\" alt=\"\" srcset=\"https:\/\/www.huebscher.net\/media\/Matthias-Kaiser-schwarz-scaled-1.jpg 2560w, https:\/\/www.huebscher.net\/media\/Matthias-Kaiser-schwarz-scaled-1-720x720.jpg 720w, https:\/\/www.huebscher.net\/media\/Matthias-Kaiser-schwarz-scaled-1-1080x1080.jpg 1080w, https:\/\/www.huebscher.net\/media\/Matthias-Kaiser-schwarz-scaled-1-150x150.jpg 150w, https:\/\/www.huebscher.net\/media\/Matthias-Kaiser-schwarz-scaled-1-768x768.jpg 768w, https:\/\/www.huebscher.net\/media\/Matthias-Kaiser-schwarz-scaled-1-1536x1536.jpg 1536w, https:\/\/www.huebscher.net\/media\/Matthias-Kaiser-schwarz-scaled-1-2048x2048.jpg 2048w, https:\/\/www.huebscher.net\/media\/Matthias-Kaiser-schwarz-scaled-1-100x100.jpg 100w, https:\/\/www.huebscher.net\/media\/Matthias-Kaiser-schwarz-scaled-1-350x350.jpg 350w, https:\/\/www.huebscher.net\/media\/elementor\/thumbs\/Matthias-Kaiser-schwarz-scaled-1-r24jfjbak1grl5qvxh7q7lolxobh17qwaki7ffbuik.jpg 326w, https:\/\/www.huebscher.net\/media\/elementor\/thumbs\/Matthias-Kaiser-schwarz-scaled-1-r24jfjbcock5shjl0dx5vz9rc8uiavc8xhosxgreyw.jpg 500w\" sizes=\"(max-width: 2560px) 100vw, 2560px\" \/>\t\t\t\t\t\t\t\t\t\t\t\t\t<\/div>\n\t\t\t\t<\/div>\n\t\t\t\t<div class=\"elementor-element elementor-element-2bb001c elementor-widget elementor-widget-text-editor\" data-id=\"2bb001c\" data-element_type=\"widget\" data-widget_type=\"text-editor.default\">\n\t\t\t\t<div class=\"elementor-widget-container\">\n\t\t\t\t\t\t\t<p class=\"cvGsUA direction-ltr align-start para-style-body\"><strong><span class=\"OYPEnA font-feature-liga-off font-feature-clig-off font-feature-calt-off text-decoration-none text-strikethrough-none\">Matthias Kaiser<br \/><\/span><\/strong>Koordination Service-Team<\/p>\t\t\t\t\t\t<\/div>\n\t\t\t\t<\/div>\n\t\t\t\t<div class=\"elementor-element elementor-element-dd43423 elementor-icon-list--layout-traditional elementor-list-item-link-full_width elementor-widget elementor-widget-icon-list\" data-id=\"dd43423\" data-element_type=\"widget\" data-widget_type=\"icon-list.default\">\n\t\t\t\t<div class=\"elementor-widget-container\">\n\t\t\t\t\t<ul class=\"elementor-icon-list-items\">\n\t\t\t\t\t\t\t<li class=\"elementor-icon-list-item\">\n\t\t\t\t\t\t\t\t\t\t\t<a href=\"mailto:matthias.kaiser@huebscher.swiss\">\n\n\t\t\t\t\t\t\t\t\t\t\t\t<span class=\"elementor-icon-list-icon\">\n\t\t\t\t\t\t\t<svg aria-hidden=\"true\" class=\"e-font-icon-svg e-fas-envelope\" viewBox=\"0 0 512 512\" xmlns=\"http:\/\/www.w3.org\/2000\/svg\"><path d=\"M502.3 190.8c3.9-3.1 9.7-.2 9.7 4.7V400c0 26.5-21.5 48-48 48H48c-26.5 0-48-21.5-48-48V195.6c0-5 5.7-7.8 9.7-4.7 22.4 17.4 52.1 39.5 154.1 113.6 21.1 15.4 56.7 47.8 92.2 47.6 35.7.3 72-32.8 92.3-47.6 102-74.1 131.6-96.3 154-113.7zM256 320c23.2.4 56.6-29.2 73.4-41.4 132.7-96.3 142.8-104.7 173.4-128.7 5.8-4.5 9.2-11.5 9.2-18.9v-19c0-26.5-21.5-48-48-48H48C21.5 64 0 85.5 0 112v19c0 7.4 3.4 14.3 9.2 18.9 30.6 23.9 40.7 32.4 173.4 128.7 16.8 12.2 50.2 41.8 73.4 41.4z\"><\/path><\/svg>\t\t\t\t\t\t<\/span>\n\t\t\t\t\t\t\t\t\t\t<span class=\"elementor-icon-list-text\">matthias.kaiser@huebscher.swiss<\/span>\n\t\t\t\t\t\t\t\t\t\t\t<\/a>\n\t\t\t\t\t\t\t\t\t<\/li>\n\t\t\t\t\t\t\t\t<li class=\"elementor-icon-list-item\">\n\t\t\t\t\t\t\t\t\t\t\t<a href=\"tel:+41525512414\">\n\n\t\t\t\t\t\t\t\t\t\t\t\t<span class=\"elementor-icon-list-icon\">\n\t\t\t\t\t\t\t<svg aria-hidden=\"true\" class=\"e-font-icon-svg e-fas-phone-alt\" viewBox=\"0 0 512 512\" xmlns=\"http:\/\/www.w3.org\/2000\/svg\"><path d=\"M497.39 361.8l-112-48a24 24 0 0 0-28 6.9l-49.6 60.6A370.66 370.66 0 0 1 130.6 204.11l60.6-49.6a23.94 23.94 0 0 0 6.9-28l-48-112A24.16 24.16 0 0 0 122.6.61l-104 24A24 24 0 0 0 0 48c0 256.5 207.9 464 464 464a24 24 0 0 0 23.4-18.6l24-104a24.29 24.29 0 0 0-14.01-27.6z\"><\/path><\/svg>\t\t\t\t\t\t<\/span>\n\t\t\t\t\t\t\t\t\t\t<span class=\"elementor-icon-list-text\">+41 (0) 52 551 24 14<\/span>\n\t\t\t\t\t\t\t\t\t\t\t<\/a>\n\t\t\t\t\t\t\t\t\t<\/li>\n\t\t\t\t\t\t<\/ul>\n\t\t\t\t<\/div>\n\t\t\t\t<\/div>\n\t\t\t\t<\/div>\n\t\t<div class=\"elementor-element elementor-element-55e9e3b e-con-full e-flex e-con e-child\" data-id=\"55e9e3b\" data-element_type=\"container\">\n\t\t\t\t<div class=\"elementor-element elementor-element-48d15d6 elementor-widget elementor-widget-menu-anchor\" data-id=\"48d15d6\" data-element_type=\"widget\" data-widget_type=\"menu-anchor.default\">\n\t\t\t\t<div class=\"elementor-widget-container\">\n\t\t\t\t\t<div class=\"elementor-menu-anchor\" id=\"reparatur-wartung\"><\/div>\n\t\t\t\t<\/div>\n\t\t\t\t<\/div>\n\t\t\t\t<div class=\"elementor-element elementor-element-1fbd9fc elementor-widget elementor-widget-heading\" data-id=\"1fbd9fc\" data-element_type=\"widget\" data-widget_type=\"heading.default\">\n\t\t\t\t<div class=\"elementor-widget-container\">\n\t\t\t<h2 class=\"elementor-heading-title elementor-size-default\">Reparatur und Wartung von Dachfenstern<\/h2>\t\t<\/div>\n\t\t\t\t<\/div>\n\t\t\t\t<\/div>\n\t\t<div class=\"elementor-element elementor-element-c9ba362 e-con-full e-flex e-con e-child\" data-id=\"c9ba362\" data-element_type=\"container\">\n\t\t\t\t<div class=\"elementor-element elementor-element-3546445 elementor-widget elementor-widget-text-editor\" data-id=\"3546445\" data-element_type=\"widget\" data-widget_type=\"text-editor.default\">\n\t\t\t\t<div class=\"elementor-widget-container\">\n\t\t\t\t\t\t\t<p data-pm-slice=\"1 1 []\">Die regelm\u00e4ssige Wartung und schnelle Reparatur sorgen daf\u00fcr, dass Ihre Dachfenster langfristig funktionst\u00fcchtig bleiben. Unser H\u00dcBSCHER Service-Team inspiziert, wartet und repariert Ihre Dachfenster professionell und effizient:<\/p>\t\t\t\t\t\t<\/div>\n\t\t\t\t<\/div>\n\t\t\t\t<\/div>\n\t\t<div class=\"elementor-element elementor-element-858d0fb e-con-full e-flex e-con e-child\" data-id=\"858d0fb\" data-element_type=\"container\">\n\t\t\t\t<div class=\"elementor-element elementor-element-2ea6a6e elementor-icon-list--layout-traditional elementor-list-item-link-full_width elementor-widget elementor-widget-icon-list\" data-id=\"2ea6a6e\" data-element_type=\"widget\" data-widget_type=\"icon-list.default\">\n\t\t\t\t<div class=\"elementor-widget-container\">\n\t\t\t\t\t<ul class=\"elementor-icon-list-items\">\n\t\t\t\t\t\t\t<li class=\"elementor-icon-list-item\">\n\t\t\t\t\t\t\t\t\t\t\t<span class=\"elementor-icon-list-icon\">\n\t\t\t\t\t\t\t<svg aria-hidden=\"true\" class=\"e-font-icon-svg e-fas-check\" viewBox=\"0 0 512 512\" xmlns=\"http:\/\/www.w3.org\/2000\/svg\"><path d=\"M173.898 439.404l-166.4-166.4c-9.997-9.997-9.997-26.206 0-36.204l36.203-36.204c9.997-9.998 26.207-9.998 36.204 0L192 312.69 432.095 72.596c9.997-9.997 26.207-9.997 36.204 0l36.203 36.204c9.997 9.997 9.997 26.206 0 36.204l-294.4 294.401c-9.998 9.997-26.207 9.997-36.204-.001z\"><\/path><\/svg>\t\t\t\t\t\t<\/span>\n\t\t\t\t\t\t\t\t\t\t<span class=\"elementor-icon-list-text\"><b>Dachfenster-Reparatur:<\/b> Behebung von Undichtigkeiten, defekten Rolll\u00e4den oder klemmenden Fenstern \u2013 f\u00fcr eine reibungslose Funktion<\/span>\n\t\t\t\t\t\t\t\t\t<\/li>\n\t\t\t\t\t\t\t\t<li class=\"elementor-icon-list-item\">\n\t\t\t\t\t\t\t\t\t\t\t<span class=\"elementor-icon-list-icon\">\n\t\t\t\t\t\t\t<svg aria-hidden=\"true\" class=\"e-font-icon-svg e-fas-check\" viewBox=\"0 0 512 512\" xmlns=\"http:\/\/www.w3.org\/2000\/svg\"><path d=\"M173.898 439.404l-166.4-166.4c-9.997-9.997-9.997-26.206 0-36.204l36.203-36.204c9.997-9.998 26.207-9.998 36.204 0L192 312.69 432.095 72.596c9.997-9.997 26.207-9.997 36.204 0l36.203 36.204c9.997 9.997 9.997 26.206 0 36.204l-294.4 294.401c-9.998 9.997-26.207 9.997-36.204-.001z\"><\/path><\/svg>\t\t\t\t\t\t<\/span>\n\t\t\t\t\t\t\t\t\t\t<span class=\"elementor-icon-list-text\"><b>Wartung und Pflege:<\/b> Schmierung von Beschl\u00e4gen und Dichtungspr\u00fcfung \u2013 wir sorgen mit vorbeugenden Massnahmen f\u00fcr eine Verl\u00e4ngerung der Lebensdauer Ihrer Dachfenster<\/span>\n\t\t\t\t\t\t\t\t\t<\/li>\n\t\t\t\t\t\t\t\t<li class=\"elementor-icon-list-item\">\n\t\t\t\t\t\t\t\t\t\t\t<span class=\"elementor-icon-list-icon\">\n\t\t\t\t\t\t\t<svg aria-hidden=\"true\" class=\"e-font-icon-svg e-fas-check\" viewBox=\"0 0 512 512\" xmlns=\"http:\/\/www.w3.org\/2000\/svg\"><path d=\"M173.898 439.404l-166.4-166.4c-9.997-9.997-9.997-26.206 0-36.204l36.203-36.204c9.997-9.998 26.207-9.998 36.204 0L192 312.69 432.095 72.596c9.997-9.997 26.207-9.997 36.204 0l36.203 36.204c9.997 9.997 9.997 26.206 0 36.204l-294.4 294.401c-9.998 9.997-26.207 9.997-36.204-.001z\"><\/path><\/svg>\t\t\t\t\t\t<\/span>\n\t\t\t\t\t\t\t\t\t\t<span class=\"elementor-icon-list-text\"><b>Abdichtung und Isolierung:<\/b> Optimierung der W\u00e4rmed\u00e4mmung zur Reduzierung von Energieverlusten und Vermeidung von Feuchtigkeitssch\u00e4den.<\/span>\n\t\t\t\t\t\t\t\t\t<\/li>\n\t\t\t\t\t\t<\/ul>\n\t\t\t\t<\/div>\n\t\t\t\t<\/div>\n\t\t\t\t<\/div>\n\t\t<div class=\"elementor-element elementor-element-057cfb2 e-con-full e-flex e-con e-child\" data-id=\"057cfb2\" data-element_type=\"container\">\n\t\t\t\t<div class=\"elementor-element elementor-element-45557ea elementor-widget elementor-widget-image\" data-id=\"45557ea\" data-element_type=\"widget\" data-widget_type=\"image.default\">\n\t\t\t\t<div class=\"elementor-widget-container\">\n\t\t\t\t\t\t\t\t\t\t\t\t\t<img decoding=\"async\" src=\"https:\/\/www.huebscher.net\/media\/elementor\/thumbs\/DSC_6102-scaled-r2b3pouken6r6w91aogvlr9rq22i73815jen5ttiu6.jpg\" title=\"Dachfenster Reparatur\" alt=\"Dachfenster Reparatur\" loading=\"lazy\" \/>\t\t\t\t\t\t\t\t\t\t\t\t\t<\/div>\n\t\t\t\t<\/div>\n\t\t\t\t<\/div>\n\t\t<div class=\"elementor-element elementor-element-16918b6 e-con-full e-flex e-con e-child\" data-id=\"16918b6\" data-element_type=\"container\">\n\t\t\t\t<div class=\"elementor-element elementor-element-5e3ce17 elementor-widget elementor-widget-menu-anchor\" data-id=\"5e3ce17\" data-element_type=\"widget\" data-widget_type=\"menu-anchor.default\">\n\t\t\t\t<div class=\"elementor-widget-container\">\n\t\t\t\t\t<div class=\"elementor-menu-anchor\" id=\"austausch-neubau\"><\/div>\n\t\t\t\t<\/div>\n\t\t\t\t<\/div>\n\t\t\t\t<div class=\"elementor-element elementor-element-1a9d71c elementor-widget elementor-widget-heading\" data-id=\"1a9d71c\" data-element_type=\"widget\" data-widget_type=\"heading.default\">\n\t\t\t\t<div class=\"elementor-widget-container\">\n\t\t\t<h2 class=\"elementor-heading-title elementor-size-default\">Austausch und Neubau von Dachfenstern<\/h2>\t\t<\/div>\n\t\t\t\t<\/div>\n\t\t\t\t<\/div>\n\t\t<div class=\"elementor-element elementor-element-b61870d e-con-full e-flex e-con e-child\" data-id=\"b61870d\" data-element_type=\"container\">\n\t\t\t\t<div class=\"elementor-element elementor-element-9dffa7d elementor-widget elementor-widget-text-editor\" data-id=\"9dffa7d\" data-element_type=\"widget\" data-widget_type=\"text-editor.default\">\n\t\t\t\t<div class=\"elementor-widget-container\">\n\t\t\t\t\t\t\t<p data-pm-slice=\"1 1 []\">Wenn die Reparatur nicht mehr ausreicht, wird ein Austausch notwendig. Wir k\u00fcmmern uns um den kompletten Dachfenster-Ersatz oder -Einbau:<\/p>\t\t\t\t\t\t<\/div>\n\t\t\t\t<\/div>\n\t\t\t\t<\/div>\n\t\t<div class=\"elementor-element elementor-element-e21adb9 e-con-full e-flex e-con e-child\" data-id=\"e21adb9\" data-element_type=\"container\">\n\t\t\t\t<div class=\"elementor-element elementor-element-d9c4b40 elementor-icon-list--layout-traditional elementor-list-item-link-full_width elementor-widget elementor-widget-icon-list\" data-id=\"d9c4b40\" data-element_type=\"widget\" data-widget_type=\"icon-list.default\">\n\t\t\t\t<div class=\"elementor-widget-container\">\n\t\t\t\t\t<ul class=\"elementor-icon-list-items\">\n\t\t\t\t\t\t\t<li class=\"elementor-icon-list-item\">\n\t\t\t\t\t\t\t\t\t\t\t<span class=\"elementor-icon-list-icon\">\n\t\t\t\t\t\t\t<svg aria-hidden=\"true\" class=\"e-font-icon-svg e-fas-check\" viewBox=\"0 0 512 512\" xmlns=\"http:\/\/www.w3.org\/2000\/svg\"><path d=\"M173.898 439.404l-166.4-166.4c-9.997-9.997-9.997-26.206 0-36.204l36.203-36.204c9.997-9.998 26.207-9.998 36.204 0L192 312.69 432.095 72.596c9.997-9.997 26.207-9.997 36.204 0l36.203 36.204c9.997 9.997 9.997 26.206 0 36.204l-294.4 294.401c-9.998 9.997-26.207 9.997-36.204-.001z\"><\/path><\/svg>\t\t\t\t\t\t<\/span>\n\t\t\t\t\t\t\t\t\t\t<span class=\"elementor-icon-list-text\"><b>Austausch alter Dachfenster:<\/b> Fachgerechter Ersatz durch moderne, energieeffiziente Modelle<\/span>\n\t\t\t\t\t\t\t\t\t<\/li>\n\t\t\t\t\t\t\t\t<li class=\"elementor-icon-list-item\">\n\t\t\t\t\t\t\t\t\t\t\t<span class=\"elementor-icon-list-icon\">\n\t\t\t\t\t\t\t<svg aria-hidden=\"true\" class=\"e-font-icon-svg e-fas-check\" viewBox=\"0 0 512 512\" xmlns=\"http:\/\/www.w3.org\/2000\/svg\"><path d=\"M173.898 439.404l-166.4-166.4c-9.997-9.997-9.997-26.206 0-36.204l36.203-36.204c9.997-9.998 26.207-9.998 36.204 0L192 312.69 432.095 72.596c9.997-9.997 26.207-9.997 36.204 0l36.203 36.204c9.997 9.997 9.997 26.206 0 36.204l-294.4 294.401c-9.998 9.997-26.207 9.997-36.204-.001z\"><\/path><\/svg>\t\t\t\t\t\t<\/span>\n\t\t\t\t\t\t\t\t\t\t<span class=\"elementor-icon-list-text\"><b>Neubau-Dachfenster:<\/b> Planung, Lieferung und Einbau neuer Dachfenster in Neubauten oder bei Renovierungen<\/span>\n\t\t\t\t\t\t\t\t\t<\/li>\n\t\t\t\t\t\t\t\t<li class=\"elementor-icon-list-item\">\n\t\t\t\t\t\t\t\t\t\t\t<span class=\"elementor-icon-list-icon\">\n\t\t\t\t\t\t\t<svg aria-hidden=\"true\" class=\"e-font-icon-svg e-fas-check\" viewBox=\"0 0 512 512\" xmlns=\"http:\/\/www.w3.org\/2000\/svg\"><path d=\"M173.898 439.404l-166.4-166.4c-9.997-9.997-9.997-26.206 0-36.204l36.203-36.204c9.997-9.998 26.207-9.998 36.204 0L192 312.69 432.095 72.596c9.997-9.997 26.207-9.997 36.204 0l36.203 36.204c9.997 9.997 9.997 26.206 0 36.204l-294.4 294.401c-9.998 9.997-26.207 9.997-36.204-.001z\"><\/path><\/svg>\t\t\t\t\t\t<\/span>\n\t\t\t\t\t\t\t\t\t\t<span class=\"elementor-icon-list-text\"><b>Komplettservice:<\/b> Von der Baueingabe bis zur Endmontage \u2013 wir \u00fcbernehmen die gesamte Administration und Umsetzung<\/span>\n\t\t\t\t\t\t\t\t\t<\/li>\n\t\t\t\t\t\t<\/ul>\n\t\t\t\t<\/div>\n\t\t\t\t<\/div>\n\t\t\t\t<\/div>\n\t\t<div class=\"elementor-element elementor-element-c59dcf8 e-con-full e-flex e-con e-child\" data-id=\"c59dcf8\" data-element_type=\"container\">\n\t\t\t\t<div class=\"elementor-element elementor-element-0f95c2c elementor-widget elementor-widget-image\" data-id=\"0f95c2c\" data-element_type=\"widget\" data-widget_type=\"image.default\">\n\t\t\t\t<div class=\"elementor-widget-container\">\n\t\t\t\t\t\t\t\t\t\t\t\t\t<img decoding=\"async\" src=\"https:\/\/www.huebscher.net\/media\/elementor\/thumbs\/gebaeudeservice_12-qokw2h96ve1xkz39tve2a034p35kbmr4cs5v0qduhq.jpg\" title=\"Dachfenster\" alt=\"gebaeudeservice h\u00fcbscher\" loading=\"lazy\" \/>\t\t\t\t\t\t\t\t\t\t\t\t\t<\/div>\n\t\t\t\t<\/div>\n\t\t\t\t<\/div>\n\t\t<div class=\"elementor-element elementor-element-bdc84b3 e-con-full e-flex e-con e-child\" data-id=\"bdc84b3\" data-element_type=\"container\">\n\t\t\t\t<div class=\"elementor-element elementor-element-5c466c6 elementor-widget elementor-widget-menu-anchor\" data-id=\"5c466c6\" data-element_type=\"widget\" data-widget_type=\"menu-anchor.default\">\n\t\t\t\t<div class=\"elementor-widget-container\">\n\t\t\t\t\t<div class=\"elementor-menu-anchor\" id=\"hitzeschutz\"><\/div>\n\t\t\t\t<\/div>\n\t\t\t\t<\/div>\n\t\t\t\t<div class=\"elementor-element elementor-element-8b6d31d elementor-widget elementor-widget-heading\" data-id=\"8b6d31d\" data-element_type=\"widget\" data-widget_type=\"heading.default\">\n\t\t\t\t<div class=\"elementor-widget-container\">\n\t\t\t<h2 class=\"elementor-heading-title elementor-size-default\">Zusatzausstattung f\u00fcr Dachfenster<\/h2>\t\t<\/div>\n\t\t\t\t<\/div>\n\t\t\t\t<\/div>\n\t\t<div class=\"elementor-element elementor-element-990285a e-con-full e-flex e-con e-child\" data-id=\"990285a\" data-element_type=\"container\">\n\t\t\t\t<div class=\"elementor-element elementor-element-d264ad7 elementor-widget elementor-widget-text-editor\" data-id=\"d264ad7\" data-element_type=\"widget\" data-widget_type=\"text-editor.default\">\n\t\t\t\t<div class=\"elementor-widget-container\">\n\t\t\t\t\t\t\t<p data-pm-slice=\"1 1 []\">Statten Sie Ihr Dachfenster mit praktischen Extras aus:<\/p>\t\t\t\t\t\t<\/div>\n\t\t\t\t<\/div>\n\t\t\t\t<\/div>\n\t\t<div class=\"elementor-element elementor-element-b9f8917 e-con-full e-flex e-con e-child\" data-id=\"b9f8917\" data-element_type=\"container\">\n\t\t\t\t<div class=\"elementor-element elementor-element-f078b95 elementor-icon-list--layout-traditional elementor-list-item-link-full_width elementor-widget elementor-widget-icon-list\" data-id=\"f078b95\" data-element_type=\"widget\" data-widget_type=\"icon-list.default\">\n\t\t\t\t<div class=\"elementor-widget-container\">\n\t\t\t\t\t<ul class=\"elementor-icon-list-items\">\n\t\t\t\t\t\t\t<li class=\"elementor-icon-list-item\">\n\t\t\t\t\t\t\t\t\t\t\t<span class=\"elementor-icon-list-icon\">\n\t\t\t\t\t\t\t<svg aria-hidden=\"true\" class=\"e-font-icon-svg e-fas-check\" viewBox=\"0 0 512 512\" xmlns=\"http:\/\/www.w3.org\/2000\/svg\"><path d=\"M173.898 439.404l-166.4-166.4c-9.997-9.997-9.997-26.206 0-36.204l36.203-36.204c9.997-9.998 26.207-9.998 36.204 0L192 312.69 432.095 72.596c9.997-9.997 26.207-9.997 36.204 0l36.203 36.204c9.997 9.997 9.997 26.206 0 36.204l-294.4 294.401c-9.998 9.997-26.207 9.997-36.204-.001z\"><\/path><\/svg>\t\t\t\t\t\t<\/span>\n\t\t\t\t\t\t\t\t\t\t<span class=\"elementor-icon-list-text\"><b>Sonnenschutz:<\/b> Massgeschneiderte L\u00f6sungen wie Rollos und Verdunkelungsplissees<\/span>\n\t\t\t\t\t\t\t\t\t<\/li>\n\t\t\t\t\t\t\t\t<li class=\"elementor-icon-list-item\">\n\t\t\t\t\t\t\t\t\t\t\t<span class=\"elementor-icon-list-icon\">\n\t\t\t\t\t\t\t<svg aria-hidden=\"true\" class=\"e-font-icon-svg e-fas-check\" viewBox=\"0 0 512 512\" xmlns=\"http:\/\/www.w3.org\/2000\/svg\"><path d=\"M173.898 439.404l-166.4-166.4c-9.997-9.997-9.997-26.206 0-36.204l36.203-36.204c9.997-9.998 26.207-9.998 36.204 0L192 312.69 432.095 72.596c9.997-9.997 26.207-9.997 36.204 0l36.203 36.204c9.997 9.997 9.997 26.206 0 36.204l-294.4 294.401c-9.998 9.997-26.207 9.997-36.204-.001z\"><\/path><\/svg>\t\t\t\t\t\t<\/span>\n\t\t\t\t\t\t\t\t\t\t<span class=\"elementor-icon-list-text\"><b>Hitzeschutz:<\/b> Effektive Aussenrolll\u00e4den und Markisen zur Temperaturregulierung<\/span>\n\t\t\t\t\t\t\t\t\t<\/li>\n\t\t\t\t\t\t\t\t<li class=\"elementor-icon-list-item\">\n\t\t\t\t\t\t\t\t\t\t\t<span class=\"elementor-icon-list-icon\">\n\t\t\t\t\t\t\t<svg aria-hidden=\"true\" class=\"e-font-icon-svg e-fas-check\" viewBox=\"0 0 512 512\" xmlns=\"http:\/\/www.w3.org\/2000\/svg\"><path d=\"M173.898 439.404l-166.4-166.4c-9.997-9.997-9.997-26.206 0-36.204l36.203-36.204c9.997-9.998 26.207-9.998 36.204 0L192 312.69 432.095 72.596c9.997-9.997 26.207-9.997 36.204 0l36.203 36.204c9.997 9.997 9.997 26.206 0 36.204l-294.4 294.401c-9.998 9.997-26.207 9.997-36.204-.001z\"><\/path><\/svg>\t\t\t\t\t\t<\/span>\n\t\t\t\t\t\t\t\t\t\t<span class=\"elementor-icon-list-text\"><b>Insektenschutz:<\/b> Schutzgitter f\u00fcr ungest\u00f6rte Sommern\u00e4chte<\/span>\n\t\t\t\t\t\t\t\t\t<\/li>\n\t\t\t\t\t\t<\/ul>\n\t\t\t\t<\/div>\n\t\t\t\t<\/div>\n\t\t\t\t<\/div>\n\t\t<div class=\"elementor-element elementor-element-f4d0c67 e-con-full e-flex e-con e-child\" data-id=\"f4d0c67\" data-element_type=\"container\">\n\t\t\t\t<div class=\"elementor-element elementor-element-ee01cd4 elementor-widget elementor-widget-image\" data-id=\"ee01cd4\" data-element_type=\"widget\" data-widget_type=\"image.default\">\n\t\t\t\t<div class=\"elementor-widget-container\">\n\t\t\t\t\t\t\t\t\t\t\t\t\t<img decoding=\"async\" src=\"https:\/\/www.huebscher.net\/media\/elementor\/thumbs\/gebaeudeservice_06-qokw2nu278axu8tprg8g9gfcus94tih8poq9do43a6.jpg\" title=\"Dachfenster Zusatzausstattung\" alt=\"gebaeudeservice h\u00fcbscher\" loading=\"lazy\" \/>\t\t\t\t\t\t\t\t\t\t\t\t\t<\/div>\n\t\t\t\t<\/div>\n\t\t\t\t<\/div>\n\t\t<div class=\"elementor-element elementor-element-b7f319f e-con-full e-flex e-con e-child\" data-id=\"b7f319f\" data-element_type=\"container\">\n\t\t\t\t<div class=\"elementor-element elementor-element-87d9999 elementor-widget elementor-widget-heading\" data-id=\"87d9999\" data-element_type=\"widget\" data-widget_type=\"heading.default\">\n\t\t\t\t<div class=\"elementor-widget-container\">\n\t\t\t<h2 class=\"elementor-heading-title elementor-size-default\">Unser Dachfenster-Service f\u00fcr Sie<\/h2>\t\t<\/div>\n\t\t\t\t<\/div>\n\t\t\t\t<\/div>\n\t\t<div class=\"elementor-element elementor-element-a5796c2 e-con-full e-flex e-con e-child\" data-id=\"a5796c2\" data-element_type=\"container\">\n\t\t\t\t<div class=\"elementor-element elementor-element-0f58720 elementor-widget elementor-widget-text-editor\" data-id=\"0f58720\" data-element_type=\"widget\" data-widget_type=\"text-editor.default\">\n\t\t\t\t<div class=\"elementor-widget-container\">\n\t\t\t\t\t\t\t<p><span data-teams=\"true\">Mit unserem VELUX-Dachfenster-Konfigurator k\u00f6nnen Sie schon jetzt einfach und bequem eine Anfrage f\u00fcr Ihre Dachfenster stellen.<\/span><\/p>\t\t\t\t\t\t<\/div>\n\t\t\t\t<\/div>\n\t\t\t\t<\/div>\n\t\t<div class=\"elementor-element elementor-element-549fc15 e-con-full e-flex e-con e-child\" data-id=\"549fc15\" data-element_type=\"container\">\n\t\t\t\t<div class=\"elementor-element elementor-element-e085196 elementor-widget elementor-widget-button\" data-id=\"e085196\" data-element_type=\"widget\" data-widget_type=\"button.default\">\n\t\t\t\t<div class=\"elementor-widget-container\">\n\t\t\t\t\t<div class=\"elementor-button-wrapper\">\n\t\t\t<a class=\"elementor-button elementor-button-link elementor-size-sm\" href=\"https:\/\/configurator.velux.ch\/infocard\/H%C3%9CBSCHER%20HOLZBAU%20AG\/8222\/Beringen\/stufe\/dachfenster-konfiguration\" target=\"_blank\">\n\t\t\t\t\t\t<span class=\"elementor-button-content-wrapper\">\n\t\t\t\t\t\t\t\t\t<span class=\"elementor-button-text\">zum Konfigurator<\/span>\n\t\t\t\t\t<\/span>\n\t\t\t\t\t<\/a>\n\t\t<\/div>\n\t\t\t\t<\/div>\n\t\t\t\t<\/div>\n\t\t\t\t<\/div>\n\t\t<div class=\"elementor-element elementor-element-31644c58 e-con-full e-flex e-con e-child\" data-id=\"31644c58\" data-element_type=\"container\">\n\t\t<div class=\"elementor-element elementor-element-59071e56 e-con-full kontakt-unterseiten e-flex e-con e-child\" data-id=\"59071e56\" data-element_type=\"container\" data-settings=\"{&quot;background_background&quot;:&quot;classic&quot;}\">\n\t\t\t\t<div class=\"elementor-element elementor-element-42b707e4 elementor-view-stacked elementor-shape-circle elementor-widget elementor-widget-icon\" data-id=\"42b707e4\" data-element_type=\"widget\" data-widget_type=\"icon.default\">\n\t\t\t\t<div class=\"elementor-widget-container\">\n\t\t\t\t\t<div class=\"elementor-icon-wrapper\">\n\t\t\t<div class=\"elementor-icon\">\n\t\t\t<svg aria-hidden=\"true\" class=\"e-font-icon-svg e-fas-mobile-alt\" viewBox=\"0 0 320 512\" xmlns=\"http:\/\/www.w3.org\/2000\/svg\"><path d=\"M272 0H48C21.5 0 0 21.5 0 48v416c0 26.5 21.5 48 48 48h224c26.5 0 48-21.5 48-48V48c0-26.5-21.5-48-48-48zM160 480c-17.7 0-32-14.3-32-32s14.3-32 32-32 32 14.3 32 32-14.3 32-32 32zm112-108c0 6.6-5.4 12-12 12H60c-6.6 0-12-5.4-12-12V60c0-6.6 5.4-12 12-12h200c6.6 0 12 5.4 12 12v312z\"><\/path><\/svg>\t\t\t<\/div>\n\t\t<\/div>\n\t\t\t\t<\/div>\n\t\t\t\t<\/div>\n\t\t\t\t<div class=\"elementor-element elementor-element-387f634b elementor-widget elementor-widget-heading\" data-id=\"387f634b\" data-element_type=\"widget\" data-widget_type=\"heading.default\">\n\t\t\t\t<div class=\"elementor-widget-container\">\n\t\t\t<h2 class=\"elementor-heading-title elementor-size-default\">Jetzt Kontakt aufnehmen &amp; Anfrage stellen<\/h2>\t\t<\/div>\n\t\t\t\t<\/div>\n\t\t<div class=\"elementor-element elementor-element-7730f2a6 e-con-full e-flex e-con e-child\" data-id=\"7730f2a6\" data-element_type=\"container\">\n\t\t\t\t<div class=\"elementor-element elementor-element-20e78334 elementor-align-center elementor-widget__width-initial elementor-widget elementor-widget-button\" data-id=\"20e78334\" data-element_type=\"widget\" data-widget_type=\"button.default\">\n\t\t\t\t<div class=\"elementor-widget-container\">\n\t\t\t\t\t<div class=\"elementor-button-wrapper\">\n\t\t\t<a class=\"elementor-button elementor-button-link elementor-size-sm\" href=\"#\" id=\"open-popup-rueckruf-mk\">\n\t\t\t\t\t\t<span class=\"elementor-button-content-wrapper\">\n\t\t\t\t\t\t\t\t\t<span class=\"elementor-button-text\">R\u00fcckruf<\/span>\n\t\t\t\t\t<\/span>\n\t\t\t\t\t<\/a>\n\t\t<\/div>\n\t\t\t\t<\/div>\n\t\t\t\t<\/div>\n\t\t\t\t<div class=\"elementor-element elementor-element-d8b4e51 elementor-align-center elementor-widget__width-initial elementor-widget elementor-widget-button\" data-id=\"d8b4e51\" data-element_type=\"widget\" data-widget_type=\"button.default\">\n\t\t\t\t<div class=\"elementor-widget-container\">\n\t\t\t\t\t<div class=\"elementor-button-wrapper\">\n\t\t\t<a class=\"elementor-button elementor-button-link elementor-size-sm\" href=\"#\" id=\"open-popup-dachfenster-service\">\n\t\t\t\t\t\t<span class=\"elementor-button-content-wrapper\">\n\t\t\t\t\t\t\t\t\t<span class=\"elementor-button-text\">Anfrage<\/span>\n\t\t\t\t\t<\/span>\n\t\t\t\t\t<\/a>\n\t\t<\/div>\n\t\t\t\t<\/div>\n\t\t\t\t<\/div>\n\t\t\t\t<\/div>\n\t\t<div class=\"elementor-element elementor-element-1567820f e-con-full elementor-hidden-desktop elementor-hidden-tablet elementor-hidden-mobile e-flex e-con e-child\" data-id=\"1567820f\" data-element_type=\"container\">\n\t\t\t\t<div class=\"elementor-element elementor-element-669264b4 elementor-widget__width-initial elementor-widget elementor-widget-html\" data-id=\"669264b4\" data-element_type=\"widget\" data-widget_type=\"html.default\">\n\t\t\t\t<div class=\"elementor-widget-container\">\n\t\t\t<a class=\"popmake-16765\" href=\"#\"><\/a>\n\n\/*Das \u00f6ffnet Button ohne JavaScript-Trigger, nur mit der CSS-Klasse.*\/\t\t<\/div>\n\t\t\t\t<\/div>\n\t\t\t\t<div class=\"elementor-element elementor-element-a459b33 elementor-widget__width-initial elementor-widget elementor-widget-html\" data-id=\"a459b33\" data-element_type=\"widget\" data-widget_type=\"html.default\">\n\t\t\t\t<div class=\"elementor-widget-container\">\n\t\t\t<a class=\"popmake-16528\" href=\"#\"><\/a>\n\n\/*Das \u00f6ffnet Button ohne JavaScript-Trigger, nur mit der CSS-Klasse.*\/\t\t<\/div>\n\t\t\t\t<\/div>\n\t\t\t\t<\/div>\n\t\t\t\t<\/div>\n\t\t\t\t<\/div>\n\t\t<div class=\"elementor-element elementor-element-a5486a1 e-con-full e-flex e-con e-child\" data-id=\"a5486a1\" data-element_type=\"container\">\n\t\t<div class=\"elementor-element elementor-element-b1fadc5 e-con-full e-flex e-con e-child\" data-id=\"b1fadc5\" data-element_type=\"container\" data-settings=\"{&quot;background_background&quot;:&quot;classic&quot;}\">\n\t\t\t\t<div class=\"elementor-element elementor-element-a0d74e7 elementor-widget elementor-widget-heading\" data-id=\"a0d74e7\" data-element_type=\"widget\" data-widget_type=\"heading.default\">\n\t\t\t\t<div class=\"elementor-widget-container\">\n\t\t\t<h2 class=\"elementor-heading-title elementor-size-default\">Warum H\u00dcBSCHER HOLZBAU?<\/h2>\t\t<\/div>\n\t\t\t\t<\/div>\n\t\t\t\t<div class=\"elementor-element elementor-element-ffbd68c elementor-icon-list--layout-traditional elementor-list-item-link-full_width elementor-widget elementor-widget-icon-list\" data-id=\"ffbd68c\" data-element_type=\"widget\" data-widget_type=\"icon-list.default\">\n\t\t\t\t<div class=\"elementor-widget-container\">\n\t\t\t\t\t<ul class=\"elementor-icon-list-items\">\n\t\t\t\t\t\t\t<li class=\"elementor-icon-list-item\">\n\t\t\t\t\t\t\t\t\t\t\t<span class=\"elementor-icon-list-icon\">\n\t\t\t\t\t\t\t<svg aria-hidden=\"true\" class=\"e-font-icon-svg e-fas-check\" viewBox=\"0 0 512 512\" xmlns=\"http:\/\/www.w3.org\/2000\/svg\"><path d=\"M173.898 439.404l-166.4-166.4c-9.997-9.997-9.997-26.206 0-36.204l36.203-36.204c9.997-9.998 26.207-9.998 36.204 0L192 312.69 432.095 72.596c9.997-9.997 26.207-9.997 36.204 0l36.203 36.204c9.997 9.997 9.997 26.206 0 36.204l-294.4 294.401c-9.998 9.997-26.207 9.997-36.204-.001z\"><\/path><\/svg>\t\t\t\t\t\t<\/span>\n\t\t\t\t\t\t\t\t\t\t<span class=\"elementor-icon-list-text\"><b>Kompetenz und Erfahrung:<\/b> Unser erfahrenes Team ist spezialisiert auf Dachfenster s\u00e4mtlicher Hersteller und bietet Ihnen eine umfassende Beratung sowie professionelle Umsetzung.<\/span>\n\t\t\t\t\t\t\t\t\t<\/li>\n\t\t\t\t\t\t\t\t<li class=\"elementor-icon-list-item\">\n\t\t\t\t\t\t\t\t\t\t\t<span class=\"elementor-icon-list-icon\">\n\t\t\t\t\t\t\t<svg aria-hidden=\"true\" class=\"e-font-icon-svg e-fas-check\" viewBox=\"0 0 512 512\" xmlns=\"http:\/\/www.w3.org\/2000\/svg\"><path d=\"M173.898 439.404l-166.4-166.4c-9.997-9.997-9.997-26.206 0-36.204l36.203-36.204c9.997-9.998 26.207-9.998 36.204 0L192 312.69 432.095 72.596c9.997-9.997 26.207-9.997 36.204 0l36.203 36.204c9.997 9.997 9.997 26.206 0 36.204l-294.4 294.401c-9.998 9.997-26.207 9.997-36.204-.001z\"><\/path><\/svg>\t\t\t\t\t\t<\/span>\n\t\t\t\t\t\t\t\t\t\t<span class=\"elementor-icon-list-text\"><b>Alles aus einer Hand:<\/b> Von der Planung \u00fcber die Umsetzung bis zur Nachbetreuung \u2013 bei uns erhalten Sie alle Dienstleistungen aus einer Hand.<\/span>\n\t\t\t\t\t\t\t\t\t<\/li>\n\t\t\t\t\t\t\t\t<li class=\"elementor-icon-list-item\">\n\t\t\t\t\t\t\t\t\t\t\t<span class=\"elementor-icon-list-icon\">\n\t\t\t\t\t\t\t<svg aria-hidden=\"true\" class=\"e-font-icon-svg e-fas-check\" viewBox=\"0 0 512 512\" xmlns=\"http:\/\/www.w3.org\/2000\/svg\"><path d=\"M173.898 439.404l-166.4-166.4c-9.997-9.997-9.997-26.206 0-36.204l36.203-36.204c9.997-9.998 26.207-9.998 36.204 0L192 312.69 432.095 72.596c9.997-9.997 26.207-9.997 36.204 0l36.203 36.204c9.997 9.997 9.997 26.206 0 36.204l-294.4 294.401c-9.998 9.997-26.207 9.997-36.204-.001z\"><\/path><\/svg>\t\t\t\t\t\t<\/span>\n\t\t\t\t\t\t\t\t\t\t<span class=\"elementor-icon-list-text\"><b>Schnelle und zuverl\u00e4ssige Abwicklung:<\/b> Dank unserer regionalen Pr\u00e4senz in den Kantonen Schaffhausen, Z\u00fcrich, Thurgau und im s\u00fcdlichen Baden-W\u00fcrttemberg sind wir immer in Ihrer N\u00e4he.<\/span>\n\t\t\t\t\t\t\t\t\t<\/li>\n\t\t\t\t\t\t\t\t<li class=\"elementor-icon-list-item\">\n\t\t\t\t\t\t\t\t\t\t\t<span class=\"elementor-icon-list-icon\">\n\t\t\t\t\t\t\t<svg aria-hidden=\"true\" class=\"e-font-icon-svg e-fas-check\" viewBox=\"0 0 512 512\" xmlns=\"http:\/\/www.w3.org\/2000\/svg\"><path d=\"M173.898 439.404l-166.4-166.4c-9.997-9.997-9.997-26.206 0-36.204l36.203-36.204c9.997-9.998 26.207-9.998 36.204 0L192 312.69 432.095 72.596c9.997-9.997 26.207-9.997 36.204 0l36.203 36.204c9.997 9.997 9.997 26.206 0 36.204l-294.4 294.401c-9.998 9.997-26.207 9.997-36.204-.001z\"><\/path><\/svg>\t\t\t\t\t\t<\/span>\n\t\t\t\t\t\t\t\t\t\t<span class=\"elementor-icon-list-text\"><b>Nachhaltigkeit und Energieeffizienz:<\/b> Moderne Dachfenster verbessern nicht nur den Wohnkomfort, sondern auch die Energieeffizienz Ihres Hauses. Kombinieren Sie den Austausch Ihrer Dachfenster mit anderen Massnahmen wie einer <b>Dachsanierung<\/b>, um maximale Einsparpotenziale auszusch\u00f6pfen.<\/span>\n\t\t\t\t\t\t\t\t\t<\/li>\n\t\t\t\t\t\t<\/ul>\n\t\t\t\t<\/div>\n\t\t\t\t<\/div>\n\t\t\t\t<\/div>\n\t\t\t\t<\/div>\n\t\t<div class=\"elementor-element elementor-element-27525c4 e-con-full e-flex e-con e-child\" data-id=\"27525c4\" data-element_type=\"container\">\n\t\t\t\t<div class=\"elementor-element elementor-element-e581bf6 elementor-widget elementor-widget-heading\" data-id=\"e581bf6\" data-element_type=\"widget\" data-widget_type=\"heading.default\">\n\t\t\t\t<div class=\"elementor-widget-container\">\n\t\t\t<h2 class=\"elementor-heading-title elementor-size-default\">Unser Service in den Kantonen Z\u00fcrich, Schaffhausen, Thurgau und im s\u00fcdlichen Baden-W\u00fcrttemberg\u00a0<\/h2>\t\t<\/div>\n\t\t\t\t<\/div>\n\t\t\t\t<\/div>\n\t\t<div class=\"elementor-element elementor-element-ab51b60 e-con-full e-flex e-con e-child\" data-id=\"ab51b60\" data-element_type=\"container\">\n\t\t\t\t<div class=\"elementor-element elementor-element-b7c0a56 elementor-widget elementor-widget-text-editor\" data-id=\"b7c0a56\" data-element_type=\"widget\" data-widget_type=\"text-editor.default\">\n\t\t\t\t<div class=\"elementor-widget-container\">\n\t\t\t\t\t\t\t<p data-pm-slice=\"1 1 []\">Wir bieten unseren Service in folgenden Postleitzahlenbereichen an:\u00a0<\/p>\t\t\t\t\t\t<\/div>\n\t\t\t\t<\/div>\n\t\t\t\t<\/div>\n\t\t<div class=\"elementor-element elementor-element-b5dd458 e-con-full e-flex e-con e-child\" data-id=\"b5dd458\" data-element_type=\"container\">\n\t\t\t\t<div class=\"elementor-element elementor-element-c017894 elementor-widget elementor-widget-text-editor\" data-id=\"c017894\" data-element_type=\"widget\" data-widget_type=\"text-editor.default\">\n\t\t\t\t<div class=\"elementor-widget-container\">\n\t\t\t\t\t\t\t<p data-pm-slice=\"1 1 []\"><strong>Kanton Z\u00fcrich (PLZ-Bereich: 8193\u20138479)<\/strong>\u00a0<\/p>\t\t\t\t\t\t<\/div>\n\t\t\t\t<\/div>\n\t\t\t\t<\/div>\n\t\t<div class=\"elementor-element elementor-element-90d7438 e-con-full e-flex e-con e-child\" data-id=\"90d7438\" data-element_type=\"container\">\n\t\t\t\t<div class=\"elementor-element elementor-element-6f64247 elementor-icon-list--layout-traditional elementor-list-item-link-full_width elementor-widget elementor-widget-icon-list\" data-id=\"6f64247\" data-element_type=\"widget\" data-widget_type=\"icon-list.default\">\n\t\t\t\t<div class=\"elementor-widget-container\">\n\t\t\t\t\t<ul class=\"elementor-icon-list-items\">\n\t\t\t\t\t\t\t<li class=\"elementor-icon-list-item\">\n\t\t\t\t\t\t\t\t\t\t\t<span class=\"elementor-icon-list-icon\">\n\t\t\t\t\t\t\t<svg aria-hidden=\"true\" class=\"e-font-icon-svg e-fas-check\" viewBox=\"0 0 512 512\" xmlns=\"http:\/\/www.w3.org\/2000\/svg\"><path d=\"M173.898 439.404l-166.4-166.4c-9.997-9.997-9.997-26.206 0-36.204l36.203-36.204c9.997-9.998 26.207-9.998 36.204 0L192 312.69 432.095 72.596c9.997-9.997 26.207-9.997 36.204 0l36.203 36.204c9.997 9.997 9.997 26.206 0 36.204l-294.4 294.401c-9.998 9.997-26.207 9.997-36.204-.001z\"><\/path><\/svg>\t\t\t\t\t\t<\/span>\n\t\t\t\t\t\t\t\t\t\t<span class=\"elementor-icon-list-text\"><b>8193\u20138197:<\/b> Eglisau, H\u00fcntwangen, Wasterkingen, Wil ZH, Rafz<\/span>\n\t\t\t\t\t\t\t\t\t<\/li>\n\t\t\t\t\t\t\t\t<li class=\"elementor-icon-list-item\">\n\t\t\t\t\t\t\t\t\t\t\t<span class=\"elementor-icon-list-icon\">\n\t\t\t\t\t\t\t<svg aria-hidden=\"true\" class=\"e-font-icon-svg e-fas-check\" viewBox=\"0 0 512 512\" xmlns=\"http:\/\/www.w3.org\/2000\/svg\"><path d=\"M173.898 439.404l-166.4-166.4c-9.997-9.997-9.997-26.206 0-36.204l36.203-36.204c9.997-9.998 26.207-9.998 36.204 0L192 312.69 432.095 72.596c9.997-9.997 26.207-9.997 36.204 0l36.203 36.204c9.997 9.997 9.997 26.206 0 36.204l-294.4 294.401c-9.998 9.997-26.207 9.997-36.204-.001z\"><\/path><\/svg>\t\t\t\t\t\t<\/span>\n\t\t\t\t\t\t\t\t\t\t<span class=\"elementor-icon-list-text\"><b>8245\u20138248:<\/b> Feuerthalen, Langwiesen, Flurlingen, Uhwiesen<\/span>\n\t\t\t\t\t\t\t\t\t<\/li>\n\t\t\t\t\t\t\t\t<li class=\"elementor-icon-list-item\">\n\t\t\t\t\t\t\t\t\t\t\t<span class=\"elementor-icon-list-icon\">\n\t\t\t\t\t\t\t<svg aria-hidden=\"true\" class=\"e-font-icon-svg e-fas-check\" viewBox=\"0 0 512 512\" xmlns=\"http:\/\/www.w3.org\/2000\/svg\"><path d=\"M173.898 439.404l-166.4-166.4c-9.997-9.997-9.997-26.206 0-36.204l36.203-36.204c9.997-9.998 26.207-9.998 36.204 0L192 312.69 432.095 72.596c9.997-9.997 26.207-9.997 36.204 0l36.203 36.204c9.997 9.997 9.997 26.206 0 36.204l-294.4 294.401c-9.998 9.997-26.207 9.997-36.204-.001z\"><\/path><\/svg>\t\t\t\t\t\t<\/span>\n\t\t\t\t\t\t\t\t\t\t<span class=\"elementor-icon-list-text\"><b>8414\u20138416:<\/b> Buch am Irchel, Berg am Irchel, Flaach\u00a0<\/span>\n\t\t\t\t\t\t\t\t\t<\/li>\n\t\t\t\t\t\t\t\t<li class=\"elementor-icon-list-item\">\n\t\t\t\t\t\t\t\t\t\t\t<span class=\"elementor-icon-list-icon\">\n\t\t\t\t\t\t\t<svg aria-hidden=\"true\" class=\"e-font-icon-svg e-fas-check\" viewBox=\"0 0 512 512\" xmlns=\"http:\/\/www.w3.org\/2000\/svg\"><path d=\"M173.898 439.404l-166.4-166.4c-9.997-9.997-9.997-26.206 0-36.204l36.203-36.204c9.997-9.998 26.207-9.998 36.204 0L192 312.69 432.095 72.596c9.997-9.997 26.207-9.997 36.204 0l36.203 36.204c9.997 9.997 9.997 26.206 0 36.204l-294.4 294.401c-9.998 9.997-26.207 9.997-36.204-.001z\"><\/path><\/svg>\t\t\t\t\t\t<\/span>\n\t\t\t\t\t\t\t\t\t\t<span class=\"elementor-icon-list-text\"><b>8442\u20138459:<\/b> Hettlingen, Henggart, Dachsen, Andelfingen, Kleinandelfingen, Adlikon bei Andelfingen, Humlikon, Dorf, Volken<\/span>\n\t\t\t\t\t\t\t\t\t<\/li>\n\t\t\t\t\t\t\t\t<li class=\"elementor-icon-list-item\">\n\t\t\t\t\t\t\t\t\t\t\t<span class=\"elementor-icon-list-icon\">\n\t\t\t\t\t\t\t<svg aria-hidden=\"true\" class=\"e-font-icon-svg e-fas-check\" viewBox=\"0 0 512 512\" xmlns=\"http:\/\/www.w3.org\/2000\/svg\"><path d=\"M173.898 439.404l-166.4-166.4c-9.997-9.997-9.997-26.206 0-36.204l36.203-36.204c9.997-9.998 26.207-9.998 36.204 0L192 312.69 432.095 72.596c9.997-9.997 26.207-9.997 36.204 0l36.203 36.204c9.997 9.997 9.997 26.206 0 36.204l-294.4 294.401c-9.998 9.997-26.207 9.997-36.204-.001z\"><\/path><\/svg>\t\t\t\t\t\t<\/span>\n\t\t\t\t\t\t\t\t\t\t<span class=\"elementor-icon-list-text\"><b>8460\u20138468:<\/b> Marthalen, Oerlingen, Rheinau, Benken ZH, Ellikon am Rhein, Rudolfingen, Wildensbuch, Tr\u00fcllikon, Truttikon, Waltalingen, Guntalingen\u00a0<\/span>\n\t\t\t\t\t\t\t\t\t<\/li>\n\t\t\t\t\t\t\t\t<li class=\"elementor-icon-list-item\">\n\t\t\t\t\t\t\t\t\t\t\t<span class=\"elementor-icon-list-icon\">\n\t\t\t\t\t\t\t<svg aria-hidden=\"true\" class=\"e-font-icon-svg e-fas-check\" viewBox=\"0 0 512 512\" xmlns=\"http:\/\/www.w3.org\/2000\/svg\"><path d=\"M173.898 439.404l-166.4-166.4c-9.997-9.997-9.997-26.206 0-36.204l36.203-36.204c9.997-9.998 26.207-9.998 36.204 0L192 312.69 432.095 72.596c9.997-9.997 26.207-9.997 36.204 0l36.203 36.204c9.997 9.997 9.997 26.206 0 36.204l-294.4 294.401c-9.998 9.997-26.207 9.997-36.204-.001z\"><\/path><\/svg>\t\t\t\t\t\t<\/span>\n\t\t\t\t\t\t\t\t\t\t<span class=\"elementor-icon-list-text\"><b>8471\u20138479:<\/b> Rutschwil, D\u00e4gerlen, Oberwil, Berg (D\u00e4gerlen), Seuzach, Dinhard, Ossingen, Unterstammheim, Oberstammheim, Thalheim an der Thur, Altikon\u00a0<\/span>\n\t\t\t\t\t\t\t\t\t<\/li>\n\t\t\t\t\t\t<\/ul>\n\t\t\t\t<\/div>\n\t\t\t\t<\/div>\n\t\t\t\t<\/div>\n\t\t<div class=\"elementor-element elementor-element-93e3be9 e-con-full e-flex e-con e-child\" data-id=\"93e3be9\" data-element_type=\"container\">\n\t\t\t\t<div class=\"elementor-element elementor-element-85a54b6 elementor-widget elementor-widget-text-editor\" data-id=\"85a54b6\" data-element_type=\"widget\" data-widget_type=\"text-editor.default\">\n\t\t\t\t<div class=\"elementor-widget-container\">\n\t\t\t\t\t\t\t<p data-pm-slice=\"1 1 []\"><strong>Kanton Schaffhausen (PLZ-Bereich: 8200\u20138263)<\/strong>\u00a0<\/p>\t\t\t\t\t\t<\/div>\n\t\t\t\t<\/div>\n\t\t\t\t<\/div>\n\t\t<div class=\"elementor-element elementor-element-95a21b5 e-con-full e-flex e-con e-child\" data-id=\"95a21b5\" data-element_type=\"container\">\n\t\t\t\t<div class=\"elementor-element elementor-element-7444607 elementor-icon-list--layout-traditional elementor-list-item-link-full_width elementor-widget elementor-widget-icon-list\" data-id=\"7444607\" data-element_type=\"widget\" data-widget_type=\"icon-list.default\">\n\t\t\t\t<div class=\"elementor-widget-container\">\n\t\t\t\t\t<ul class=\"elementor-icon-list-items\">\n\t\t\t\t\t\t\t<li class=\"elementor-icon-list-item\">\n\t\t\t\t\t\t\t\t\t\t\t<span class=\"elementor-icon-list-icon\">\n\t\t\t\t\t\t\t<svg aria-hidden=\"true\" class=\"e-font-icon-svg e-fas-check\" viewBox=\"0 0 512 512\" xmlns=\"http:\/\/www.w3.org\/2000\/svg\"><path d=\"M173.898 439.404l-166.4-166.4c-9.997-9.997-9.997-26.206 0-36.204l36.203-36.204c9.997-9.998 26.207-9.998 36.204 0L192 312.69 432.095 72.596c9.997-9.997 26.207-9.997 36.204 0l36.203 36.204c9.997 9.997 9.997 26.206 0 36.204l-294.4 294.401c-9.998 9.997-26.207 9.997-36.204-.001z\"><\/path><\/svg>\t\t\t\t\t\t<\/span>\n\t\t\t\t\t\t\t\t\t\t<span class=\"elementor-icon-list-text\"><b>8200\u20138208:<\/b> Schaffhausen, Nohl\u00a0<\/span>\n\t\t\t\t\t\t\t\t\t<\/li>\n\t\t\t\t\t\t\t\t<li class=\"elementor-icon-list-item\">\n\t\t\t\t\t\t\t\t\t\t\t<span class=\"elementor-icon-list-icon\">\n\t\t\t\t\t\t\t<svg aria-hidden=\"true\" class=\"e-font-icon-svg e-fas-check\" viewBox=\"0 0 512 512\" xmlns=\"http:\/\/www.w3.org\/2000\/svg\"><path d=\"M173.898 439.404l-166.4-166.4c-9.997-9.997-9.997-26.206 0-36.204l36.203-36.204c9.997-9.998 26.207-9.998 36.204 0L192 312.69 432.095 72.596c9.997-9.997 26.207-9.997 36.204 0l36.203 36.204c9.997 9.997 9.997 26.206 0 36.204l-294.4 294.401c-9.998 9.997-26.207 9.997-36.204-.001z\"><\/path><\/svg>\t\t\t\t\t\t<\/span>\n\t\t\t\t\t\t\t\t\t\t<span class=\"elementor-icon-list-text\"><b>8212\u20138219:<\/b> Neuhausen am Rheinfall, Neunkirch, G\u00e4chlingen, Hallau, Oberhallau, Wilchingen, Osterfingen, Trasadingen<\/span>\n\t\t\t\t\t\t\t\t\t<\/li>\n\t\t\t\t\t\t\t\t<li class=\"elementor-icon-list-item\">\n\t\t\t\t\t\t\t\t\t\t\t<span class=\"elementor-icon-list-icon\">\n\t\t\t\t\t\t\t<svg aria-hidden=\"true\" class=\"e-font-icon-svg e-fas-check\" viewBox=\"0 0 512 512\" xmlns=\"http:\/\/www.w3.org\/2000\/svg\"><path d=\"M173.898 439.404l-166.4-166.4c-9.997-9.997-9.997-26.206 0-36.204l36.203-36.204c9.997-9.998 26.207-9.998 36.204 0L192 312.69 432.095 72.596c9.997-9.997 26.207-9.997 36.204 0l36.203 36.204c9.997 9.997 9.997 26.206 0 36.204l-294.4 294.401c-9.998 9.997-26.207 9.997-36.204-.001z\"><\/path><\/svg>\t\t\t\t\t\t<\/span>\n\t\t\t\t\t\t\t\t\t\t<span class=\"elementor-icon-list-text\"><b>8222\u20138239:<\/b> Beringen, Guntmadingen, L\u00f6hningen, Siblingen, Schleitheim, Beggingen, Hemmental, Merishausen, Bargen SH, Stetten SH, Lohn SH, Opfertshofen SH, B\u00fcttenhardt, D\u00f6rflingen\u00a0<\/span>\n\t\t\t\t\t\t\t\t\t<\/li>\n\t\t\t\t\t\t\t\t<li class=\"elementor-icon-list-item\">\n\t\t\t\t\t\t\t\t\t\t\t<span class=\"elementor-icon-list-icon\">\n\t\t\t\t\t\t\t<svg aria-hidden=\"true\" class=\"e-font-icon-svg e-fas-check\" viewBox=\"0 0 512 512\" xmlns=\"http:\/\/www.w3.org\/2000\/svg\"><path d=\"M173.898 439.404l-166.4-166.4c-9.997-9.997-9.997-26.206 0-36.204l36.203-36.204c9.997-9.998 26.207-9.998 36.204 0L192 312.69 432.095 72.596c9.997-9.997 26.207-9.997 36.204 0l36.203 36.204c9.997 9.997 9.997 26.206 0 36.204l-294.4 294.401c-9.998 9.997-26.207 9.997-36.204-.001z\"><\/path><\/svg>\t\t\t\t\t\t<\/span>\n\t\t\t\t\t\t\t\t\t\t<span class=\"elementor-icon-list-text\"><b>8240\u20138263:<\/b> Thayngen, Barzheim, Hofen SH, Bibern SH, Altdorf SH, Stein am Rhein, Hemishofen, Ramsen, Buch SH\u00a0<\/span>\n\t\t\t\t\t\t\t\t\t<\/li>\n\t\t\t\t\t\t<\/ul>\n\t\t\t\t<\/div>\n\t\t\t\t<\/div>\n\t\t\t\t<\/div>\n\t\t<div class=\"elementor-element elementor-element-b96a6a3 e-con-full e-flex e-con e-child\" data-id=\"b96a6a3\" data-element_type=\"container\">\n\t\t\t\t<div class=\"elementor-element elementor-element-abc8a10 elementor-widget elementor-widget-text-editor\" data-id=\"abc8a10\" data-element_type=\"widget\" data-widget_type=\"text-editor.default\">\n\t\t\t\t<div class=\"elementor-widget-container\">\n\t\t\t\t\t\t\t<p data-pm-slice=\"1 1 []\"><strong>Kanton Thurgau (PLZ-Bereich: 8252\u20138537)<\/strong>\u00a0<\/p>\t\t\t\t\t\t<\/div>\n\t\t\t\t<\/div>\n\t\t\t\t<\/div>\n\t\t<div class=\"elementor-element elementor-element-241152a e-con-full e-flex e-con e-child\" data-id=\"241152a\" data-element_type=\"container\">\n\t\t\t\t<div class=\"elementor-element elementor-element-bb0866c elementor-icon-list--layout-traditional elementor-list-item-link-full_width elementor-widget elementor-widget-icon-list\" data-id=\"bb0866c\" data-element_type=\"widget\" data-widget_type=\"icon-list.default\">\n\t\t\t\t<div class=\"elementor-widget-container\">\n\t\t\t\t\t<ul class=\"elementor-icon-list-items\">\n\t\t\t\t\t\t\t<li class=\"elementor-icon-list-item\">\n\t\t\t\t\t\t\t\t\t\t\t<span class=\"elementor-icon-list-icon\">\n\t\t\t\t\t\t\t<svg aria-hidden=\"true\" class=\"e-font-icon-svg e-fas-check\" viewBox=\"0 0 512 512\" xmlns=\"http:\/\/www.w3.org\/2000\/svg\"><path d=\"M173.898 439.404l-166.4-166.4c-9.997-9.997-9.997-26.206 0-36.204l36.203-36.204c9.997-9.998 26.207-9.998 36.204 0L192 312.69 432.095 72.596c9.997-9.997 26.207-9.997 36.204 0l36.203 36.204c9.997 9.997 9.997 26.206 0 36.204l-294.4 294.401c-9.998 9.997-26.207 9.997-36.204-.001z\"><\/path><\/svg>\t\t\t\t\t\t<\/span>\n\t\t\t\t\t\t\t\t\t\t<span class=\"elementor-icon-list-text\"><b>8252\u20138259:<\/b> Schlatt TG, Diessenhofen, Willisdorf, Basadingen, Schlattingen, Kaltenbach, Etzwilen, Wagenhausen, Rheinklingen<\/span>\n\t\t\t\t\t\t\t\t\t<\/li>\n\t\t\t\t\t\t\t\t<li class=\"elementor-icon-list-item\">\n\t\t\t\t\t\t\t\t\t\t\t<span class=\"elementor-icon-list-icon\">\n\t\t\t\t\t\t\t<svg aria-hidden=\"true\" class=\"e-font-icon-svg e-fas-check\" viewBox=\"0 0 512 512\" xmlns=\"http:\/\/www.w3.org\/2000\/svg\"><path d=\"M173.898 439.404l-166.4-166.4c-9.997-9.997-9.997-26.206 0-36.204l36.203-36.204c9.997-9.998 26.207-9.998 36.204 0L192 312.69 432.095 72.596c9.997-9.997 26.207-9.997 36.204 0l36.203 36.204c9.997 9.997 9.997 26.206 0 36.204l-294.4 294.401c-9.998 9.997-26.207 9.997-36.204-.001z\"><\/path><\/svg>\t\t\t\t\t\t<\/span>\n\t\t\t\t\t\t\t\t\t\t<span class=\"elementor-icon-list-text\"><b>8264\u20138537:<\/b> Eschenz, Buch b. Frauenfeld, Uesslingen, Niederneunforn, Oberneunforn, Weiningen TG, Herdern, H\u00fcttwilen, Nussbaumen TG<\/span>\n\t\t\t\t\t\t\t\t\t<\/li>\n\t\t\t\t\t\t<\/ul>\n\t\t\t\t<\/div>\n\t\t\t\t<\/div>\n\t\t\t\t<\/div>\n\t\t<div class=\"elementor-element elementor-element-d8ff024 e-con-full e-flex e-con e-child\" data-id=\"d8ff024\" data-element_type=\"container\">\n\t\t\t\t<div class=\"elementor-element elementor-element-ae26654 elementor-widget elementor-widget-text-editor\" data-id=\"ae26654\" data-element_type=\"widget\" data-widget_type=\"text-editor.default\">\n\t\t\t\t<div class=\"elementor-widget-container\">\n\t\t\t\t\t\t\t<p data-pm-slice=\"1 1 []\"><strong>Baden-W\u00fcrttemberg, Deutschland (PLZ-Bereich: 78224\u201379879)<\/strong>\u00a0<\/p>\t\t\t\t\t\t<\/div>\n\t\t\t\t<\/div>\n\t\t\t\t<\/div>\n\t\t<div class=\"elementor-element elementor-element-0486105 e-con-full e-flex e-con e-child\" data-id=\"0486105\" data-element_type=\"container\">\n\t\t\t\t<div class=\"elementor-element elementor-element-94be073 elementor-icon-list--layout-traditional elementor-list-item-link-full_width elementor-widget elementor-widget-icon-list\" data-id=\"94be073\" data-element_type=\"widget\" data-widget_type=\"icon-list.default\">\n\t\t\t\t<div class=\"elementor-widget-container\">\n\t\t\t\t\t<ul class=\"elementor-icon-list-items\">\n\t\t\t\t\t\t\t<li class=\"elementor-icon-list-item\">\n\t\t\t\t\t\t\t\t\t\t\t<span class=\"elementor-icon-list-icon\">\n\t\t\t\t\t\t\t<svg aria-hidden=\"true\" class=\"e-font-icon-svg e-fas-check\" viewBox=\"0 0 512 512\" xmlns=\"http:\/\/www.w3.org\/2000\/svg\"><path d=\"M173.898 439.404l-166.4-166.4c-9.997-9.997-9.997-26.206 0-36.204l36.203-36.204c9.997-9.998 26.207-9.998 36.204 0L192 312.69 432.095 72.596c9.997-9.997 26.207-9.997 36.204 0l36.203 36.204c9.997 9.997 9.997 26.206 0 36.204l-294.4 294.401c-9.998 9.997-26.207 9.997-36.204-.001z\"><\/path><\/svg>\t\t\t\t\t\t<\/span>\n\t\t\t\t\t\t\t\t\t\t<span class=\"elementor-icon-list-text\"><b>78224\u201378247:<\/b> Singen\/Hohentwiel, Rielasingen-Worblingen, Gottmadingen, Hilzingen<\/span>\n\t\t\t\t\t\t\t\t\t<\/li>\n\t\t\t\t\t\t\t\t<li class=\"elementor-icon-list-item\">\n\t\t\t\t\t\t\t\t\t\t\t<span class=\"elementor-icon-list-icon\">\n\t\t\t\t\t\t\t<svg aria-hidden=\"true\" class=\"e-font-icon-svg e-fas-check\" viewBox=\"0 0 512 512\" xmlns=\"http:\/\/www.w3.org\/2000\/svg\"><path d=\"M173.898 439.404l-166.4-166.4c-9.997-9.997-9.997-26.206 0-36.204l36.203-36.204c9.997-9.998 26.207-9.998 36.204 0L192 312.69 432.095 72.596c9.997-9.997 26.207-9.997 36.204 0l36.203 36.204c9.997 9.997 9.997 26.206 0 36.204l-294.4 294.401c-9.998 9.997-26.207 9.997-36.204-.001z\"><\/path><\/svg>\t\t\t\t\t\t<\/span>\n\t\t\t\t\t\t\t\t\t\t<span class=\"elementor-icon-list-text\"><b>79713\u201379798:<\/b> Bad S\u00e4ckingen, Jestetten, Lauchringen, Wut\u00f6schingen, K\u00fcssaberg, Hohentengen am Hochrhein<\/span>\n\t\t\t\t\t\t\t\t\t<\/li>\n\t\t\t\t\t\t\t\t<li class=\"elementor-icon-list-item\">\n\t\t\t\t\t\t\t\t\t\t\t<span class=\"elementor-icon-list-icon\">\n\t\t\t\t\t\t\t<svg aria-hidden=\"true\" class=\"e-font-icon-svg e-fas-check\" viewBox=\"0 0 512 512\" xmlns=\"http:\/\/www.w3.org\/2000\/svg\"><path d=\"M173.898 439.404l-166.4-166.4c-9.997-9.997-9.997-26.206 0-36.204l36.203-36.204c9.997-9.998 26.207-9.998 36.204 0L192 312.69 432.095 72.596c9.997-9.997 26.207-9.997 36.204 0l36.203 36.204c9.997 9.997 9.997 26.206 0 36.204l-294.4 294.401c-9.998 9.997-26.207 9.997-36.204-.001z\"><\/path><\/svg>\t\t\t\t\t\t<\/span>\n\t\t\t\t\t\t\t\t\t\t<span class=\"elementor-icon-list-text\"><b>79801\u201379879:<\/b> Dettighofen, Klettgau, Eggingen, Wutach, Lottstetten, St\u00fchlingen\u00a0<\/span>\n\t\t\t\t\t\t\t\t\t<\/li>\n\t\t\t\t\t\t\t\t<li class=\"elementor-icon-list-item\">\n\t\t\t\t\t\t\t\t\t\t\t<span class=\"elementor-icon-list-icon\">\n\t\t\t\t\t\t\t<svg aria-hidden=\"true\" class=\"e-font-icon-svg e-fas-check\" viewBox=\"0 0 512 512\" xmlns=\"http:\/\/www.w3.org\/2000\/svg\"><path d=\"M173.898 439.404l-166.4-166.4c-9.997-9.997-9.997-26.206 0-36.204l36.203-36.204c9.997-9.998 26.207-9.998 36.204 0L192 312.69 432.095 72.596c9.997-9.997 26.207-9.997 36.204 0l36.203 36.204c9.997 9.997 9.997 26.206 0 36.204l-294.4 294.401c-9.998 9.997-26.207 9.997-36.204-.001z\"><\/path><\/svg>\t\t\t\t\t\t<\/span>\n\t\t\t\t\t\t\t\t\t\t<span class=\"elementor-icon-list-text\"><b>78166\u201378199:<\/b> Donaueschingen, H\u00fcfingen, Blumberg\/Baden, Br\u00e4unlingen\u00a0<\/span>\n\t\t\t\t\t\t\t\t\t<\/li>\n\t\t\t\t\t\t<\/ul>\n\t\t\t\t<\/div>\n\t\t\t\t<\/div>\n\t\t\t\t<\/div>\n\t\t\t\t<\/div>\n\t\t<div class=\"elementor-element elementor-element-26b2237 e-con-full elementor-hidden-tablet elementor-hidden-mobile e-flex e-con e-child\" data-id=\"26b2237\" data-element_type=\"container\" data-settings=\"{&quot;background_background&quot;:&quot;classic&quot;,&quot;sticky&quot;:&quot;top&quot;,&quot;sticky_offset&quot;:119,&quot;sticky_on&quot;:[&quot;desktop&quot;],&quot;sticky_parent&quot;:&quot;yes&quot;,&quot;sticky_effects_offset&quot;:0}\">\n\t\t\t\t<div class=\"elementor-element elementor-element-ea7a7a9 elementor-widget elementor-widget-heading\" data-id=\"ea7a7a9\" data-element_type=\"widget\" data-widget_type=\"heading.default\">\n\t\t\t\t<div class=\"elementor-widget-container\">\n\t\t\t<h2 class=\"elementor-heading-title elementor-size-default\">Ansprechpartner<\/h2>\t\t<\/div>\n\t\t\t\t<\/div>\n\t\t\t\t<div class=\"elementor-element elementor-element-55515d3 elementor-widget elementor-widget-image\" data-id=\"55515d3\" data-element_type=\"widget\" data-widget_type=\"image.default\">\n\t\t\t\t<div class=\"elementor-widget-container\">\n\t\t\t\t\t\t\t\t\t\t\t\t\t<img fetchpriority=\"high\" decoding=\"async\" width=\"2560\" height=\"2560\" src=\"https:\/\/www.huebscher.net\/media\/Matthias-Kaiser-schwarz-scaled-1.jpg\" class=\"attachment-full size-full wp-image-13852\" alt=\"\" srcset=\"https:\/\/www.huebscher.net\/media\/Matthias-Kaiser-schwarz-scaled-1.jpg 2560w, https:\/\/www.huebscher.net\/media\/Matthias-Kaiser-schwarz-scaled-1-720x720.jpg 720w, https:\/\/www.huebscher.net\/media\/Matthias-Kaiser-schwarz-scaled-1-1080x1080.jpg 1080w, https:\/\/www.huebscher.net\/media\/Matthias-Kaiser-schwarz-scaled-1-150x150.jpg 150w, https:\/\/www.huebscher.net\/media\/Matthias-Kaiser-schwarz-scaled-1-768x768.jpg 768w, https:\/\/www.huebscher.net\/media\/Matthias-Kaiser-schwarz-scaled-1-1536x1536.jpg 1536w, https:\/\/www.huebscher.net\/media\/Matthias-Kaiser-schwarz-scaled-1-2048x2048.jpg 2048w, https:\/\/www.huebscher.net\/media\/Matthias-Kaiser-schwarz-scaled-1-100x100.jpg 100w, https:\/\/www.huebscher.net\/media\/Matthias-Kaiser-schwarz-scaled-1-350x350.jpg 350w, https:\/\/www.huebscher.net\/media\/elementor\/thumbs\/Matthias-Kaiser-schwarz-scaled-1-r24jfjbak1grl5qvxh7q7lolxobh17qwaki7ffbuik.jpg 326w, https:\/\/www.huebscher.net\/media\/elementor\/thumbs\/Matthias-Kaiser-schwarz-scaled-1-r24jfjbcock5shjl0dx5vz9rc8uiavc8xhosxgreyw.jpg 500w\" sizes=\"(max-width: 2560px) 100vw, 2560px\" \/>\t\t\t\t\t\t\t\t\t\t\t\t\t<\/div>\n\t\t\t\t<\/div>\n\t\t\t\t<div class=\"elementor-element elementor-element-a4aeb03 elementor-widget elementor-widget-text-editor\" data-id=\"a4aeb03\" data-element_type=\"widget\" data-widget_type=\"text-editor.default\">\n\t\t\t\t<div class=\"elementor-widget-container\">\n\t\t\t\t\t\t\t<p class=\"cvGsUA direction-ltr align-start para-style-body\"><strong><span class=\"OYPEnA font-feature-liga-off font-feature-clig-off font-feature-calt-off text-decoration-none text-strikethrough-none\">Matthias Kaiser<br \/><\/span><\/strong>Koordination Service-Team<\/p>\t\t\t\t\t\t<\/div>\n\t\t\t\t<\/div>\n\t\t\t\t<div class=\"elementor-element elementor-element-0eae9df elementor-icon-list--layout-traditional elementor-list-item-link-full_width elementor-widget elementor-widget-icon-list\" data-id=\"0eae9df\" data-element_type=\"widget\" data-widget_type=\"icon-list.default\">\n\t\t\t\t<div class=\"elementor-widget-container\">\n\t\t\t\t\t<ul class=\"elementor-icon-list-items\">\n\t\t\t\t\t\t\t<li class=\"elementor-icon-list-item\">\n\t\t\t\t\t\t\t\t\t\t\t<a href=\"mailto:matthias.kaiser@huebscher.swiss\">\n\n\t\t\t\t\t\t\t\t\t\t\t\t<span class=\"elementor-icon-list-icon\">\n\t\t\t\t\t\t\t<svg aria-hidden=\"true\" class=\"e-font-icon-svg e-fas-envelope\" viewBox=\"0 0 512 512\" xmlns=\"http:\/\/www.w3.org\/2000\/svg\"><path d=\"M502.3 190.8c3.9-3.1 9.7-.2 9.7 4.7V400c0 26.5-21.5 48-48 48H48c-26.5 0-48-21.5-48-48V195.6c0-5 5.7-7.8 9.7-4.7 22.4 17.4 52.1 39.5 154.1 113.6 21.1 15.4 56.7 47.8 92.2 47.6 35.7.3 72-32.8 92.3-47.6 102-74.1 131.6-96.3 154-113.7zM256 320c23.2.4 56.6-29.2 73.4-41.4 132.7-96.3 142.8-104.7 173.4-128.7 5.8-4.5 9.2-11.5 9.2-18.9v-19c0-26.5-21.5-48-48-48H48C21.5 64 0 85.5 0 112v19c0 7.4 3.4 14.3 9.2 18.9 30.6 23.9 40.7 32.4 173.4 128.7 16.8 12.2 50.2 41.8 73.4 41.4z\"><\/path><\/svg>\t\t\t\t\t\t<\/span>\n\t\t\t\t\t\t\t\t\t\t<span class=\"elementor-icon-list-text\">matthias.kaiser@huebscher.swiss<\/span>\n\t\t\t\t\t\t\t\t\t\t\t<\/a>\n\t\t\t\t\t\t\t\t\t<\/li>\n\t\t\t\t\t\t\t\t<li class=\"elementor-icon-list-item\">\n\t\t\t\t\t\t\t\t\t\t\t<a href=\"tel:+41525512414\">\n\n\t\t\t\t\t\t\t\t\t\t\t\t<span class=\"elementor-icon-list-icon\">\n\t\t\t\t\t\t\t<svg aria-hidden=\"true\" class=\"e-font-icon-svg e-fas-phone-alt\" viewBox=\"0 0 512 512\" xmlns=\"http:\/\/www.w3.org\/2000\/svg\"><path d=\"M497.39 361.8l-112-48a24 24 0 0 0-28 6.9l-49.6 60.6A370.66 370.66 0 0 1 130.6 204.11l60.6-49.6a23.94 23.94 0 0 0 6.9-28l-48-112A24.16 24.16 0 0 0 122.6.61l-104 24A24 24 0 0 0 0 48c0 256.5 207.9 464 464 464a24 24 0 0 0 23.4-18.6l24-104a24.29 24.29 0 0 0-14.01-27.6z\"><\/path><\/svg>\t\t\t\t\t\t<\/span>\n\t\t\t\t\t\t\t\t\t\t<span class=\"elementor-icon-list-text\">+41 (0) 52 551 24 14<\/span>\n\t\t\t\t\t\t\t\t\t\t\t<\/a>\n\t\t\t\t\t\t\t\t\t<\/li>\n\t\t\t\t\t\t<\/ul>\n\t\t\t\t<\/div>\n\t\t\t\t<\/div>\n\t\t\t\t<\/div>\n\t\t\t\t\t<\/div>\n\t\t\t\t<\/div>\n\t\t<div class=\"elementor-element elementor-element-12752c70 elementor-hidden-desktop elementor-hidden-tablet elementor-hidden-mobile e-flex e-con-boxed e-con e-parent\" data-id=\"12752c70\" data-element_type=\"container\">\n\t\t\t\t\t<div class=\"e-con-inner\">\n\t\t\t\t<div class=\"elementor-element elementor-element-1c7a3387 elementor-widget elementor-widget-counter\" data-id=\"1c7a3387\" data-element_type=\"widget\" data-widget_type=\"counter.default\">\n\t\t\t\t<div class=\"elementor-widget-container\">\n\t\t\t\t\t<div class=\"elementor-counter\">\n\t\t\t<div class=\"elementor-counter-title\">Jahre Tradition<\/div>\t\t\t<div class=\"elementor-counter-number-wrapper\">\n\t\t\t\t<span class=\"elementor-counter-number-prefix\"><\/span>\n\t\t\t\t<span class=\"elementor-counter-number\" data-duration=\"2000\" data-to-value=\"74\" data-from-value=\"0\" data-delimiter=\",\">0<\/span>\n\t\t\t\t<span class=\"elementor-counter-number-suffix\"><\/span>\n\t\t\t<\/div>\n\t\t<\/div>\n\t\t\t\t<\/div>\n\t\t\t\t<\/div>\n\t\t\t\t<div class=\"elementor-element elementor-element-2c723f1 elementor-widget elementor-widget-counter\" data-id=\"2c723f1\" data-element_type=\"widget\" data-widget_type=\"counter.default\">\n\t\t\t\t<div class=\"elementor-widget-container\">\n\t\t\t\t\t<div class=\"elementor-counter\">\n\t\t\t<div class=\"elementor-counter-title\">zufriedene Kunden j\u00e4hrlich<\/div>\t\t\t<div class=\"elementor-counter-number-wrapper\">\n\t\t\t\t<span class=\"elementor-counter-number-prefix\">+<\/span>\n\t\t\t\t<span class=\"elementor-counter-number\" data-duration=\"2000\" data-to-value=\"500\" data-from-value=\"0\" data-delimiter=\",\">0<\/span>\n\t\t\t\t<span class=\"elementor-counter-number-suffix\"><\/span>\n\t\t\t<\/div>\n\t\t<\/div>\n\t\t\t\t<\/div>\n\t\t\t\t<\/div>\n\t\t\t\t<div class=\"elementor-element elementor-element-714f6ba0 elementor-widget elementor-widget-counter\" data-id=\"714f6ba0\" data-element_type=\"widget\" data-widget_type=\"counter.default\">\n\t\t\t\t<div class=\"elementor-widget-container\">\n\t\t\t\t\t<div class=\"elementor-counter\">\n\t\t\t<div class=\"elementor-counter-title\">gl\u00fcckliche Mitarbeiter<\/div>\t\t\t<div class=\"elementor-counter-number-wrapper\">\n\t\t\t\t<span class=\"elementor-counter-number-prefix\">+<\/span>\n\t\t\t\t<span class=\"elementor-counter-number\" data-duration=\"2000\" data-to-value=\"70\" data-from-value=\"0\" data-delimiter=\",\">0<\/span>\n\t\t\t\t<span class=\"elementor-counter-number-suffix\"><\/span>\n\t\t\t<\/div>\n\t\t<\/div>\n\t\t\t\t<\/div>\n\t\t\t\t<\/div>\n\t\t\t\t<div class=\"elementor-element elementor-element-3e675e83 elementor-widget elementor-widget-counter\" data-id=\"3e675e83\" data-element_type=\"widget\" data-widget_type=\"counter.default\">\n\t\t\t\t<div class=\"elementor-widget-container\">\n\t\t\t\t\t<div class=\"elementor-counter\">\n\t\t\t<div class=\"elementor-counter-title\">Personenjahre Erfahrung<\/div>\t\t\t<div class=\"elementor-counter-number-wrapper\">\n\t\t\t\t<span class=\"elementor-counter-number-prefix\">+<\/span>\n\t\t\t\t<span class=\"elementor-counter-number\" data-duration=\"2000\" data-to-value=\"550\" data-from-value=\"0\" data-delimiter=\",\">0<\/span>\n\t\t\t\t<span class=\"elementor-counter-number-suffix\"><\/span>\n\t\t\t<\/div>\n\t\t<\/div>\n\t\t\t\t<\/div>\n\t\t\t\t<\/div>\n\t\t\t\t\t<\/div>\n\t\t\t\t<\/div>\n\t\t<div class=\"elementor-element elementor-element-06035d7 e-flex e-con-boxed e-con e-parent\" data-id=\"06035d7\" data-element_type=\"container\">\n\t\t\t\t\t<div class=\"e-con-inner\">\n\t\t\t\t<div class=\"elementor-element elementor-element-e772832 elementor-widget elementor-widget-shortcode\" data-id=\"e772832\" data-element_type=\"widget\" data-widget_type=\"shortcode.default\">\n\t\t\t\t<div class=\"elementor-widget-container\">\n\t\t\t\t\t<div class=\"elementor-shortcode\">\t\t<div data-elementor-type=\"container\" data-elementor-id=\"13768\" class=\"elementor elementor-13768\" data-elementor-post-type=\"elementor_library\">\n\t\t\t\t<div class=\"elementor-element elementor-element-5e2f6df7 e-flex e-con-boxed e-con e-parent\" data-id=\"5e2f6df7\" data-element_type=\"container\">\n\t\t\t\t\t<div class=\"e-con-inner\">\n\t\t\t\t<div class=\"elementor-element elementor-element-45cf0610 elementor-widget elementor-widget-counter\" data-id=\"45cf0610\" data-element_type=\"widget\" data-widget_type=\"counter.default\">\n\t\t\t\t<div class=\"elementor-widget-container\">\n\t\t\t\t\t<div class=\"elementor-counter\">\n\t\t\t<div class=\"elementor-counter-title\">Jahre Tradition<\/div>\t\t\t<div class=\"elementor-counter-number-wrapper\">\n\t\t\t\t<span class=\"elementor-counter-number-prefix\"><\/span>\n\t\t\t\t<span class=\"elementor-counter-number\" data-duration=\"2000\" data-to-value=\"75\" data-from-value=\"0\" data-delimiter=\",\">0<\/span>\n\t\t\t\t<span class=\"elementor-counter-number-suffix\"><\/span>\n\t\t\t<\/div>\n\t\t<\/div>\n\t\t\t\t<\/div>\n\t\t\t\t<\/div>\n\t\t\t\t<div class=\"elementor-element elementor-element-7d19e2d1 elementor-widget elementor-widget-counter\" data-id=\"7d19e2d1\" data-element_type=\"widget\" data-widget_type=\"counter.default\">\n\t\t\t\t<div class=\"elementor-widget-container\">\n\t\t\t\t\t<div class=\"elementor-counter\">\n\t\t\t<div class=\"elementor-counter-title\">zufriedene Kunden j\u00e4hrlich<\/div>\t\t\t<div class=\"elementor-counter-number-wrapper\">\n\t\t\t\t<span class=\"elementor-counter-number-prefix\">+<\/span>\n\t\t\t\t<span class=\"elementor-counter-number\" data-duration=\"2000\" data-to-value=\"500\" data-from-value=\"0\" data-delimiter=\",\">0<\/span>\n\t\t\t\t<span class=\"elementor-counter-number-suffix\"><\/span>\n\t\t\t<\/div>\n\t\t<\/div>\n\t\t\t\t<\/div>\n\t\t\t\t<\/div>\n\t\t\t\t<div class=\"elementor-element elementor-element-6aab5262 elementor-widget elementor-widget-counter\" data-id=\"6aab5262\" data-element_type=\"widget\" data-widget_type=\"counter.default\">\n\t\t\t\t<div class=\"elementor-widget-container\">\n\t\t\t\t\t<div class=\"elementor-counter\">\n\t\t\t<div class=\"elementor-counter-title\">gl\u00fcckliche Mitarbeiter<\/div>\t\t\t<div class=\"elementor-counter-number-wrapper\">\n\t\t\t\t<span class=\"elementor-counter-number-prefix\">+<\/span>\n\t\t\t\t<span class=\"elementor-counter-number\" data-duration=\"2000\" data-to-value=\"75\" data-from-value=\"0\" data-delimiter=\",\">0<\/span>\n\t\t\t\t<span class=\"elementor-counter-number-suffix\"><\/span>\n\t\t\t<\/div>\n\t\t<\/div>\n\t\t\t\t<\/div>\n\t\t\t\t<\/div>\n\t\t\t\t<div class=\"elementor-element elementor-element-733bcde5 elementor-widget elementor-widget-counter\" data-id=\"733bcde5\" data-element_type=\"widget\" data-widget_type=\"counter.default\">\n\t\t\t\t<div class=\"elementor-widget-container\">\n\t\t\t\t\t<div class=\"elementor-counter\">\n\t\t\t<div class=\"elementor-counter-title\">Personenjahre Erfahrung<\/div>\t\t\t<div class=\"elementor-counter-number-wrapper\">\n\t\t\t\t<span class=\"elementor-counter-number-prefix\">+<\/span>\n\t\t\t\t<span class=\"elementor-counter-number\" data-duration=\"2000\" data-to-value=\"550\" data-from-value=\"0\" data-delimiter=\",\">0<\/span>\n\t\t\t\t<span class=\"elementor-counter-number-suffix\"><\/span>\n\t\t\t<\/div>\n\t\t<\/div>\n\t\t\t\t<\/div>\n\t\t\t\t<\/div>\n\t\t\t\t\t<\/div>\n\t\t\t\t<\/div>\n\t\t\t\t<\/div>\n\t\t<\/div>\n\t\t\t\t<\/div>\n\t\t\t\t<\/div>\n\t\t\t\t\t<\/div>\n\t\t\t\t<\/div>\n\t\t\t\t<\/div>\n\t\t","protected":false},"excerpt":{"rendered":"<p>Dachfenster-Service von H\u00dcBSCHER HOLZBAU Dachfenster sind nicht nur funktionale Elemente Ihres Hauses, sondern auch entscheidend f\u00fcr die Optik und Ihr Wohlbefinden. Dachfenster-Reparaturen Behebung von Defekten an Fenstern, Rolll\u00e4den und Jalousien mehr dazu Wartung und Pflege Verl\u00e4ngerung der Lebensdauer Ihres Dachfensters durch unsere professionelle Wartung mehr dazu Sonnenschutz und Hitzeschutz Reparatur oder Austausch von Rollos, Plissees&hellip;<\/p>\n","protected":false},"author":6,"featured_media":0,"parent":0,"menu_order":0,"comment_status":"closed","ping_status":"closed","template":"elementor_header_footer","meta":{"_acf_changed":false,"_monsterinsights_skip_tracking":false,"_monsterinsights_sitenote_active":false,"_monsterinsights_sitenote_note":"","_monsterinsights_sitenote_category":0,"_genesis_hide_title":false,"_genesis_hide_breadcrumbs":false,"_genesis_hide_singular_image":false,"_genesis_hide_footer_widgets":false,"_genesis_custom_body_class":"","_genesis_custom_post_class":"","_genesis_layout":"","footnotes":""},"class_list":{"0":"post-16940","1":"page","2":"type-page","3":"status-publish","5":"entry","6":"has-post-thumbnail"},"acf":[],"yoast_head":"<!-- This site is optimized with the Yoast SEO Premium plugin v25.2 (Yoast SEO v25.2) - https:\/\/yoast.com\/wordpress\/plugins\/seo\/ -->\n<title>Dachfenster-Service - H\u00dcBSCHER HOLZBAU<\/title>\n<meta name=\"description\" content=\"Dachfenster sind nicht nur funktionale Elemente Ihres Hauses, sondern auch entscheidend f\u00fcr die Optik und Ihr Wohlbefinden.\" \/>\n<meta name=\"robots\" content=\"index, follow, max-snippet:-1, max-image-preview:large, max-video-preview:-1\" \/>\n<link rel=\"canonical\" href=\"https:\/\/www.huebscher.net\/de\/dachfenster-service\/\" \/>\n<meta property=\"og:locale\" content=\"de_DE\" \/>\n<meta property=\"og:type\" content=\"article\" \/>\n<meta property=\"og:title\" content=\"Dachfenster-Service\" \/>\n<meta property=\"og:description\" content=\"Dachfenster sind nicht nur funktionale Elemente Ihres Hauses, sondern auch entscheidend f\u00fcr die Optik und Ihr Wohlbefinden.\" \/>\n<meta property=\"og:url\" content=\"https:\/\/www.huebscher.net\/de\/dachfenster-service\/\" \/>\n<meta property=\"og:site_name\" content=\"H\u00dcBSCHER HOLZBAU\" \/>\n<meta property=\"article:publisher\" content=\"http:\/\/facebook.com\/huebscher.holzbau\" \/>\n<meta property=\"article:modified_time\" content=\"2026-04-22T07:22:08+00:00\" \/>\n<meta property=\"og:image\" content=\"https:\/\/www.huebscher.net\/media\/Matthias-Kaiser-schwarz-scaled-1.jpg\" \/>\n\t<meta property=\"og:image:width\" content=\"2560\" \/>\n\t<meta property=\"og:image:height\" content=\"2560\" \/>\n\t<meta property=\"og:image:type\" content=\"image\/jpeg\" \/>\n<meta name=\"twitter:card\" content=\"summary_large_image\" \/>\n<meta name=\"twitter:label1\" content=\"Gesch\u00e4tzte Lesezeit\" \/>\n\t<meta name=\"twitter:data1\" content=\"5\u00a0Minuten\" \/>\n<script type=\"application\/ld+json\" class=\"yoast-schema-graph\">{\"@context\":\"https:\/\/schema.org\",\"@graph\":[{\"@type\":\"WebPage\",\"@id\":\"https:\/\/www.huebscher.net\/de\/dachfenster-service\/\",\"url\":\"https:\/\/www.huebscher.net\/de\/dachfenster-service\/\",\"name\":\"Dachfenster-Service - H\u00dcBSCHER HOLZBAU\",\"isPartOf\":{\"@id\":\"https:\/\/www.huebscher.net\/ch\/#website\"},\"primaryImageOfPage\":{\"@id\":\"https:\/\/www.huebscher.net\/de\/dachfenster-service\/#primaryimage\"},\"image\":{\"@id\":\"https:\/\/www.huebscher.net\/de\/dachfenster-service\/#primaryimage\"},\"thumbnailUrl\":\"https:\/\/www.huebscher.net\/media\/Matthias-Kaiser-schwarz-scaled-1.jpg\",\"datePublished\":\"2025-02-11T09:05:46+00:00\",\"dateModified\":\"2026-04-22T07:22:08+00:00\",\"description\":\"Dachfenster sind nicht nur funktionale Elemente Ihres Hauses, sondern auch entscheidend f\u00fcr die Optik und Ihr Wohlbefinden.\",\"breadcrumb\":{\"@id\":\"https:\/\/www.huebscher.net\/de\/dachfenster-service\/#breadcrumb\"},\"inLanguage\":\"de\",\"potentialAction\":[{\"@type\":\"ReadAction\",\"target\":[\"https:\/\/www.huebscher.net\/de\/dachfenster-service\/\"]}]},{\"@type\":\"ImageObject\",\"inLanguage\":\"de\",\"@id\":\"https:\/\/www.huebscher.net\/de\/dachfenster-service\/#primaryimage\",\"url\":\"https:\/\/www.huebscher.net\/media\/Matthias-Kaiser-schwarz-scaled-1.jpg\",\"contentUrl\":\"https:\/\/www.huebscher.net\/media\/Matthias-Kaiser-schwarz-scaled-1.jpg\"},{\"@type\":\"BreadcrumbList\",\"@id\":\"https:\/\/www.huebscher.net\/de\/dachfenster-service\/#breadcrumb\",\"itemListElement\":[{\"@type\":\"ListItem\",\"position\":1,\"name\":\"Home\",\"item\":\"https:\/\/www.huebscher.net\/de\/\"},{\"@type\":\"ListItem\",\"position\":2,\"name\":\"Dachfenster-Service\"}]},{\"@type\":\"WebSite\",\"@id\":\"https:\/\/www.huebscher.net\/ch\/#website\",\"url\":\"https:\/\/www.huebscher.net\/ch\/\",\"name\":\"H\u00fcbscher Holzbau\",\"description\":\"H\u00fcbscher Holzbau AG\",\"publisher\":{\"@id\":\"https:\/\/www.huebscher.net\/ch\/#organization\"},\"alternateName\":\"H\u00fcbscher Holzbau\",\"potentialAction\":[{\"@type\":\"SearchAction\",\"target\":{\"@type\":\"EntryPoint\",\"urlTemplate\":\"https:\/\/www.huebscher.net\/ch\/?s={search_term_string}\"},\"query-input\":{\"@type\":\"PropertyValueSpecification\",\"valueRequired\":true,\"valueName\":\"search_term_string\"}}],\"inLanguage\":\"de\"},{\"@type\":\"Organization\",\"@id\":\"https:\/\/www.huebscher.net\/ch\/#organization\",\"name\":\"H\u00fcbscher Holzbau\",\"alternateName\":\"H\u00fcbscher Holzbau\",\"url\":\"https:\/\/www.huebscher.net\/ch\/\",\"logo\":{\"@type\":\"ImageObject\",\"inLanguage\":\"de\",\"@id\":\"https:\/\/www.huebscher.net\/ch\/#\/schema\/logo\/image\/\",\"url\":\"https:\/\/www.huebscher.net\/media\/huebscher_logo_def.png\",\"contentUrl\":\"https:\/\/www.huebscher.net\/media\/huebscher_logo_def.png\",\"width\":220,\"height\":110,\"caption\":\"H\u00fcbscher Holzbau\"},\"image\":{\"@id\":\"https:\/\/www.huebscher.net\/ch\/#\/schema\/logo\/image\/\"},\"sameAs\":[\"http:\/\/facebook.com\/huebscher.holzbau\",\"https:\/\/pt.linkedin.com\/organization-guest\/company\/huebscher-holzbau\",\"https:\/\/www.instagram.com\/huebscherholzbau\/\"]}]}<\/script>\n<!-- \/ Yoast SEO Premium plugin. -->","yoast_head_json":{"title":"Dachfenster-Service - H\u00dcBSCHER HOLZBAU","description":"Dachfenster sind nicht nur funktionale Elemente Ihres Hauses, sondern auch entscheidend f\u00fcr die Optik und Ihr Wohlbefinden.","robots":{"index":"index","follow":"follow","max-snippet":"max-snippet:-1","max-image-preview":"max-image-preview:large","max-video-preview":"max-video-preview:-1"},"canonical":"https:\/\/www.huebscher.net\/de\/dachfenster-service\/","og_locale":"de_DE","og_type":"article","og_title":"Dachfenster-Service","og_description":"Dachfenster sind nicht nur funktionale Elemente Ihres Hauses, sondern auch entscheidend f\u00fcr die Optik und Ihr Wohlbefinden.","og_url":"https:\/\/www.huebscher.net\/de\/dachfenster-service\/","og_site_name":"H\u00dcBSCHER HOLZBAU","article_publisher":"http:\/\/facebook.com\/huebscher.holzbau","article_modified_time":"2026-04-22T07:22:08+00:00","og_image":[{"width":2560,"height":2560,"url":"https:\/\/www.huebscher.net\/media\/Matthias-Kaiser-schwarz-scaled-1.jpg","type":"image\/jpeg"}],"twitter_card":"summary_large_image","twitter_misc":{"Gesch\u00e4tzte Lesezeit":"5\u00a0Minuten"},"schema":{"@context":"https:\/\/schema.org","@graph":[{"@type":"WebPage","@id":"https:\/\/www.huebscher.net\/de\/dachfenster-service\/","url":"https:\/\/www.huebscher.net\/de\/dachfenster-service\/","name":"Dachfenster-Service - H\u00dcBSCHER HOLZBAU","isPartOf":{"@id":"https:\/\/www.huebscher.net\/ch\/#website"},"primaryImageOfPage":{"@id":"https:\/\/www.huebscher.net\/de\/dachfenster-service\/#primaryimage"},"image":{"@id":"https:\/\/www.huebscher.net\/de\/dachfenster-service\/#primaryimage"},"thumbnailUrl":"https:\/\/www.huebscher.net\/media\/Matthias-Kaiser-schwarz-scaled-1.jpg","datePublished":"2025-02-11T09:05:46+00:00","dateModified":"2026-04-22T07:22:08+00:00","description":"Dachfenster sind nicht nur funktionale Elemente Ihres Hauses, sondern auch entscheidend f\u00fcr die Optik und Ihr Wohlbefinden.","breadcrumb":{"@id":"https:\/\/www.huebscher.net\/de\/dachfenster-service\/#breadcrumb"},"inLanguage":"de","potentialAction":[{"@type":"ReadAction","target":["https:\/\/www.huebscher.net\/de\/dachfenster-service\/"]}]},{"@type":"ImageObject","inLanguage":"de","@id":"https:\/\/www.huebscher.net\/de\/dachfenster-service\/#primaryimage","url":"https:\/\/www.huebscher.net\/media\/Matthias-Kaiser-schwarz-scaled-1.jpg","contentUrl":"https:\/\/www.huebscher.net\/media\/Matthias-Kaiser-schwarz-scaled-1.jpg"},{"@type":"BreadcrumbList","@id":"https:\/\/www.huebscher.net\/de\/dachfenster-service\/#breadcrumb","itemListElement":[{"@type":"ListItem","position":1,"name":"Home","item":"https:\/\/www.huebscher.net\/de\/"},{"@type":"ListItem","position":2,"name":"Dachfenster-Service"}]},{"@type":"WebSite","@id":"https:\/\/www.huebscher.net\/ch\/#website","url":"https:\/\/www.huebscher.net\/ch\/","name":"H\u00fcbscher Holzbau","description":"H\u00fcbscher Holzbau AG","publisher":{"@id":"https:\/\/www.huebscher.net\/ch\/#organization"},"alternateName":"H\u00fcbscher Holzbau","potentialAction":[{"@type":"SearchAction","target":{"@type":"EntryPoint","urlTemplate":"https:\/\/www.huebscher.net\/ch\/?s={search_term_string}"},"query-input":{"@type":"PropertyValueSpecification","valueRequired":true,"valueName":"search_term_string"}}],"inLanguage":"de"},{"@type":"Organization","@id":"https:\/\/www.huebscher.net\/ch\/#organization","name":"H\u00fcbscher Holzbau","alternateName":"H\u00fcbscher Holzbau","url":"https:\/\/www.huebscher.net\/ch\/","logo":{"@type":"ImageObject","inLanguage":"de","@id":"https:\/\/www.huebscher.net\/ch\/#\/schema\/logo\/image\/","url":"https:\/\/www.huebscher.net\/media\/huebscher_logo_def.png","contentUrl":"https:\/\/www.huebscher.net\/media\/huebscher_logo_def.png","width":220,"height":110,"caption":"H\u00fcbscher Holzbau"},"image":{"@id":"https:\/\/www.huebscher.net\/ch\/#\/schema\/logo\/image\/"},"sameAs":["http:\/\/facebook.com\/huebscher.holzbau","https:\/\/pt.linkedin.com\/organization-guest\/company\/huebscher-holzbau","https:\/\/www.instagram.com\/huebscherholzbau\/"]}]}},"_links":{"self":[{"href":"https:\/\/www.huebscher.net\/de\/wp-json\/wp\/v2\/pages\/16940"}],"collection":[{"href":"https:\/\/www.huebscher.net\/de\/wp-json\/wp\/v2\/pages"}],"about":[{"href":"https:\/\/www.huebscher.net\/de\/wp-json\/wp\/v2\/types\/page"}],"author":[{"embeddable":true,"href":"https:\/\/www.huebscher.net\/de\/wp-json\/wp\/v2\/users\/6"}],"replies":[{"embeddable":true,"href":"https:\/\/www.huebscher.net\/de\/wp-json\/wp\/v2\/comments?post=16940"}],"version-history":[{"count":55,"href":"https:\/\/www.huebscher.net\/de\/wp-json\/wp\/v2\/pages\/16940\/revisions"}],"predecessor-version":[{"id":22340,"href":"https:\/\/www.huebscher.net\/de\/wp-json\/wp\/v2\/pages\/16940\/revisions\/22340"}],"wp:attachment":[{"href":"https:\/\/www.huebscher.net\/de\/wp-json\/wp\/v2\/media?parent=16940"}],"curies":[{"name":"wp","href":"https:\/\/api.w.org\/{rel}","templated":true}]}}