{"id":10783,"date":"2023-03-10T10:29:09","date_gmt":"2023-03-10T09:29:09","guid":{"rendered":"https:\/\/staging.huebscher.net\/badmoebel\/"},"modified":"2025-05-21T08:54:49","modified_gmt":"2025-05-21T06:54:49","slug":"badmoebel","status":"publish","type":"page","link":"https:\/\/www.huebscher.net\/de\/innenausbau\/badmoebel\/","title":{"rendered":"Badm\u00f6bel"},"content":{"rendered":"\n<div class=\"wp-block-columns has-2-columns sf-col-full is-layout-flex wp-container-core-columns-is-layout-2 wp-block-columns-is-layout-flex\">\n<div class=\"wp-block-column sf-col-7 is-layout-flow wp-block-column-is-layout-flow\">\n<p class=\"sf_content_spec\">Mit einem Badm\u00f6bel von H\u00dcBSCHER wird Ihr Bad zum Wellnessbereich. Ein individuelles Badm\u00f6bel sorgt f\u00fcr maximale Entspannung von K\u00f6rper, Seele und Geist.<\/p>\n\n\n\n<div style=\"height:20px\" aria-hidden=\"true\" class=\"wp-block-spacer\"><\/div>\n\n\n\n<figure class=\"wp-block-image size-full\"><img fetchpriority=\"high\" decoding=\"async\" width=\"1500\" height=\"940\" src=\"https:\/\/huebscher.net\/media\/innenausbau_40.jpg\" alt=\"innenausbau\" class=\"wp-image-8325\" srcset=\"https:\/\/www.huebscher.net\/media\/innenausbau_40.jpg 1500w, https:\/\/www.huebscher.net\/media\/innenausbau_40-1149x720.jpg 1149w, https:\/\/www.huebscher.net\/media\/innenausbau_40-768x481.jpg 768w, https:\/\/www.huebscher.net\/media\/innenausbau_40-1000x627.jpg 1000w, https:\/\/www.huebscher.net\/media\/innenausbau_40-350x219.jpg 350w\" sizes=\"(max-width: 1500px) 100vw, 1500px\" \/><\/figure>\n\n\n\n<div class=\"wp-block-columns is-layout-flex wp-container-core-columns-is-layout-1 wp-block-columns-is-layout-flex\">\n<div class=\"wp-block-column is-layout-flow wp-block-column-is-layout-flow\">\n<h2 class=\"wp-block-heading\" id=\"h-grosse-ideenvielfahlt\">Grosse Ideenvielfahlt<\/h2>\n\n\n\n<p>Sie erhalten ein grosses Spektrum an Materialien, Farben und Oberfl\u00e4chen <\/p>\n\n\n\n<div style=\"height:20px\" aria-hidden=\"true\" class=\"wp-block-spacer\"><\/div>\n\n\n\n<h2 class=\"wp-block-heading\" id=\"h-rasche-lieferung-bei-badsanierungen\">Rasche Lieferung bei Badsanierungen<\/h2>\n\n\n\n<p>Durch unsere kurzen Wege profitieren Sie bei Badumbauten von Lieferzeiten ab Ausmass von unter 5 Tagen.<\/p>\n\n\n\n<div style=\"height:40px\" aria-hidden=\"true\" class=\"wp-block-spacer\"><\/div>\n\n\n\n<figure class=\"wp-block-image size-full\"><img decoding=\"async\" width=\"1500\" height=\"940\" src=\"https:\/\/huebscher.net\/media\/innenausbau_02.jpg\" alt=\"innenausbau h\u00fcbscher\" class=\"wp-image-7714\" srcset=\"https:\/\/www.huebscher.net\/media\/innenausbau_02.jpg 1500w, https:\/\/www.huebscher.net\/media\/innenausbau_02-1149x720.jpg 1149w, https:\/\/www.huebscher.net\/media\/innenausbau_02-768x481.jpg 768w, https:\/\/www.huebscher.net\/media\/innenausbau_02-1000x627.jpg 1000w, https:\/\/www.huebscher.net\/media\/innenausbau_02-350x219.jpg 350w\" sizes=\"(max-width: 1500px) 100vw, 1500px\" \/><\/figure>\n\n\n\n<h2 class=\"wp-block-heading\" id=\"h-massivholz\">Massivholz<\/h2>\n\n\n\n<p>Wenn immer m\u00f6glich, setzten wir auf Massivholz.<\/p>\n\n\n\n<div style=\"height:40px\" aria-hidden=\"true\" class=\"wp-block-spacer\"><\/div>\n\n\n\n<figure class=\"wp-block-image size-full\"><img decoding=\"async\" width=\"1500\" height=\"940\" src=\"https:\/\/huebscher.net\/media\/innenausbau_29.jpg\" alt=\"innenausbau h\u00fcbscher\" class=\"wp-image-7758\" srcset=\"https:\/\/www.huebscher.net\/media\/innenausbau_29.jpg 1500w, https:\/\/www.huebscher.net\/media\/innenausbau_29-1149x720.jpg 1149w, https:\/\/www.huebscher.net\/media\/innenausbau_29-768x481.jpg 768w, https:\/\/www.huebscher.net\/media\/innenausbau_29-1000x627.jpg 1000w, https:\/\/www.huebscher.net\/media\/innenausbau_29-350x219.jpg 350w\" sizes=\"(max-width: 1500px) 100vw, 1500px\" \/><\/figure>\n\n\n\n<h2 class=\"wp-block-heading\" id=\"h-ist-ein-individuelles-badmobel-teurer-als-von-der-stange\">Ist ein Individuelles Badm\u00f6bel teurer als von der Stange?<\/h2>\n\n\n\n<p>Ein individuelles Badm\u00f6bel bewegt sich preislich im Rahmen der Standartm\u00f6bel der Sanit\u00e4rgrossh\u00e4ndler. Sie erhalten bei uns Individualit\u00e4t zum Preis der Stangenware.<\/p>\n<\/div>\n<\/div>\n\n\n\n<div style=\"height:20px\" aria-hidden=\"true\" class=\"wp-block-spacer\"><\/div>\n\n\n\n<div style=\"height:40px\" aria-hidden=\"true\" class=\"wp-block-spacer\"><\/div>\n<\/div>\n\n\n\n<div class=\"wp-block-column sf-col-3 is-layout-flow wp-block-column-is-layout-flow\">\n<h2 class=\"wp-block-heading\" id=\"h-ansprechpartner\">Ansprechpartner<\/h2>\n\n\n\n<figure class=\"wp-block-image size-full sf_img_ansprech\"><img loading=\"lazy\" decoding=\"async\" width=\"480\" height=\"721\" src=\"https:\/\/huebscher.net\/media\/Andres_Bruderer.jpg\" alt=\"H\u00fcbscher Holzbau Ansprechpartner Andres Bruderer\" class=\"wp-image-1864\" srcset=\"https:\/\/www.huebscher.net\/media\/Andres_Bruderer.jpg 480w, https:\/\/www.huebscher.net\/media\/Andres_Bruderer-479x720.jpg 479w, https:\/\/www.huebscher.net\/media\/Andres_Bruderer-350x526.jpg 350w\" sizes=\"(max-width: 480px) 100vw, 480px\" \/><figcaption class=\"wp-element-caption\">Andres Bruderer<\/figcaption><\/figure>\n\n\n\n<h4>ANDRES BRUDERER<\/h4>\n<p>Leiter Innenausbau<\/p>\n<table>\n<tbody>\n<tr>\n<td><a class=\"email font-awesome\" href=\"mailto:andres.bruderer@huebscher-holzbau.ch\"><i class=\"fa-envelope\"><\/i> Mail<\/a><\/td>\n<\/tr>\n<tr>\n<td><a class=\"font-awesome\" href=\"tel:+41526874000\"><i class=\"fa-phone\"><\/i> +41 (0) 52 687 40 00<\/a><\/td>\n<\/tr>\n<\/tbody>\n<\/table>\n\n\n\n<div style=\"height:40px\" aria-hidden=\"true\" class=\"wp-block-spacer\"><\/div>\n\n\n\n<h2 class=\"wp-block-heading\" id=\"h-referenzprojekte\">Referenzprojekte<\/h2>\n\n\n\t\t<div data-elementor-type=\"section\" data-elementor-id=\"12516\" class=\"elementor elementor-12516\" data-elementor-post-type=\"elementor_library\">\n\t\t\t<div class=\"elementor-element elementor-element-c5740f3 e-flex e-con-boxed e-con e-parent\" data-id=\"c5740f3\" data-element_type=\"container\">\n\t\t\t\t\t<div class=\"e-con-inner\">\n\t\t\t\t<div class=\"elementor-element elementor-element-8752fc7 huebscher-referenzen-sidebar elementor-widget elementor-widget-ucaddon_ue_listing_slider\" data-id=\"8752fc7\" data-element_type=\"widget\" data-widget_type=\"ucaddon_ue_listing_slider.default\">\n\t\t\t\t<div class=\"elementor-widget-container\">\n\t\t\t\n<!-- start Loop Slider -->\n\t\t<link id='owl-carousel-css' href='https:\/\/www.huebscher.net\/wp-content\/plugins\/unlimited-elements-for-elementor-premium\/assets_libraries\/owl-carousel-new\/assets\/owl.carousel.css' type='text\/css' rel='stylesheet' >\n\t\t<link id='uc_ac_assets_file_animate_css_77907-css' href='https:\/\/www.huebscher.net\/media\/ac_assets\/uc_fixed_box_postslider\/animate.css' type='text\/css' rel='stylesheet' >\n\n<style>\/* widget: Loop Slider *\/\n\n#uc_ue_listing_slider_elementor_8752fc7{\n  min-height:1px;\n}\n\n#uc_ue_listing_slider_elementor_8752fc7 *{\n\tbox-sizing: border-box;\n}\n\n#uc_ue_listing_slider_elementor_8752fc7 .owl-nav .owl-prev{\n    position:absolute;\n    left:0px;\n    display:inline-block;\n    text-align:center;\n    transition:1s;\n}\n#uc_ue_listing_slider_elementor_8752fc7 .owl-nav .owl-next{\n  position:absolute;\n    right:0px;\n  display:inline-block;\n  text-align:center;\n  transition:1s;\n}\n\n\n#uc_ue_listing_slider_elementor_8752fc7 .owl-dots {\noverflow:hidden;\ndisplay:false !important;\ntext-align:center;\n}\n\n#uc_ue_listing_slider_elementor_8752fc7 .owl-dot {\ndisplay:inline-block;\ntransition: all .3s;  \n}\n\n#uc_ue_listing_slider_elementor_8752fc7 .ue-listing-slider\n{\n  overflow:hidden;\n}\n\n<\/style>\n\n<div class=\"ue-listing-slider uc-dynamic-popup-grid\"  style=\"direction:ltr;\">\n        <div class=\"uc_fbps_container\">\n            <div  class=\"owl-carousel uc-items-wrapper  \" id=\"uc_ue_listing_slider_elementor_8752fc7\"  data-custom-sethtml=\"true\" >\n              \n              \n              \n            <\/div>\n        <\/div>\n    <\/div>\n<!-- end Loop Slider -->\t\t<\/div>\n\t\t\t\t<\/div>\n\t\t\t\t\t<\/div>\n\t\t\t\t<\/div>\n\t\t\t\t<\/div>\n\t\t\n\n\n\n<div class=\"wp-block-buttons is-layout-flex wp-block-buttons-is-layout-flex\">\n<div class=\"wp-block-button sf-button\"><a class=\"wp-block-button__link has-background wp-element-button\" href=\"https:\/\/www.huebscher.net\/ch\/referenzen-huebscher\/?fwp_innenausbau=badmobel\" style=\"background-color:#afc635\">Weitere Referenzen<\/a><\/div>\n<\/div>\n\n\n\n<div style=\"height:40px\" aria-hidden=\"true\" class=\"wp-block-spacer\"><\/div>\n\n\n\n<figure class=\"wp-block-image size-large\"><img loading=\"lazy\" decoding=\"async\" width=\"1620\" height=\"1080\" src=\"https:\/\/huebscher.net\/media\/IMG_4722_cc-1620x1080.jpg\" alt=\"H\u00dcBSCHER Brosch\u00fcre\" class=\"wp-image-4853\" srcset=\"https:\/\/www.huebscher.net\/media\/IMG_4722_cc-1620x1080.jpg 1620w, https:\/\/www.huebscher.net\/media\/IMG_4722_cc-1080x720.jpg 1080w, https:\/\/www.huebscher.net\/media\/IMG_4722_cc-768x512.jpg 768w, https:\/\/www.huebscher.net\/media\/IMG_4722_cc-150x100.jpg 150w, https:\/\/www.huebscher.net\/media\/IMG_4722_cc-350x233.jpg 350w, https:\/\/www.huebscher.net\/media\/IMG_4722_cc.jpg 1920w\" sizes=\"(max-width: 1620px) 100vw, 1620px\" \/><\/figure>\n\n\n\n<p>Wollen Sie mehr \u00fcber uns erfahren?<\/p>\n\n\n\n<div class=\"wp-block-button alignleft sf-button\"><a class=\"wp-block-button__link has-background wp-element-button\" href=\"https:\/\/www.huebscher.net\/de\/broschure\/\" style=\"background-color:#afc635\">Brosch\u00fcre bestellen<\/a><\/div>\n<\/div>\n<\/div>\n","protected":false},"excerpt":{"rendered":"<p>Mit einem Badm\u00f6bel von H\u00dcBSCHER wird Ihr Bad zum Wellnessbereich. Ein individuelles Badm\u00f6bel sorgt f\u00fcr maximale Entspannung von K\u00f6rper, Seele und Geist. Grosse Ideenvielfahlt Sie erhalten ein grosses Spektrum an Materialien, Farben und Oberfl\u00e4chen Rasche Lieferung bei Badsanierungen Durch unsere kurzen Wege profitieren Sie bei Badumbauten von Lieferzeiten ab Ausmass von unter 5 Tagen. Massivholz&hellip;<\/p>\n","protected":false},"author":2,"featured_media":0,"parent":10786,"menu_order":0,"comment_status":"closed","ping_status":"closed","template":"","meta":{"_acf_changed":false,"_monsterinsights_skip_tracking":false,"_monsterinsights_sitenote_active":false,"_monsterinsights_sitenote_note":"","_monsterinsights_sitenote_category":0,"_genesis_hide_title":false,"_genesis_hide_breadcrumbs":false,"_genesis_hide_singular_image":false,"_genesis_hide_footer_widgets":false,"_genesis_custom_body_class":"sf_body_class","_genesis_custom_post_class":"","_genesis_layout":"full-width-content","footnotes":""},"class_list":{"0":"post-10783","1":"page","2":"type-page","3":"status-publish","5":"entry","6":"has-post-thumbnail"},"acf":[],"yoast_head":"<!-- This site is optimized with the Yoast SEO Premium plugin v25.2 (Yoast SEO v25.2) - https:\/\/yoast.com\/wordpress\/plugins\/seo\/ -->\n<title>Badm\u00f6bel - H\u00dcBSCHER HOLZBAU<\/title>\n<meta name=\"description\" content=\"Mit einem Badm\u00f6bel von H\u00dcBSCHER wird Ihr Bad zum Wellnessbereich. Ein individuelles Badm\u00f6bel sorgt f\u00fcr maximale Entspannung.\" \/>\n<meta name=\"robots\" content=\"index, follow, max-snippet:-1, max-image-preview:large, max-video-preview:-1\" \/>\n<link rel=\"canonical\" href=\"https:\/\/www.huebscher.net\/de\/innenausbau\/badmoebel\/\" \/>\n<meta property=\"og:locale\" content=\"de_DE\" \/>\n<meta property=\"og:type\" content=\"article\" \/>\n<meta property=\"og:title\" content=\"Badm\u00f6bel\" \/>\n<meta property=\"og:description\" content=\"Mit einem Badm\u00f6bel von H\u00dcBSCHER wird Ihr Bad zum Wellnessbereich. Ein individuelles Badm\u00f6bel sorgt f\u00fcr maximale Entspannung.\" \/>\n<meta property=\"og:url\" content=\"https:\/\/www.huebscher.net\/de\/innenausbau\/badmoebel\/\" \/>\n<meta property=\"og:site_name\" content=\"H\u00dcBSCHER HOLZBAU\" \/>\n<meta property=\"article:publisher\" content=\"http:\/\/facebook.com\/huebscher.holzbau\" \/>\n<meta property=\"article:modified_time\" content=\"2025-05-21T06:54:49+00:00\" \/>\n<meta property=\"og:image\" content=\"https:\/\/www.huebscher.net\/media\/innenausbau_40.jpg\" \/>\n\t<meta property=\"og:image:width\" content=\"1500\" \/>\n\t<meta property=\"og:image:height\" content=\"940\" \/>\n\t<meta property=\"og:image:type\" content=\"image\/jpeg\" \/>\n<meta name=\"twitter:card\" content=\"summary_large_image\" \/>\n<meta name=\"twitter:label1\" content=\"Gesch\u00e4tzte Lesezeit\" \/>\n\t<meta name=\"twitter:data1\" content=\"3\u00a0Minuten\" \/>\n<script type=\"application\/ld+json\" class=\"yoast-schema-graph\">{\"@context\":\"https:\/\/schema.org\",\"@graph\":[{\"@type\":\"WebPage\",\"@id\":\"https:\/\/www.huebscher.net\/de\/innenausbau\/badmoebel\/\",\"url\":\"https:\/\/www.huebscher.net\/de\/innenausbau\/badmoebel\/\",\"name\":\"Badm\u00f6bel - H\u00dcBSCHER HOLZBAU\",\"isPartOf\":{\"@id\":\"https:\/\/www.huebscher.net\/ch\/#website\"},\"primaryImageOfPage\":{\"@id\":\"https:\/\/www.huebscher.net\/de\/innenausbau\/badmoebel\/#primaryimage\"},\"image\":{\"@id\":\"https:\/\/www.huebscher.net\/de\/innenausbau\/badmoebel\/#primaryimage\"},\"thumbnailUrl\":\"https:\/\/huebscher.net\/media\/innenausbau_40.jpg\",\"datePublished\":\"2023-03-10T09:29:09+00:00\",\"dateModified\":\"2025-05-21T06:54:49+00:00\",\"description\":\"Mit einem Badm\u00f6bel von H\u00dcBSCHER wird Ihr Bad zum Wellnessbereich. Ein individuelles Badm\u00f6bel sorgt f\u00fcr maximale Entspannung.\",\"breadcrumb\":{\"@id\":\"https:\/\/www.huebscher.net\/de\/innenausbau\/badmoebel\/#breadcrumb\"},\"inLanguage\":\"de\",\"potentialAction\":[{\"@type\":\"ReadAction\",\"target\":[\"https:\/\/www.huebscher.net\/de\/innenausbau\/badmoebel\/\"]}]},{\"@type\":\"ImageObject\",\"inLanguage\":\"de\",\"@id\":\"https:\/\/www.huebscher.net\/de\/innenausbau\/badmoebel\/#primaryimage\",\"url\":\"https:\/\/huebscher.net\/media\/innenausbau_40.jpg\",\"contentUrl\":\"https:\/\/huebscher.net\/media\/innenausbau_40.jpg\"},{\"@type\":\"BreadcrumbList\",\"@id\":\"https:\/\/www.huebscher.net\/de\/innenausbau\/badmoebel\/#breadcrumb\",\"itemListElement\":[{\"@type\":\"ListItem\",\"position\":1,\"name\":\"Home\",\"item\":\"https:\/\/www.huebscher.net\/de\/\"},{\"@type\":\"ListItem\",\"position\":2,\"name\":\"INNENAUSBAU\",\"item\":\"https:\/\/www.huebscher.net\/de\/innenausbau\/\"},{\"@type\":\"ListItem\",\"position\":3,\"name\":\"Badm\u00f6bel\"}]},{\"@type\":\"WebSite\",\"@id\":\"https:\/\/www.huebscher.net\/ch\/#website\",\"url\":\"https:\/\/www.huebscher.net\/ch\/\",\"name\":\"H\u00fcbscher Holzbau\",\"description\":\"H\u00fcbscher Holzbau AG\",\"publisher\":{\"@id\":\"https:\/\/www.huebscher.net\/ch\/#organization\"},\"alternateName\":\"H\u00fcbscher Holzbau\",\"potentialAction\":[{\"@type\":\"SearchAction\",\"target\":{\"@type\":\"EntryPoint\",\"urlTemplate\":\"https:\/\/www.huebscher.net\/ch\/?s={search_term_string}\"},\"query-input\":{\"@type\":\"PropertyValueSpecification\",\"valueRequired\":true,\"valueName\":\"search_term_string\"}}],\"inLanguage\":\"de\"},{\"@type\":\"Organization\",\"@id\":\"https:\/\/www.huebscher.net\/ch\/#organization\",\"name\":\"H\u00fcbscher Holzbau\",\"alternateName\":\"H\u00fcbscher Holzbau\",\"url\":\"https:\/\/www.huebscher.net\/ch\/\",\"logo\":{\"@type\":\"ImageObject\",\"inLanguage\":\"de\",\"@id\":\"https:\/\/www.huebscher.net\/ch\/#\/schema\/logo\/image\/\",\"url\":\"https:\/\/www.huebscher.net\/media\/huebscher_logo_def.png\",\"contentUrl\":\"https:\/\/www.huebscher.net\/media\/huebscher_logo_def.png\",\"width\":220,\"height\":110,\"caption\":\"H\u00fcbscher Holzbau\"},\"image\":{\"@id\":\"https:\/\/www.huebscher.net\/ch\/#\/schema\/logo\/image\/\"},\"sameAs\":[\"http:\/\/facebook.com\/huebscher.holzbau\",\"https:\/\/pt.linkedin.com\/organization-guest\/company\/huebscher-holzbau\",\"https:\/\/www.instagram.com\/huebscherholzbau\/\"]}]}<\/script>\n<!-- \/ Yoast SEO Premium plugin. -->","yoast_head_json":{"title":"Badm\u00f6bel - H\u00dcBSCHER HOLZBAU","description":"Mit einem Badm\u00f6bel von H\u00dcBSCHER wird Ihr Bad zum Wellnessbereich. Ein individuelles Badm\u00f6bel sorgt f\u00fcr maximale Entspannung.","robots":{"index":"index","follow":"follow","max-snippet":"max-snippet:-1","max-image-preview":"max-image-preview:large","max-video-preview":"max-video-preview:-1"},"canonical":"https:\/\/www.huebscher.net\/de\/innenausbau\/badmoebel\/","og_locale":"de_DE","og_type":"article","og_title":"Badm\u00f6bel","og_description":"Mit einem Badm\u00f6bel von H\u00dcBSCHER wird Ihr Bad zum Wellnessbereich. Ein individuelles Badm\u00f6bel sorgt f\u00fcr maximale Entspannung.","og_url":"https:\/\/www.huebscher.net\/de\/innenausbau\/badmoebel\/","og_site_name":"H\u00dcBSCHER HOLZBAU","article_publisher":"http:\/\/facebook.com\/huebscher.holzbau","article_modified_time":"2025-05-21T06:54:49+00:00","og_image":[{"width":1500,"height":940,"url":"https:\/\/www.huebscher.net\/media\/innenausbau_40.jpg","type":"image\/jpeg"}],"twitter_card":"summary_large_image","twitter_misc":{"Gesch\u00e4tzte Lesezeit":"3\u00a0Minuten"},"schema":{"@context":"https:\/\/schema.org","@graph":[{"@type":"WebPage","@id":"https:\/\/www.huebscher.net\/de\/innenausbau\/badmoebel\/","url":"https:\/\/www.huebscher.net\/de\/innenausbau\/badmoebel\/","name":"Badm\u00f6bel - H\u00dcBSCHER HOLZBAU","isPartOf":{"@id":"https:\/\/www.huebscher.net\/ch\/#website"},"primaryImageOfPage":{"@id":"https:\/\/www.huebscher.net\/de\/innenausbau\/badmoebel\/#primaryimage"},"image":{"@id":"https:\/\/www.huebscher.net\/de\/innenausbau\/badmoebel\/#primaryimage"},"thumbnailUrl":"https:\/\/huebscher.net\/media\/innenausbau_40.jpg","datePublished":"2023-03-10T09:29:09+00:00","dateModified":"2025-05-21T06:54:49+00:00","description":"Mit einem Badm\u00f6bel von H\u00dcBSCHER wird Ihr Bad zum Wellnessbereich. Ein individuelles Badm\u00f6bel sorgt f\u00fcr maximale Entspannung.","breadcrumb":{"@id":"https:\/\/www.huebscher.net\/de\/innenausbau\/badmoebel\/#breadcrumb"},"inLanguage":"de","potentialAction":[{"@type":"ReadAction","target":["https:\/\/www.huebscher.net\/de\/innenausbau\/badmoebel\/"]}]},{"@type":"ImageObject","inLanguage":"de","@id":"https:\/\/www.huebscher.net\/de\/innenausbau\/badmoebel\/#primaryimage","url":"https:\/\/huebscher.net\/media\/innenausbau_40.jpg","contentUrl":"https:\/\/huebscher.net\/media\/innenausbau_40.jpg"},{"@type":"BreadcrumbList","@id":"https:\/\/www.huebscher.net\/de\/innenausbau\/badmoebel\/#breadcrumb","itemListElement":[{"@type":"ListItem","position":1,"name":"Home","item":"https:\/\/www.huebscher.net\/de\/"},{"@type":"ListItem","position":2,"name":"INNENAUSBAU","item":"https:\/\/www.huebscher.net\/de\/innenausbau\/"},{"@type":"ListItem","position":3,"name":"Badm\u00f6bel"}]},{"@type":"WebSite","@id":"https:\/\/www.huebscher.net\/ch\/#website","url":"https:\/\/www.huebscher.net\/ch\/","name":"H\u00fcbscher Holzbau","description":"H\u00fcbscher Holzbau AG","publisher":{"@id":"https:\/\/www.huebscher.net\/ch\/#organization"},"alternateName":"H\u00fcbscher Holzbau","potentialAction":[{"@type":"SearchAction","target":{"@type":"EntryPoint","urlTemplate":"https:\/\/www.huebscher.net\/ch\/?s={search_term_string}"},"query-input":{"@type":"PropertyValueSpecification","valueRequired":true,"valueName":"search_term_string"}}],"inLanguage":"de"},{"@type":"Organization","@id":"https:\/\/www.huebscher.net\/ch\/#organization","name":"H\u00fcbscher Holzbau","alternateName":"H\u00fcbscher Holzbau","url":"https:\/\/www.huebscher.net\/ch\/","logo":{"@type":"ImageObject","inLanguage":"de","@id":"https:\/\/www.huebscher.net\/ch\/#\/schema\/logo\/image\/","url":"https:\/\/www.huebscher.net\/media\/huebscher_logo_def.png","contentUrl":"https:\/\/www.huebscher.net\/media\/huebscher_logo_def.png","width":220,"height":110,"caption":"H\u00fcbscher Holzbau"},"image":{"@id":"https:\/\/www.huebscher.net\/ch\/#\/schema\/logo\/image\/"},"sameAs":["http:\/\/facebook.com\/huebscher.holzbau","https:\/\/pt.linkedin.com\/organization-guest\/company\/huebscher-holzbau","https:\/\/www.instagram.com\/huebscherholzbau\/"]}]}},"_links":{"self":[{"href":"https:\/\/www.huebscher.net\/de\/wp-json\/wp\/v2\/pages\/10783"}],"collection":[{"href":"https:\/\/www.huebscher.net\/de\/wp-json\/wp\/v2\/pages"}],"about":[{"href":"https:\/\/www.huebscher.net\/de\/wp-json\/wp\/v2\/types\/page"}],"author":[{"embeddable":true,"href":"https:\/\/www.huebscher.net\/de\/wp-json\/wp\/v2\/users\/2"}],"replies":[{"embeddable":true,"href":"https:\/\/www.huebscher.net\/de\/wp-json\/wp\/v2\/comments?post=10783"}],"version-history":[{"count":6,"href":"https:\/\/www.huebscher.net\/de\/wp-json\/wp\/v2\/pages\/10783\/revisions"}],"predecessor-version":[{"id":16153,"href":"https:\/\/www.huebscher.net\/de\/wp-json\/wp\/v2\/pages\/10783\/revisions\/16153"}],"up":[{"embeddable":true,"href":"https:\/\/www.huebscher.net\/de\/wp-json\/wp\/v2\/pages\/10786"}],"wp:attachment":[{"href":"https:\/\/www.huebscher.net\/de\/wp-json\/wp\/v2\/media?parent=10783"}],"curies":[{"name":"wp","href":"https:\/\/api.w.org\/{rel}","templated":true}]}}