{"id":6232,"date":"2021-08-04T08:16:02","date_gmt":"2021-08-04T06:16:02","guid":{"rendered":"https:\/\/huebscher-holzbau.ch\/?post_type=referenz&#038;p=6232"},"modified":"2025-08-16T20:38:30","modified_gmt":"2025-08-16T18:38:30","slug":"efh-herblingen","status":"publish","type":"referenz","link":"https:\/\/www.huebscher.net\/ch\/referenz\/efh-herblingen\/","title":{"rendered":"EFH Herblingen"},"content":{"rendered":"\n<p>Architektonisches Highlight \u2013 Zweipersonenhaus in Holzbauweise<\/p>\n\n\n<table width=\"656\">\n<tbody>\n<tr>\n<th style=\"text-align: left;\">Erstellt:<\/th>\n<td style=\"text-align: left;\">2021<\/td>\n<\/tr>\n<tr>\n<th style=\"text-align: left;\">Ort:<\/th>\n<td>8207 Schaffhausen Herblingen<\/td>\n<\/tr>\n<tr>\n<th style=\"text-align: left;\">Bauherr:<\/th>\n<td>Privat<\/td>\n<\/tr>\n<tr>\n<th style=\"text-align: left;\">Architekt:<\/th>\n<td>ARCHITEKTURFOKUS Mario Togni \/ Privat<\/td>\n<\/tr>\n<\/tbody>\n<\/table>\n<p data-start=\"142\" data-end=\"481\">Dieses exklusive <strong data-start=\"159\" data-end=\"179\">Zweipersonenhaus<\/strong> von <strong data-start=\"184\" data-end=\"204\">H\u00dcBSCHER HOLZBAU<\/strong> ist als <strong data-start=\"213\" data-end=\"236\">\u201eSchaffhauser Haus\u201c<\/strong> zertifiziert und setzt neue Massst\u00e4be f\u00fcr gesundes Wohnen mit Holz. Die klare Architektur vereint Funktionalit\u00e4t und Design zu einem Wohnkonzept, das ideal f\u00fcr Paare ist, die Wert auf Qualit\u00e4t, Nachhaltigkeit und eine besondere \u00c4sthetik legen.<\/p>\n<p data-start=\"483\" data-end=\"834\">Die <strong data-start=\"487\" data-end=\"514\">vorgeh\u00e4ngte Holzfassade<\/strong> bildet nicht nur ein optisches Highlight, sondern schafft durch den intelligent geplanten <strong data-start=\"605\" data-end=\"652\">Zwischengang zwischen Aussenwand und Fassade<\/strong> eine einzigartige r\u00e4umliche Tiefe. Dieses architektonische Detail sorgt f\u00fcr nat\u00fcrliche Bel\u00fcftung, zus\u00e4tzlichen Witterungsschutz und einen spannenden \u00dcbergang von innen nach aussen.<\/p>\n<p data-start=\"836\" data-end=\"1129\">Wie jedes <strong data-start=\"846\" data-end=\"867\">H\u00dcBSCHER HOLZHAUS<\/strong> besteht auch dieses Objekt aus <strong data-start=\"899\" data-end=\"931\">100 % nat\u00fcrlichen Baustoffen<\/strong>, die ein gesundes Raumklima f\u00f6rdern. Schadstofffreie Materialien und die atmungsaktive Bauweise machen das Haus zu einem R\u00fcckzugsort, in dem sich K\u00f6rper und Geist gleicherma\u00dfen wohlf\u00fchlen k\u00f6nnen.<\/p>\n<p data-start=\"1131\" data-end=\"1371\">Das zertifizierte <strong data-start=\"1149\" data-end=\"1170\">Schaffhauser Haus<\/strong> verbindet h\u00f6chste bauliche Qualit\u00e4t mit innovativer Gestaltung \u2013 ein <strong data-start=\"1240\" data-end=\"1271\">architektonisches Highlight<\/strong>, das modernes Wohnen neu definiert und gleichzeitig die Werte des nachhaltigen Bauens verk\u00f6rpert.<\/p>","protected":false},"featured_media":6236,"template":"","class_list":{"0":"post-6232","1":"referenz","2":"type-referenz","3":"status-publish","4":"has-post-thumbnail","6":"holzhausbau-einfamilienhaus","7":"entry"},"acf":[],"yoast_head":"<!-- This site is optimized with the Yoast SEO Premium plugin v25.2 (Yoast SEO v25.2) - https:\/\/yoast.com\/wordpress\/plugins\/seo\/ -->\n<title>EFH Herblingen - H\u00dcBSCHER HOLZBAU<\/title>\n<meta name=\"description\" content=\"Erfahren Sie mehr \u00fcber unser Referenzprojekt: EFH Herblingen - H\u00dcBSCHER HOLZBAU\" \/>\n<meta name=\"robots\" content=\"index, follow, max-snippet:-1, max-image-preview:large, max-video-preview:-1\" \/>\n<link rel=\"canonical\" href=\"https:\/\/www.huebscher.net\/ch\/referenz\/efh-herblingen\/\" \/>\n<meta property=\"og:locale\" content=\"de_DE\" \/>\n<meta property=\"og:type\" content=\"article\" \/>\n<meta property=\"og:title\" content=\"EFH Herblingen\" \/>\n<meta property=\"og:description\" content=\"Erfahren Sie mehr \u00fcber unser Referenzprojekt: EFH Herblingen - H\u00dcBSCHER HOLZBAU\" \/>\n<meta property=\"og:url\" content=\"https:\/\/www.huebscher.net\/ch\/referenz\/efh-herblingen\/\" \/>\n<meta property=\"og:site_name\" content=\"H\u00dcBSCHER HOLZBAU\" \/>\n<meta property=\"article:publisher\" content=\"http:\/\/facebook.com\/huebscher.holzbau\" \/>\n<meta property=\"article:modified_time\" content=\"2025-08-16T18:38:30+00:00\" \/>\n<meta property=\"og:image\" content=\"https:\/\/www.huebscher.net\/media\/MTP_2406-1620x1080.jpg\" \/>\n\t<meta property=\"og:image:width\" content=\"1620\" \/>\n\t<meta property=\"og:image:height\" content=\"1080\" \/>\n\t<meta property=\"og:image:type\" content=\"image\/jpeg\" \/>\n<meta name=\"twitter:card\" content=\"summary_large_image\" \/>\n<meta name=\"twitter:label1\" content=\"Gesch\u00e4tzte Lesezeit\" \/>\n\t<meta name=\"twitter:data1\" content=\"2 Minuten\" \/>\n<script type=\"application\/ld+json\" class=\"yoast-schema-graph\">{\"@context\":\"https:\/\/schema.org\",\"@graph\":[{\"@type\":\"WebPage\",\"@id\":\"https:\/\/www.huebscher.net\/ch\/referenz\/efh-herblingen\/\",\"url\":\"https:\/\/www.huebscher.net\/ch\/referenz\/efh-herblingen\/\",\"name\":\"EFH Herblingen - H\u00dcBSCHER HOLZBAU\",\"isPartOf\":{\"@id\":\"https:\/\/www.huebscher.net\/ch\/#website\"},\"primaryImageOfPage\":{\"@id\":\"https:\/\/www.huebscher.net\/ch\/referenz\/efh-herblingen\/#primaryimage\"},\"image\":{\"@id\":\"https:\/\/www.huebscher.net\/ch\/referenz\/efh-herblingen\/#primaryimage\"},\"thumbnailUrl\":\"https:\/\/www.huebscher.net\/media\/MTP_2406.jpg\",\"datePublished\":\"2021-08-04T06:16:02+00:00\",\"dateModified\":\"2025-08-16T18:38:30+00:00\",\"description\":\"Erfahren Sie mehr \u00fcber unser Referenzprojekt: EFH Herblingen - H\u00dcBSCHER HOLZBAU\",\"breadcrumb\":{\"@id\":\"https:\/\/www.huebscher.net\/ch\/referenz\/efh-herblingen\/#breadcrumb\"},\"inLanguage\":\"de-CH\",\"potentialAction\":[{\"@type\":\"ReadAction\",\"target\":[\"https:\/\/www.huebscher.net\/ch\/referenz\/efh-herblingen\/\"]}]},{\"@type\":\"ImageObject\",\"inLanguage\":\"de-CH\",\"@id\":\"https:\/\/www.huebscher.net\/ch\/referenz\/efh-herblingen\/#primaryimage\",\"url\":\"https:\/\/www.huebscher.net\/media\/MTP_2406.jpg\",\"contentUrl\":\"https:\/\/www.huebscher.net\/media\/MTP_2406.jpg\",\"width\":2500,\"height\":1667,\"caption\":\"EFH Herblingen\"},{\"@type\":\"BreadcrumbList\",\"@id\":\"https:\/\/www.huebscher.net\/ch\/referenz\/efh-herblingen\/#breadcrumb\",\"itemListElement\":[{\"@type\":\"ListItem\",\"position\":1,\"name\":\"Home\",\"item\":\"https:\/\/www.huebscher.net\/ch\/\"},{\"@type\":\"ListItem\",\"position\":2,\"name\":\"EFH Herblingen\"}]},{\"@type\":\"WebSite\",\"@id\":\"https:\/\/www.huebscher.net\/ch\/#website\",\"url\":\"https:\/\/www.huebscher.net\/ch\/\",\"name\":\"H\u00fcbscher Holzbau\",\"description\":\"H\u00fcbscher Holzbau AG\",\"publisher\":{\"@id\":\"https:\/\/www.huebscher.net\/ch\/#organization\"},\"alternateName\":\"H\u00fcbscher Holzbau\",\"potentialAction\":[{\"@type\":\"SearchAction\",\"target\":{\"@type\":\"EntryPoint\",\"urlTemplate\":\"https:\/\/www.huebscher.net\/ch\/?s={search_term_string}\"},\"query-input\":{\"@type\":\"PropertyValueSpecification\",\"valueRequired\":true,\"valueName\":\"search_term_string\"}}],\"inLanguage\":\"de-CH\"},{\"@type\":\"Organization\",\"@id\":\"https:\/\/www.huebscher.net\/ch\/#organization\",\"name\":\"H\u00fcbscher Holzbau\",\"alternateName\":\"H\u00fcbscher Holzbau\",\"url\":\"https:\/\/www.huebscher.net\/ch\/\",\"logo\":{\"@type\":\"ImageObject\",\"inLanguage\":\"de-CH\",\"@id\":\"https:\/\/www.huebscher.net\/ch\/#\/schema\/logo\/image\/\",\"url\":\"https:\/\/www.huebscher.net\/media\/huebscher_logo_def.png\",\"contentUrl\":\"https:\/\/www.huebscher.net\/media\/huebscher_logo_def.png\",\"width\":220,\"height\":110,\"caption\":\"H\u00fcbscher Holzbau\"},\"image\":{\"@id\":\"https:\/\/www.huebscher.net\/ch\/#\/schema\/logo\/image\/\"},\"sameAs\":[\"http:\/\/facebook.com\/huebscher.holzbau\",\"https:\/\/pt.linkedin.com\/organization-guest\/company\/huebscher-holzbau\",\"https:\/\/www.instagram.com\/huebscherholzbau\/\"]}]}<\/script>\n<!-- \/ Yoast SEO Premium plugin. -->","yoast_head_json":{"title":"EFH Herblingen - H\u00dcBSCHER HOLZBAU","description":"Erfahren Sie mehr \u00fcber unser Referenzprojekt: EFH Herblingen - H\u00dcBSCHER HOLZBAU","robots":{"index":"index","follow":"follow","max-snippet":"max-snippet:-1","max-image-preview":"max-image-preview:large","max-video-preview":"max-video-preview:-1"},"canonical":"https:\/\/www.huebscher.net\/ch\/referenz\/efh-herblingen\/","og_locale":"de_DE","og_type":"article","og_title":"EFH Herblingen","og_description":"Erfahren Sie mehr \u00fcber unser Referenzprojekt: EFH Herblingen - H\u00dcBSCHER HOLZBAU","og_url":"https:\/\/www.huebscher.net\/ch\/referenz\/efh-herblingen\/","og_site_name":"H\u00dcBSCHER HOLZBAU","article_publisher":"http:\/\/facebook.com\/huebscher.holzbau","article_modified_time":"2025-08-16T18:38:30+00:00","og_image":[{"width":1620,"height":1080,"url":"https:\/\/www.huebscher.net\/media\/MTP_2406-1620x1080.jpg","type":"image\/jpeg"}],"twitter_card":"summary_large_image","twitter_misc":{"Gesch\u00e4tzte Lesezeit":"2 Minuten"},"schema":{"@context":"https:\/\/schema.org","@graph":[{"@type":"WebPage","@id":"https:\/\/www.huebscher.net\/ch\/referenz\/efh-herblingen\/","url":"https:\/\/www.huebscher.net\/ch\/referenz\/efh-herblingen\/","name":"EFH Herblingen - H\u00dcBSCHER HOLZBAU","isPartOf":{"@id":"https:\/\/www.huebscher.net\/ch\/#website"},"primaryImageOfPage":{"@id":"https:\/\/www.huebscher.net\/ch\/referenz\/efh-herblingen\/#primaryimage"},"image":{"@id":"https:\/\/www.huebscher.net\/ch\/referenz\/efh-herblingen\/#primaryimage"},"thumbnailUrl":"https:\/\/www.huebscher.net\/media\/MTP_2406.jpg","datePublished":"2021-08-04T06:16:02+00:00","dateModified":"2025-08-16T18:38:30+00:00","description":"Erfahren Sie mehr \u00fcber unser Referenzprojekt: EFH Herblingen - H\u00dcBSCHER HOLZBAU","breadcrumb":{"@id":"https:\/\/www.huebscher.net\/ch\/referenz\/efh-herblingen\/#breadcrumb"},"inLanguage":"de-CH","potentialAction":[{"@type":"ReadAction","target":["https:\/\/www.huebscher.net\/ch\/referenz\/efh-herblingen\/"]}]},{"@type":"ImageObject","inLanguage":"de-CH","@id":"https:\/\/www.huebscher.net\/ch\/referenz\/efh-herblingen\/#primaryimage","url":"https:\/\/www.huebscher.net\/media\/MTP_2406.jpg","contentUrl":"https:\/\/www.huebscher.net\/media\/MTP_2406.jpg","width":2500,"height":1667,"caption":"EFH Herblingen"},{"@type":"BreadcrumbList","@id":"https:\/\/www.huebscher.net\/ch\/referenz\/efh-herblingen\/#breadcrumb","itemListElement":[{"@type":"ListItem","position":1,"name":"Home","item":"https:\/\/www.huebscher.net\/ch\/"},{"@type":"ListItem","position":2,"name":"EFH Herblingen"}]},{"@type":"WebSite","@id":"https:\/\/www.huebscher.net\/ch\/#website","url":"https:\/\/www.huebscher.net\/ch\/","name":"H\u00fcbscher Holzbau","description":"H\u00fcbscher Holzbau AG","publisher":{"@id":"https:\/\/www.huebscher.net\/ch\/#organization"},"alternateName":"H\u00fcbscher Holzbau","potentialAction":[{"@type":"SearchAction","target":{"@type":"EntryPoint","urlTemplate":"https:\/\/www.huebscher.net\/ch\/?s={search_term_string}"},"query-input":{"@type":"PropertyValueSpecification","valueRequired":true,"valueName":"search_term_string"}}],"inLanguage":"de-CH"},{"@type":"Organization","@id":"https:\/\/www.huebscher.net\/ch\/#organization","name":"H\u00fcbscher Holzbau","alternateName":"H\u00fcbscher Holzbau","url":"https:\/\/www.huebscher.net\/ch\/","logo":{"@type":"ImageObject","inLanguage":"de-CH","@id":"https:\/\/www.huebscher.net\/ch\/#\/schema\/logo\/image\/","url":"https:\/\/www.huebscher.net\/media\/huebscher_logo_def.png","contentUrl":"https:\/\/www.huebscher.net\/media\/huebscher_logo_def.png","width":220,"height":110,"caption":"H\u00fcbscher Holzbau"},"image":{"@id":"https:\/\/www.huebscher.net\/ch\/#\/schema\/logo\/image\/"},"sameAs":["http:\/\/facebook.com\/huebscher.holzbau","https:\/\/pt.linkedin.com\/organization-guest\/company\/huebscher-holzbau","https:\/\/www.instagram.com\/huebscherholzbau\/"]}]}},"_links":{"self":[{"href":"https:\/\/www.huebscher.net\/ch\/wp-json\/wp\/v2\/referenz\/6232"}],"collection":[{"href":"https:\/\/www.huebscher.net\/ch\/wp-json\/wp\/v2\/referenz"}],"about":[{"href":"https:\/\/www.huebscher.net\/ch\/wp-json\/wp\/v2\/types\/referenz"}],"version-history":[{"count":2,"href":"https:\/\/www.huebscher.net\/ch\/wp-json\/wp\/v2\/referenz\/6232\/revisions"}],"predecessor-version":[{"id":17686,"href":"https:\/\/www.huebscher.net\/ch\/wp-json\/wp\/v2\/referenz\/6232\/revisions\/17686"}],"wp:featuredmedia":[{"embeddable":true,"href":"https:\/\/www.huebscher.net\/ch\/wp-json\/wp\/v2\/media\/6236"}],"wp:attachment":[{"href":"https:\/\/www.huebscher.net\/ch\/wp-json\/wp\/v2\/media?parent=6232"}],"curies":[{"name":"wp","href":"https:\/\/api.w.org\/{rel}","templated":true}]}}