{"id":1627,"date":"2016-02-02T09:25:25","date_gmt":"2016-02-02T08:25:25","guid":{"rendered":"https:\/\/huebscher-holzbau.ch\/?post_type=referenz&#038;p=1627"},"modified":"2024-09-13T15:17:55","modified_gmt":"2024-09-13T13:17:55","slug":"siblinger-randenturm-chlaggiblick","status":"publish","type":"referenz","link":"https:\/\/www.huebscher.net\/ch\/referenz\/siblinger-randenturm-chlaggiblick\/","title":{"rendered":"Siblinger Randenturm &#171;Chl\u00e4ggiblick&#187;"},"content":{"rendered":"<table style=\"height: 145px;\" width=\"529\">\n<tbody>\n<tr>\n<th style=\"text-align: left;\">Erstellt:<\/th>\n<td>November 2014<\/td>\n<\/tr>\n<tr>\n<th style=\"text-align: left;\">Ort:<\/th>\n<td>8225 Siblingen<\/td>\n<\/tr>\n<tr>\n<th style=\"text-align: left;\">Bauherr:<\/th>\n<td>Gemeinde Siblingen<\/td>\n<\/tr>\n<tr>\n<th style=\"text-align: left;\">Architekt:<\/th>\n<td>Patrick Birri, Raoul M\u00fcller, Michael H\u00fcbscher<\/td>\n<\/tr>\n<\/tbody>\n<\/table>\n<p>&nbsp;<\/p>\n<p>Das Konzept des Turmes ist von der Natur und deren Wachstum abgeleitet. Die Verwendung des Rohstoffes Holz und seine R\u00fcckf\u00fchrung an seinen Ursprungsort, den Wald. Der Turm wirkt, als sei er aus dem Grund gesprossen und strebe nach dem Licht \u00fcber den Baumkronen.<\/p>\n<p>Durch die Wahl der Dreieckgrundform ist dieses Projekt aussergew\u00f6hnlich und generiert eine eigene Designsprache. Es ist somit unverwechselbar und gliedert sich in seiner Gesamtheit dennoch dem Wald unter. Die Dreiecksform hat noch weitere Vorz\u00fcge. Durch die kompakte Anordnung der Treppenl\u00e4ufe wird der Fussabdruck minimiert und der Turm wirkt filigran.<\/p>\n<p>Die Podeste k\u00f6nnen als Bl\u00e4tter oder \u00c4ste gelesen werden und bieten die M\u00f6glichkeit die Baumkronen zu bestaunen, die sich in der Umgebung befinden, dienen als Kreuzungspunkte und als Rastorte. Die 5-eckigen Podeste sind rechtwinklig zu der Dreiecksgrundform ausgerichtet und brechen so die Ecken des gleichseitigen Dreiecks. Es entsteht eine begehbare Skulptur die stark an die Natur erinnert.<\/p>\n","protected":false},"featured_media":3408,"template":"","class_list":{"0":"post-1627","1":"referenz","2":"type-referenz","3":"status-publish","4":"has-post-thumbnail","6":"holzhausbau-objektbau","7":"innenausbau-kategorie-terrassenrost","8":"entry"},"acf":[],"yoast_head":"<!-- This site is optimized with the Yoast SEO Premium plugin v25.2 (Yoast SEO v25.2) - https:\/\/yoast.com\/wordpress\/plugins\/seo\/ -->\n<title>Siblinger Randenturm &quot;Chl\u00e4ggiblick&quot; - H\u00dcBSCHER HOLZBAU<\/title>\n<meta name=\"description\" content=\"Erfahren Sie mehr \u00fcber unser Referenzprojekt: Siblinger Randenturm &quot;Chl\u00e4ggiblick&quot; - H\u00dcBSCHER HOLZBAU\" \/>\n<meta name=\"robots\" content=\"index, follow, max-snippet:-1, max-image-preview:large, max-video-preview:-1\" \/>\n<link rel=\"canonical\" href=\"https:\/\/www.huebscher.net\/ch\/referenz\/siblinger-randenturm-chlaggiblick\/\" \/>\n<meta property=\"og:locale\" content=\"de_DE\" \/>\n<meta property=\"og:type\" content=\"article\" \/>\n<meta property=\"og:title\" content=\"Siblinger Randenturm &quot;Chl\u00e4ggiblick&quot;\" \/>\n<meta property=\"og:description\" content=\"Erfahren Sie mehr \u00fcber unser Referenzprojekt: Siblinger Randenturm &quot;Chl\u00e4ggiblick&quot; - H\u00dcBSCHER HOLZBAU\" \/>\n<meta property=\"og:url\" content=\"https:\/\/www.huebscher.net\/ch\/referenz\/siblinger-randenturm-chlaggiblick\/\" \/>\n<meta property=\"og:site_name\" content=\"H\u00dcBSCHER HOLZBAU\" \/>\n<meta property=\"article:publisher\" content=\"http:\/\/facebook.com\/huebscher.holzbau\" \/>\n<meta property=\"article:modified_time\" content=\"2024-09-13T13:17:55+00:00\" \/>\n<meta property=\"og:image\" content=\"https:\/\/www.huebscher.net\/media\/Randenturm3.jpg\" \/>\n\t<meta property=\"og:image:width\" content=\"1500\" \/>\n\t<meta property=\"og:image:height\" content=\"940\" \/>\n\t<meta property=\"og:image:type\" content=\"image\/jpeg\" \/>\n<meta name=\"twitter:card\" content=\"summary_large_image\" \/>\n<meta name=\"twitter:label1\" content=\"Gesch\u00e4tzte Lesezeit\" \/>\n\t<meta name=\"twitter:data1\" content=\"2 Minuten\" \/>\n<script type=\"application\/ld+json\" class=\"yoast-schema-graph\">{\"@context\":\"https:\/\/schema.org\",\"@graph\":[{\"@type\":\"WebPage\",\"@id\":\"https:\/\/www.huebscher.net\/ch\/referenz\/siblinger-randenturm-chlaggiblick\/\",\"url\":\"https:\/\/www.huebscher.net\/ch\/referenz\/siblinger-randenturm-chlaggiblick\/\",\"name\":\"Siblinger Randenturm \\\"Chl\u00e4ggiblick\\\" - H\u00dcBSCHER HOLZBAU\",\"isPartOf\":{\"@id\":\"https:\/\/www.huebscher.net\/ch\/#website\"},\"primaryImageOfPage\":{\"@id\":\"https:\/\/www.huebscher.net\/ch\/referenz\/siblinger-randenturm-chlaggiblick\/#primaryimage\"},\"image\":{\"@id\":\"https:\/\/www.huebscher.net\/ch\/referenz\/siblinger-randenturm-chlaggiblick\/#primaryimage\"},\"thumbnailUrl\":\"https:\/\/www.huebscher.net\/media\/Randenturm3.jpg\",\"datePublished\":\"2016-02-02T08:25:25+00:00\",\"dateModified\":\"2024-09-13T13:17:55+00:00\",\"description\":\"Erfahren Sie mehr \u00fcber unser Referenzprojekt: Siblinger Randenturm \\\"Chl\u00e4ggiblick\\\" - H\u00dcBSCHER HOLZBAU\",\"breadcrumb\":{\"@id\":\"https:\/\/www.huebscher.net\/ch\/referenz\/siblinger-randenturm-chlaggiblick\/#breadcrumb\"},\"inLanguage\":\"de-CH\",\"potentialAction\":[{\"@type\":\"ReadAction\",\"target\":[\"https:\/\/www.huebscher.net\/ch\/referenz\/siblinger-randenturm-chlaggiblick\/\"]}]},{\"@type\":\"ImageObject\",\"inLanguage\":\"de-CH\",\"@id\":\"https:\/\/www.huebscher.net\/ch\/referenz\/siblinger-randenturm-chlaggiblick\/#primaryimage\",\"url\":\"https:\/\/www.huebscher.net\/media\/Randenturm3.jpg\",\"contentUrl\":\"https:\/\/www.huebscher.net\/media\/Randenturm3.jpg\",\"width\":1500,\"height\":940,\"caption\":\"Siblinger Randenturm \\\"Chl\u00e4ggiblick\\\"\"},{\"@type\":\"BreadcrumbList\",\"@id\":\"https:\/\/www.huebscher.net\/ch\/referenz\/siblinger-randenturm-chlaggiblick\/#breadcrumb\",\"itemListElement\":[{\"@type\":\"ListItem\",\"position\":1,\"name\":\"Home\",\"item\":\"https:\/\/www.huebscher.net\/ch\/\"},{\"@type\":\"ListItem\",\"position\":2,\"name\":\"Siblinger Randenturm &#171;Chl\u00e4ggiblick&#187;\"}]},{\"@type\":\"WebSite\",\"@id\":\"https:\/\/www.huebscher.net\/ch\/#website\",\"url\":\"https:\/\/www.huebscher.net\/ch\/\",\"name\":\"H\u00fcbscher Holzbau\",\"description\":\"H\u00fcbscher Holzbau AG\",\"publisher\":{\"@id\":\"https:\/\/www.huebscher.net\/ch\/#organization\"},\"alternateName\":\"H\u00fcbscher Holzbau\",\"potentialAction\":[{\"@type\":\"SearchAction\",\"target\":{\"@type\":\"EntryPoint\",\"urlTemplate\":\"https:\/\/www.huebscher.net\/ch\/?s={search_term_string}\"},\"query-input\":{\"@type\":\"PropertyValueSpecification\",\"valueRequired\":true,\"valueName\":\"search_term_string\"}}],\"inLanguage\":\"de-CH\"},{\"@type\":\"Organization\",\"@id\":\"https:\/\/www.huebscher.net\/ch\/#organization\",\"name\":\"H\u00fcbscher Holzbau\",\"alternateName\":\"H\u00fcbscher Holzbau\",\"url\":\"https:\/\/www.huebscher.net\/ch\/\",\"logo\":{\"@type\":\"ImageObject\",\"inLanguage\":\"de-CH\",\"@id\":\"https:\/\/www.huebscher.net\/ch\/#\/schema\/logo\/image\/\",\"url\":\"https:\/\/www.huebscher.net\/media\/huebscher_logo_def.png\",\"contentUrl\":\"https:\/\/www.huebscher.net\/media\/huebscher_logo_def.png\",\"width\":220,\"height\":110,\"caption\":\"H\u00fcbscher Holzbau\"},\"image\":{\"@id\":\"https:\/\/www.huebscher.net\/ch\/#\/schema\/logo\/image\/\"},\"sameAs\":[\"http:\/\/facebook.com\/huebscher.holzbau\",\"https:\/\/pt.linkedin.com\/organization-guest\/company\/huebscher-holzbau\",\"https:\/\/www.instagram.com\/huebscherholzbau\/\"]}]}<\/script>\n<!-- \/ Yoast SEO Premium plugin. -->","yoast_head_json":{"title":"Siblinger Randenturm \"Chl\u00e4ggiblick\" - H\u00dcBSCHER HOLZBAU","description":"Erfahren Sie mehr \u00fcber unser Referenzprojekt: Siblinger Randenturm \"Chl\u00e4ggiblick\" - H\u00dcBSCHER HOLZBAU","robots":{"index":"index","follow":"follow","max-snippet":"max-snippet:-1","max-image-preview":"max-image-preview:large","max-video-preview":"max-video-preview:-1"},"canonical":"https:\/\/www.huebscher.net\/ch\/referenz\/siblinger-randenturm-chlaggiblick\/","og_locale":"de_DE","og_type":"article","og_title":"Siblinger Randenturm \"Chl\u00e4ggiblick\"","og_description":"Erfahren Sie mehr \u00fcber unser Referenzprojekt: Siblinger Randenturm \"Chl\u00e4ggiblick\" - H\u00dcBSCHER HOLZBAU","og_url":"https:\/\/www.huebscher.net\/ch\/referenz\/siblinger-randenturm-chlaggiblick\/","og_site_name":"H\u00dcBSCHER HOLZBAU","article_publisher":"http:\/\/facebook.com\/huebscher.holzbau","article_modified_time":"2024-09-13T13:17:55+00:00","og_image":[{"width":1500,"height":940,"url":"https:\/\/www.huebscher.net\/media\/Randenturm3.jpg","type":"image\/jpeg"}],"twitter_card":"summary_large_image","twitter_misc":{"Gesch\u00e4tzte Lesezeit":"2 Minuten"},"schema":{"@context":"https:\/\/schema.org","@graph":[{"@type":"WebPage","@id":"https:\/\/www.huebscher.net\/ch\/referenz\/siblinger-randenturm-chlaggiblick\/","url":"https:\/\/www.huebscher.net\/ch\/referenz\/siblinger-randenturm-chlaggiblick\/","name":"Siblinger Randenturm \"Chl\u00e4ggiblick\" - H\u00dcBSCHER HOLZBAU","isPartOf":{"@id":"https:\/\/www.huebscher.net\/ch\/#website"},"primaryImageOfPage":{"@id":"https:\/\/www.huebscher.net\/ch\/referenz\/siblinger-randenturm-chlaggiblick\/#primaryimage"},"image":{"@id":"https:\/\/www.huebscher.net\/ch\/referenz\/siblinger-randenturm-chlaggiblick\/#primaryimage"},"thumbnailUrl":"https:\/\/www.huebscher.net\/media\/Randenturm3.jpg","datePublished":"2016-02-02T08:25:25+00:00","dateModified":"2024-09-13T13:17:55+00:00","description":"Erfahren Sie mehr \u00fcber unser Referenzprojekt: Siblinger Randenturm \"Chl\u00e4ggiblick\" - H\u00dcBSCHER HOLZBAU","breadcrumb":{"@id":"https:\/\/www.huebscher.net\/ch\/referenz\/siblinger-randenturm-chlaggiblick\/#breadcrumb"},"inLanguage":"de-CH","potentialAction":[{"@type":"ReadAction","target":["https:\/\/www.huebscher.net\/ch\/referenz\/siblinger-randenturm-chlaggiblick\/"]}]},{"@type":"ImageObject","inLanguage":"de-CH","@id":"https:\/\/www.huebscher.net\/ch\/referenz\/siblinger-randenturm-chlaggiblick\/#primaryimage","url":"https:\/\/www.huebscher.net\/media\/Randenturm3.jpg","contentUrl":"https:\/\/www.huebscher.net\/media\/Randenturm3.jpg","width":1500,"height":940,"caption":"Siblinger Randenturm \"Chl\u00e4ggiblick\""},{"@type":"BreadcrumbList","@id":"https:\/\/www.huebscher.net\/ch\/referenz\/siblinger-randenturm-chlaggiblick\/#breadcrumb","itemListElement":[{"@type":"ListItem","position":1,"name":"Home","item":"https:\/\/www.huebscher.net\/ch\/"},{"@type":"ListItem","position":2,"name":"Siblinger Randenturm &#171;Chl\u00e4ggiblick&#187;"}]},{"@type":"WebSite","@id":"https:\/\/www.huebscher.net\/ch\/#website","url":"https:\/\/www.huebscher.net\/ch\/","name":"H\u00fcbscher Holzbau","description":"H\u00fcbscher Holzbau AG","publisher":{"@id":"https:\/\/www.huebscher.net\/ch\/#organization"},"alternateName":"H\u00fcbscher Holzbau","potentialAction":[{"@type":"SearchAction","target":{"@type":"EntryPoint","urlTemplate":"https:\/\/www.huebscher.net\/ch\/?s={search_term_string}"},"query-input":{"@type":"PropertyValueSpecification","valueRequired":true,"valueName":"search_term_string"}}],"inLanguage":"de-CH"},{"@type":"Organization","@id":"https:\/\/www.huebscher.net\/ch\/#organization","name":"H\u00fcbscher Holzbau","alternateName":"H\u00fcbscher Holzbau","url":"https:\/\/www.huebscher.net\/ch\/","logo":{"@type":"ImageObject","inLanguage":"de-CH","@id":"https:\/\/www.huebscher.net\/ch\/#\/schema\/logo\/image\/","url":"https:\/\/www.huebscher.net\/media\/huebscher_logo_def.png","contentUrl":"https:\/\/www.huebscher.net\/media\/huebscher_logo_def.png","width":220,"height":110,"caption":"H\u00fcbscher Holzbau"},"image":{"@id":"https:\/\/www.huebscher.net\/ch\/#\/schema\/logo\/image\/"},"sameAs":["http:\/\/facebook.com\/huebscher.holzbau","https:\/\/pt.linkedin.com\/organization-guest\/company\/huebscher-holzbau","https:\/\/www.instagram.com\/huebscherholzbau\/"]}]}},"_links":{"self":[{"href":"https:\/\/www.huebscher.net\/ch\/wp-json\/wp\/v2\/referenz\/1627"}],"collection":[{"href":"https:\/\/www.huebscher.net\/ch\/wp-json\/wp\/v2\/referenz"}],"about":[{"href":"https:\/\/www.huebscher.net\/ch\/wp-json\/wp\/v2\/types\/referenz"}],"version-history":[{"count":1,"href":"https:\/\/www.huebscher.net\/ch\/wp-json\/wp\/v2\/referenz\/1627\/revisions"}],"predecessor-version":[{"id":11920,"href":"https:\/\/www.huebscher.net\/ch\/wp-json\/wp\/v2\/referenz\/1627\/revisions\/11920"}],"wp:featuredmedia":[{"embeddable":true,"href":"https:\/\/www.huebscher.net\/ch\/wp-json\/wp\/v2\/media\/3408"}],"wp:attachment":[{"href":"https:\/\/www.huebscher.net\/ch\/wp-json\/wp\/v2\/media?parent=1627"}],"curies":[{"name":"wp","href":"https:\/\/api.w.org\/{rel}","templated":true}]}}