{"id":7941,"date":"2023-03-10T13:38:23","date_gmt":"2023-03-10T12:38:23","guid":{"rendered":"https:\/\/huebscher-holzbau.ch\/?page_id=7941"},"modified":"2024-10-03T16:42:35","modified_gmt":"2024-10-03T14:42:35","slug":"schreiner-service","status":"publish","type":"page","link":"https:\/\/www.huebscher.net\/ch\/service\/schreiner-service\/","title":{"rendered":"Schreiner-Service"},"content":{"rendered":"\n<div class=\"wp-block-columns has-2-columns sf-col-full is-layout-flex wp-container-core-columns-is-layout-2 wp-block-columns-is-layout-flex\">\n<div class=\"wp-block-column sf-col-7 is-layout-flow wp-block-column-is-layout-flow\">\n<p class=\"sf_content_spec\">Ob Privat oder Immobilienverwaltung. Unser Schreiner-Service hilft schnell und unkompliziert. Wir organisieren die Termine mit Ihren Mietern, halten uns an Ihre Budget-Vorgabe und erstellen Ihnen im Notfall ein Angebot f\u00fcr ad\u00e4quaten Ersatz.<\/p>\n\n\n\n<div style=\"height:40px\" aria-hidden=\"true\" class=\"wp-block-spacer\"><\/div>\n\n\n\n<div class=\"wp-block-columns is-layout-flex wp-container-core-columns-is-layout-1 wp-block-columns-is-layout-flex\">\n<div class=\"wp-block-column ticon is-layout-flow wp-block-column-is-layout-flow\">\n<h2 class=\"wp-block-heading\" id=\"h-kuchenfront-richten\">K\u00fcchenfront richten<\/h2>\n\n\n\n<h2 class=\"wp-block-heading\" id=\"h-turen-reparieren-einstellen-und-austauschen\">T\u00fcren reparieren, einstellen und austauschen<\/h2>\n\n\n\n<h2 class=\"wp-block-heading\" id=\"h-defekte-beschlage-auswechseln-z-b-kuhlschrankscharniere-topfbander\">Defekte Beschl\u00e4ge auswechseln (z.B. K\u00fchlschrankscharniere, Topfb\u00e4nder)<\/h2>\n\n\n\n<h2 class=\"wp-block-heading\" id=\"h-marder-gerateaustausch-backofen-etc-und-tierbefall\">Marder-, Ger\u00e4teaustausch (Backofen, etc.)- und Tierbefall<\/h2>\n\n\n\n<h2 class=\"wp-block-heading\" id=\"h-marder-zusatzeinbauten-z-b-halterungen-tablare-ablageflachen-und-tierbefall\">Marder-, Zusatzeinbauten (z.B. Halterungen, Tablare, Ablagefl\u00e4chen und Tierbefall<\/h2>\n\n\n\n<h2 class=\"wp-block-heading\" id=\"h-frische-silikonfugen\">Frische Silikonfugen<\/h2>\n\n\n\n<h2 class=\"wp-block-heading\" id=\"h-oberflachen-erneuern-schleifen-neu-olen\">Oberfl\u00e4chen erneuern (schleifen, neu \u00f6len)<\/h2>\n\n\n\n<h2 class=\"wp-block-heading\" id=\"h-boden-neu-versiegeln\">B\u00f6den neu versiegeln<\/h2>\n\n\n\n<h2 class=\"wp-block-heading\" id=\"h-bei-fenster-und-turen-beschlage-einstellen-und-schmieren\">Bei Fenster und T\u00fcren Beschl\u00e4ge einstellen und schmieren<\/h2>\n\n\n\n<h2 class=\"wp-block-heading\" id=\"h-alte-dichtungen-austauschen\">Alte Dichtungen austauschen<\/h2>\n\n\n\n<h2 class=\"wp-block-heading\" id=\"h-reparaturen-aller-art\">Reparaturen aller Art<\/h2>\n\n\n\n<h2 class=\"wp-block-heading\" id=\"h-kundenspezifische-anliegen\">Kundenspezifische Anliegen<\/h2>\n<\/div>\n<\/div>\n\n\n\n<div style=\"height:20px\" aria-hidden=\"true\" class=\"wp-block-spacer\"><\/div>\n\n\n\n<figure class=\"wp-block-image size-large\"><img fetchpriority=\"high\" decoding=\"async\" width=\"1920\" height=\"820\" src=\"https:\/\/huebscher.net\/media\/B_4491-scaled-e1593348490386-1920x820.jpg\" alt=\"\" class=\"wp-image-5159\" srcset=\"https:\/\/www.huebscher.net\/media\/B_4491-scaled-e1593348490386-1920x820.jpg 1920w, https:\/\/www.huebscher.net\/media\/B_4491-scaled-e1593348490386-1280x547.jpg 1280w, https:\/\/www.huebscher.net\/media\/B_4491-scaled-e1593348490386-768x328.jpg 768w, https:\/\/www.huebscher.net\/media\/B_4491-scaled-e1593348490386-1536x656.jpg 1536w, https:\/\/www.huebscher.net\/media\/B_4491-scaled-e1593348490386-2048x874.jpg 2048w, https:\/\/www.huebscher.net\/media\/B_4491-scaled-e1593348490386-350x149.jpg 350w\" sizes=\"(max-width: 1920px) 100vw, 1920px\" \/><\/figure>\n\n\n\n<div style=\"height:40px\" aria-hidden=\"true\" class=\"wp-block-spacer\"><\/div>\n<\/div>\n\n\n\n<div class=\"wp-block-column sf-col-3 is-layout-flow wp-block-column-is-layout-flow\">\n<h2 class=\"wp-block-heading\" id=\"h-ansprechpartner\">Ansprechpartner<\/h2>\n\n\n\n<figure class=\"wp-block-image size-full sf_img_ansprech\"><img decoding=\"async\" width=\"2560\" height=\"2560\" src=\"https:\/\/huebscher.net\/media\/Matthias-Kaiser-schwarz-scaled.jpg\" alt=\"\" class=\"wp-image-12264\" srcset=\"https:\/\/www.huebscher.net\/media\/Matthias-Kaiser-schwarz-scaled.jpg 2560w, https:\/\/www.huebscher.net\/media\/Matthias-Kaiser-schwarz-720x720.jpg 720w, https:\/\/www.huebscher.net\/media\/Matthias-Kaiser-schwarz-1080x1080.jpg 1080w, https:\/\/www.huebscher.net\/media\/Matthias-Kaiser-schwarz-150x150.jpg 150w, https:\/\/www.huebscher.net\/media\/Matthias-Kaiser-schwarz-768x768.jpg 768w, https:\/\/www.huebscher.net\/media\/Matthias-Kaiser-schwarz-1536x1536.jpg 1536w, https:\/\/www.huebscher.net\/media\/Matthias-Kaiser-schwarz-2048x2048.jpg 2048w, https:\/\/www.huebscher.net\/media\/Matthias-Kaiser-schwarz-100x100.jpg 100w, https:\/\/www.huebscher.net\/media\/Matthias-Kaiser-schwarz-350x350.jpg 350w\" sizes=\"(max-width: 2560px) 100vw, 2560px\" \/><figcaption class=\"wp-element-caption\">Matthias Kaiser<\/figcaption><\/figure>\n\n\n\n<h4>Matthias Kaiser<\/h4>\n<p>Koordination Service-Team<\/p>\n<table>\n<tbody>\n<tr>\n<td><a class=\"email font-awesome\" href=\"mailto:matthias.kaiser@huebscher.swiss\"><i class=\"fa-envelope fa-xl\"><\/i> Mail<\/a><\/td>\n<\/tr>\n<tr>\n<td><a class=\"font-awesome\" href=\"tel:+41526874000\"><i class=\"fa-phone fa-xl\"><\/i> +41 (0) 52 551 24 14<\/a><\/td>\n<\/tr>\n<\/tbody>\n<\/table>\n\n\n\n<div style=\"height:40px\" aria-hidden=\"true\" class=\"wp-block-spacer\"><\/div>\n<\/div>\n<\/div>\n","protected":false},"excerpt":{"rendered":"<p>Ob Privat oder Immobilienverwaltung. Unser Schreiner-Service hilft schnell und unkompliziert. Wir organisieren die Termine mit Ihren Mietern, halten uns an Ihre Budget-Vorgabe und erstellen Ihnen im Notfall ein Angebot f\u00fcr ad\u00e4quaten Ersatz. K\u00fcchenfront richten T\u00fcren reparieren, einstellen und austauschen Defekte Beschl\u00e4ge auswechseln (z.B. K\u00fchlschrankscharniere, Topfb\u00e4nder) Marder-, Ger\u00e4teaustausch (Backofen, etc.)- und Tierbefall Marder-, Zusatzeinbauten (z.B. Halterungen,&hellip;<\/p>\n","protected":false},"author":2,"featured_media":0,"parent":7841,"menu_order":0,"comment_status":"closed","ping_status":"closed","template":"","meta":{"_acf_changed":false,"_monsterinsights_skip_tracking":false,"_monsterinsights_sitenote_active":false,"_monsterinsights_sitenote_note":"","_monsterinsights_sitenote_category":0,"_genesis_hide_title":false,"_genesis_hide_breadcrumbs":false,"_genesis_hide_singular_image":false,"_genesis_hide_footer_widgets":false,"_genesis_custom_body_class":"sf_body_class","_genesis_custom_post_class":"","_genesis_layout":"full-width-content","footnotes":""},"class_list":{"0":"post-7941","1":"page","2":"type-page","3":"status-publish","5":"entry","6":"has-post-thumbnail"},"acf":[],"yoast_head":"<!-- This site is optimized with the Yoast SEO Premium plugin v25.2 (Yoast SEO v25.2) - https:\/\/yoast.com\/wordpress\/plugins\/seo\/ -->\n<title>Schreiner-Service - H\u00dcBSCHER HOLZBAU<\/title>\n<meta name=\"description\" content=\"Holen Sie sich professionelle Schreiner-Service f\u00fcr Ihre Bed\u00fcrfnisse. Erhalten Sie ma\u00dfgeschneiderte L\u00f6sungen f\u00fcr Ihre Wohnr\u00e4ume.\" \/>\n<meta name=\"robots\" content=\"index, follow, max-snippet:-1, max-image-preview:large, max-video-preview:-1\" \/>\n<link rel=\"canonical\" href=\"https:\/\/www.huebscher.net\/ch\/service\/schreiner-service\/\" \/>\n<meta property=\"og:locale\" content=\"de_DE\" \/>\n<meta property=\"og:type\" content=\"article\" \/>\n<meta property=\"og:title\" content=\"Schreiner-Service\" \/>\n<meta property=\"og:description\" content=\"Holen Sie sich professionelle Schreiner-Service f\u00fcr Ihre Bed\u00fcrfnisse. Erhalten Sie ma\u00dfgeschneiderte L\u00f6sungen f\u00fcr Ihre Wohnr\u00e4ume.\" \/>\n<meta property=\"og:url\" content=\"https:\/\/www.huebscher.net\/ch\/service\/schreiner-service\/\" \/>\n<meta property=\"og:site_name\" content=\"H\u00dcBSCHER HOLZBAU\" \/>\n<meta property=\"article:publisher\" content=\"http:\/\/facebook.com\/huebscher.holzbau\" \/>\n<meta property=\"article:modified_time\" content=\"2024-10-03T14:42:35+00:00\" \/>\n<meta property=\"og:image\" content=\"https:\/\/huebscher.net\/media\/B_4491-scaled-e1593348490386-1920x820.jpg\" \/>\n<meta name=\"twitter:card\" content=\"summary_large_image\" \/>\n<meta name=\"twitter:label1\" content=\"Gesch\u00e4tzte Lesezeit\" \/>\n\t<meta name=\"twitter:data1\" content=\"1 Minute\" \/>\n<script type=\"application\/ld+json\" class=\"yoast-schema-graph\">{\"@context\":\"https:\/\/schema.org\",\"@graph\":[{\"@type\":\"WebPage\",\"@id\":\"https:\/\/www.huebscher.net\/ch\/service\/schreiner-service\/\",\"url\":\"https:\/\/www.huebscher.net\/ch\/service\/schreiner-service\/\",\"name\":\"Schreiner-Service - H\u00dcBSCHER HOLZBAU\",\"isPartOf\":{\"@id\":\"https:\/\/www.huebscher.net\/ch\/#website\"},\"primaryImageOfPage\":{\"@id\":\"https:\/\/www.huebscher.net\/ch\/service\/schreiner-service\/#primaryimage\"},\"image\":{\"@id\":\"https:\/\/www.huebscher.net\/ch\/service\/schreiner-service\/#primaryimage\"},\"thumbnailUrl\":\"https:\/\/huebscher.net\/media\/B_4491-scaled-e1593348490386-1920x820.jpg\",\"datePublished\":\"2023-03-10T12:38:23+00:00\",\"dateModified\":\"2024-10-03T14:42:35+00:00\",\"description\":\"Holen Sie sich professionelle Schreiner-Service f\u00fcr Ihre Bed\u00fcrfnisse. Erhalten Sie ma\u00dfgeschneiderte L\u00f6sungen f\u00fcr Ihre Wohnr\u00e4ume.\",\"breadcrumb\":{\"@id\":\"https:\/\/www.huebscher.net\/ch\/service\/schreiner-service\/#breadcrumb\"},\"inLanguage\":\"de-CH\",\"potentialAction\":[{\"@type\":\"ReadAction\",\"target\":[\"https:\/\/www.huebscher.net\/ch\/service\/schreiner-service\/\"]}]},{\"@type\":\"ImageObject\",\"inLanguage\":\"de-CH\",\"@id\":\"https:\/\/www.huebscher.net\/ch\/service\/schreiner-service\/#primaryimage\",\"url\":\"https:\/\/huebscher.net\/media\/B_4491-scaled-e1593348490386-1920x820.jpg\",\"contentUrl\":\"https:\/\/huebscher.net\/media\/B_4491-scaled-e1593348490386-1920x820.jpg\"},{\"@type\":\"BreadcrumbList\",\"@id\":\"https:\/\/www.huebscher.net\/ch\/service\/schreiner-service\/#breadcrumb\",\"itemListElement\":[{\"@type\":\"ListItem\",\"position\":1,\"name\":\"Home\",\"item\":\"https:\/\/www.huebscher.net\/ch\/\"},{\"@type\":\"ListItem\",\"position\":2,\"name\":\"SERVICE\",\"item\":\"https:\/\/www.huebscher.net\/ch\/service\/\"},{\"@type\":\"ListItem\",\"position\":3,\"name\":\"Schreiner-Service\"}]},{\"@type\":\"WebSite\",\"@id\":\"https:\/\/www.huebscher.net\/ch\/#website\",\"url\":\"https:\/\/www.huebscher.net\/ch\/\",\"name\":\"H\u00fcbscher Holzbau\",\"description\":\"H\u00fcbscher Holzbau AG\",\"publisher\":{\"@id\":\"https:\/\/www.huebscher.net\/ch\/#organization\"},\"alternateName\":\"H\u00fcbscher Holzbau\",\"potentialAction\":[{\"@type\":\"SearchAction\",\"target\":{\"@type\":\"EntryPoint\",\"urlTemplate\":\"https:\/\/www.huebscher.net\/ch\/?s={search_term_string}\"},\"query-input\":{\"@type\":\"PropertyValueSpecification\",\"valueRequired\":true,\"valueName\":\"search_term_string\"}}],\"inLanguage\":\"de-CH\"},{\"@type\":\"Organization\",\"@id\":\"https:\/\/www.huebscher.net\/ch\/#organization\",\"name\":\"H\u00fcbscher Holzbau\",\"alternateName\":\"H\u00fcbscher Holzbau\",\"url\":\"https:\/\/www.huebscher.net\/ch\/\",\"logo\":{\"@type\":\"ImageObject\",\"inLanguage\":\"de-CH\",\"@id\":\"https:\/\/www.huebscher.net\/ch\/#\/schema\/logo\/image\/\",\"url\":\"https:\/\/www.huebscher.net\/media\/huebscher_logo_def.png\",\"contentUrl\":\"https:\/\/www.huebscher.net\/media\/huebscher_logo_def.png\",\"width\":220,\"height\":110,\"caption\":\"H\u00fcbscher Holzbau\"},\"image\":{\"@id\":\"https:\/\/www.huebscher.net\/ch\/#\/schema\/logo\/image\/\"},\"sameAs\":[\"http:\/\/facebook.com\/huebscher.holzbau\",\"https:\/\/pt.linkedin.com\/organization-guest\/company\/huebscher-holzbau\",\"https:\/\/www.instagram.com\/huebscherholzbau\/\"]}]}<\/script>\n<!-- \/ Yoast SEO Premium plugin. -->","yoast_head_json":{"title":"Schreiner-Service - H\u00dcBSCHER HOLZBAU","description":"Holen Sie sich professionelle Schreiner-Service f\u00fcr Ihre Bed\u00fcrfnisse. Erhalten Sie ma\u00dfgeschneiderte L\u00f6sungen f\u00fcr Ihre Wohnr\u00e4ume.","robots":{"index":"index","follow":"follow","max-snippet":"max-snippet:-1","max-image-preview":"max-image-preview:large","max-video-preview":"max-video-preview:-1"},"canonical":"https:\/\/www.huebscher.net\/ch\/service\/schreiner-service\/","og_locale":"de_DE","og_type":"article","og_title":"Schreiner-Service","og_description":"Holen Sie sich professionelle Schreiner-Service f\u00fcr Ihre Bed\u00fcrfnisse. Erhalten Sie ma\u00dfgeschneiderte L\u00f6sungen f\u00fcr Ihre Wohnr\u00e4ume.","og_url":"https:\/\/www.huebscher.net\/ch\/service\/schreiner-service\/","og_site_name":"H\u00dcBSCHER HOLZBAU","article_publisher":"http:\/\/facebook.com\/huebscher.holzbau","article_modified_time":"2024-10-03T14:42:35+00:00","og_image":[{"url":"https:\/\/huebscher.net\/media\/B_4491-scaled-e1593348490386-1920x820.jpg","type":"","width":"","height":""}],"twitter_card":"summary_large_image","twitter_misc":{"Gesch\u00e4tzte Lesezeit":"1 Minute"},"schema":{"@context":"https:\/\/schema.org","@graph":[{"@type":"WebPage","@id":"https:\/\/www.huebscher.net\/ch\/service\/schreiner-service\/","url":"https:\/\/www.huebscher.net\/ch\/service\/schreiner-service\/","name":"Schreiner-Service - H\u00dcBSCHER HOLZBAU","isPartOf":{"@id":"https:\/\/www.huebscher.net\/ch\/#website"},"primaryImageOfPage":{"@id":"https:\/\/www.huebscher.net\/ch\/service\/schreiner-service\/#primaryimage"},"image":{"@id":"https:\/\/www.huebscher.net\/ch\/service\/schreiner-service\/#primaryimage"},"thumbnailUrl":"https:\/\/huebscher.net\/media\/B_4491-scaled-e1593348490386-1920x820.jpg","datePublished":"2023-03-10T12:38:23+00:00","dateModified":"2024-10-03T14:42:35+00:00","description":"Holen Sie sich professionelle Schreiner-Service f\u00fcr Ihre Bed\u00fcrfnisse. Erhalten Sie ma\u00dfgeschneiderte L\u00f6sungen f\u00fcr Ihre Wohnr\u00e4ume.","breadcrumb":{"@id":"https:\/\/www.huebscher.net\/ch\/service\/schreiner-service\/#breadcrumb"},"inLanguage":"de-CH","potentialAction":[{"@type":"ReadAction","target":["https:\/\/www.huebscher.net\/ch\/service\/schreiner-service\/"]}]},{"@type":"ImageObject","inLanguage":"de-CH","@id":"https:\/\/www.huebscher.net\/ch\/service\/schreiner-service\/#primaryimage","url":"https:\/\/huebscher.net\/media\/B_4491-scaled-e1593348490386-1920x820.jpg","contentUrl":"https:\/\/huebscher.net\/media\/B_4491-scaled-e1593348490386-1920x820.jpg"},{"@type":"BreadcrumbList","@id":"https:\/\/www.huebscher.net\/ch\/service\/schreiner-service\/#breadcrumb","itemListElement":[{"@type":"ListItem","position":1,"name":"Home","item":"https:\/\/www.huebscher.net\/ch\/"},{"@type":"ListItem","position":2,"name":"SERVICE","item":"https:\/\/www.huebscher.net\/ch\/service\/"},{"@type":"ListItem","position":3,"name":"Schreiner-Service"}]},{"@type":"WebSite","@id":"https:\/\/www.huebscher.net\/ch\/#website","url":"https:\/\/www.huebscher.net\/ch\/","name":"H\u00fcbscher Holzbau","description":"H\u00fcbscher Holzbau AG","publisher":{"@id":"https:\/\/www.huebscher.net\/ch\/#organization"},"alternateName":"H\u00fcbscher Holzbau","potentialAction":[{"@type":"SearchAction","target":{"@type":"EntryPoint","urlTemplate":"https:\/\/www.huebscher.net\/ch\/?s={search_term_string}"},"query-input":{"@type":"PropertyValueSpecification","valueRequired":true,"valueName":"search_term_string"}}],"inLanguage":"de-CH"},{"@type":"Organization","@id":"https:\/\/www.huebscher.net\/ch\/#organization","name":"H\u00fcbscher Holzbau","alternateName":"H\u00fcbscher Holzbau","url":"https:\/\/www.huebscher.net\/ch\/","logo":{"@type":"ImageObject","inLanguage":"de-CH","@id":"https:\/\/www.huebscher.net\/ch\/#\/schema\/logo\/image\/","url":"https:\/\/www.huebscher.net\/media\/huebscher_logo_def.png","contentUrl":"https:\/\/www.huebscher.net\/media\/huebscher_logo_def.png","width":220,"height":110,"caption":"H\u00fcbscher Holzbau"},"image":{"@id":"https:\/\/www.huebscher.net\/ch\/#\/schema\/logo\/image\/"},"sameAs":["http:\/\/facebook.com\/huebscher.holzbau","https:\/\/pt.linkedin.com\/organization-guest\/company\/huebscher-holzbau","https:\/\/www.instagram.com\/huebscherholzbau\/"]}]}},"_links":{"self":[{"href":"https:\/\/www.huebscher.net\/ch\/wp-json\/wp\/v2\/pages\/7941"}],"collection":[{"href":"https:\/\/www.huebscher.net\/ch\/wp-json\/wp\/v2\/pages"}],"about":[{"href":"https:\/\/www.huebscher.net\/ch\/wp-json\/wp\/v2\/types\/page"}],"author":[{"embeddable":true,"href":"https:\/\/www.huebscher.net\/ch\/wp-json\/wp\/v2\/users\/2"}],"replies":[{"embeddable":true,"href":"https:\/\/www.huebscher.net\/ch\/wp-json\/wp\/v2\/comments?post=7941"}],"version-history":[{"count":16,"href":"https:\/\/www.huebscher.net\/ch\/wp-json\/wp\/v2\/pages\/7941\/revisions"}],"predecessor-version":[{"id":12284,"href":"https:\/\/www.huebscher.net\/ch\/wp-json\/wp\/v2\/pages\/7941\/revisions\/12284"}],"up":[{"embeddable":true,"href":"https:\/\/www.huebscher.net\/ch\/wp-json\/wp\/v2\/pages\/7841"}],"wp:attachment":[{"href":"https:\/\/www.huebscher.net\/ch\/wp-json\/wp\/v2\/media?parent=7941"}],"curies":[{"name":"wp","href":"https:\/\/api.w.org\/{rel}","templated":true}]}}