{"id":7769,"date":"2023-03-10T11:09:28","date_gmt":"2023-03-10T10:09:28","guid":{"rendered":"https:\/\/huebscher-holzbau.ch\/?page_id=7769"},"modified":"2025-05-21T09:00:15","modified_gmt":"2025-05-21T07:00:15","slug":"garderoben-schraenke-und-kuechen","status":"publish","type":"page","link":"https:\/\/www.huebscher.net\/ch\/innenausbau\/garderoben-schraenke-und-kuechen\/","title":{"rendered":"Garderoben, Schr\u00e4nke und <br\/>K\u00fcchen"},"content":{"rendered":"\n<div class=\"wp-block-columns has-2-columns sf-col-full is-layout-flex wp-container-core-columns-is-layout-2 wp-block-columns-is-layout-flex\">\n<div class=\"wp-block-column sf-col-7 is-layout-flow wp-block-column-is-layout-flow\">\n<p class=\"sf_content_spec\">Garderoben, Schr\u00e4nke und K\u00fcchen nach Mass \u2013 die Ordnung-Schaffer mit viel Stauraum. Einbauschr\u00e4nke, Ankleide, K\u00fcchen und Garderoben sind wahre Platzwunder und k\u00f6nnen in einem Raum wunderbare Ordnungsruhe verstr\u00f6men.<\/p>\n\n\n\n<div style=\"height:30px\" aria-hidden=\"true\" class=\"wp-block-spacer\"><\/div>\n\n\n<div id=\"metaslider-id-7774\" style=\"width: 100%;\" class=\"ml-slider-3-94-0 metaslider metaslider-flex metaslider-7774 ml-slider ms-theme-default nav-hidden\" role=\"region\" aria-roledescription=\"Slideshow\" aria-label=\"garderobe\">\n    <div id=\"metaslider_container_7774\">\n        <div id=\"metaslider_7774\">\n            <ul class='slides'>\n                <li style=\"display: block; width: 100%;\" class=\"slide-7775 ms-image \" aria-roledescription=\"slide\" aria-label=\"slide-7775\"><img fetchpriority=\"high\" decoding=\"async\" src=\"https:\/\/www.huebscher.net\/media\/innenausbau_06.jpg\" height=\"940\" width=\"1500\" alt=\"innenausbau h\u00fcbscher\" class=\"slider-7774 slide-7775\" title=\"innenausbau_06\" \/><\/li>\n                <li style=\"display: none; width: 100%;\" class=\"slide-7776 ms-image \" aria-roledescription=\"slide\" aria-label=\"slide-7776\"><img decoding=\"async\" src=\"https:\/\/www.huebscher.net\/media\/innenausbau_07.jpg\" height=\"940\" width=\"1500\" alt=\"innenausbau h\u00fcbscher\" class=\"slider-7774 slide-7776\" title=\"innenausbau_07\" \/><\/li>\n                <li style=\"display: none; width: 100%;\" class=\"slide-7777 ms-image \" aria-roledescription=\"slide\" aria-label=\"slide-7777\"><img decoding=\"async\" src=\"https:\/\/www.huebscher.net\/media\/innenausbau_07.1.jpg\" height=\"940\" width=\"1500\" alt=\"innenausbau h\u00fcbscher\" class=\"slider-7774 slide-7777\" title=\"innenausbau_07.1\" \/><\/li>\n            <\/ul>\n        <\/div>\n        \n    <\/div>\n<\/div>\n\n\n\n<div class=\"wp-block-columns is-layout-flex wp-container-core-columns-is-layout-1 wp-block-columns-is-layout-flex\">\n<div class=\"wp-block-column is-layout-flow wp-block-column-is-layout-flow\">\n<div style=\"height:20px\" aria-hidden=\"true\" class=\"wp-block-spacer\"><\/div>\n\n\n\n<h2 class=\"wp-block-heading\" id=\"h-garderoben\">Garderoben<\/h2>\n\n\n\n<p>Perfekt eingepasste Garderoben, Kinderabteile, Hutablage, Kleiderstange, Schuhgestell \u2013 alles nach Ihren W\u00fcnschen dabei. Und aufgebaut wird es auch gleich noch.<\/p>\n\n\n\n<div style=\"height:30px\" aria-hidden=\"true\" class=\"wp-block-spacer\"><\/div>\n\n\n<div id=\"metaslider-id-7780\" style=\"width: 100%;\" class=\"ml-slider-3-94-0 metaslider metaslider-flex metaslider-7780 ml-slider ms-theme-default nav-hidden nav-hidden\" role=\"region\" aria-roledescription=\"Slideshow\" aria-label=\"schraenke\">\n    <div id=\"metaslider_container_7780\">\n        <div id=\"metaslider_7780\">\n            <ul class='slides'>\n                <li style=\"display: block; width: 100%;\" class=\"slide-7781 ms-image \" aria-roledescription=\"slide\" aria-label=\"slide-7781\"><img loading=\"lazy\" decoding=\"async\" src=\"https:\/\/www.huebscher.net\/media\/innenausbau_18.jpg\" height=\"940\" width=\"1500\" alt=\"innenausbau h\u00fcbscher\" class=\"slider-7780 slide-7781\" title=\"innenausbau_18\" \/><\/li>\n                <li style=\"display: none; width: 100%;\" class=\"slide-7782 ms-image \" aria-roledescription=\"slide\" aria-label=\"slide-7782\"><img loading=\"lazy\" decoding=\"async\" src=\"https:\/\/www.huebscher.net\/media\/innenausbau_19.jpg\" height=\"940\" width=\"1500\" alt=\"innenausbau h\u00fcbscher\" class=\"slider-7780 slide-7782\" title=\"innenausbau_19\" \/><\/li>\n                <li style=\"display: none; width: 100%;\" class=\"slide-7783 ms-image \" aria-roledescription=\"slide\" aria-label=\"slide-7783\"><img loading=\"lazy\" decoding=\"async\" src=\"https:\/\/www.huebscher.net\/media\/innenausbau_20.jpg\" height=\"940\" width=\"1500\" alt=\"innenausbau h\u00fcbscher\" class=\"slider-7780 slide-7783\" title=\"innenausbau_20\" \/><\/li>\n            <\/ul>\n        <\/div>\n        \n    <\/div>\n<\/div>\n\n\n\n<div style=\"height:20px\" aria-hidden=\"true\" class=\"wp-block-spacer\"><\/div>\n\n\n\n<h2 class=\"wp-block-heading\" id=\"h-schranke\">Schr\u00e4nke<\/h2>\n\n\n\n<p>Teilen Sie uns mit, was Ihnen vorschwebt, wie Sie leben und was Sie brauchen. Gerne verraten wir Ihnen unsere Tipps und Tricks rund um das Thema Schrank und Ankleide. Denn wir haben das Wissen f\u00fcr Fl\u00fcgel- oder Schiebet\u00fcren, Schubladeneinteilungen, Kleiderstangen, Schuhausz\u00fcgen, Krawattenhalter, Kleiderliften, Spiegelanordnungen oder Tablareinteilungen. Konfigurieren Sie mit uns Ihren individuellen Schrank mit Oberfl\u00e4chen und Farben nach Ihrem Wunsch.<\/p>\n\n\n\n<div style=\"height:30px\" aria-hidden=\"true\" class=\"wp-block-spacer\"><\/div>\n\n\n<div id=\"metaslider-id-7786\" style=\"width: 100%;\" class=\"ml-slider-3-94-0 metaslider metaslider-flex metaslider-7786 ml-slider ms-theme-default nav-hidden nav-hidden nav-hidden\" role=\"region\" aria-roledescription=\"Slideshow\" aria-label=\"kueche\">\n    <div id=\"metaslider_container_7786\">\n        <div id=\"metaslider_7786\">\n            <ul class='slides'>\n                <li style=\"display: block; width: 100%;\" class=\"slide-7787 ms-image \" aria-roledescription=\"slide\" aria-label=\"slide-7787\"><img loading=\"lazy\" decoding=\"async\" src=\"https:\/\/www.huebscher.net\/media\/innenausbau_16.jpg\" height=\"940\" width=\"1500\" alt=\"innenausbau h\u00fcbscher\" class=\"slider-7786 slide-7787\" title=\"innenausbau_16\" \/><\/li>\n                <li style=\"display: none; width: 100%;\" class=\"slide-7788 ms-image \" aria-roledescription=\"slide\" aria-label=\"slide-7788\"><img loading=\"lazy\" decoding=\"async\" src=\"https:\/\/www.huebscher.net\/media\/innenausbau_08.jpg\" height=\"940\" width=\"1500\" alt=\"innenausbau h\u00fcbscher\" class=\"slider-7786 slide-7788\" title=\"innenausbau_08\" \/><\/li>\n                <li style=\"display: none; width: 100%;\" class=\"slide-7789 ms-image \" aria-roledescription=\"slide\" aria-label=\"slide-7789\"><img loading=\"lazy\" decoding=\"async\" src=\"https:\/\/www.huebscher.net\/media\/innenausbau_17.jpg\" height=\"940\" width=\"1500\" alt=\"innenausbau h\u00fcbscher\" class=\"slider-7786 slide-7789\" title=\"innenausbau_17\" \/><\/li>\n            <\/ul>\n        <\/div>\n        \n    <\/div>\n<\/div>\n\n\n\n<div style=\"height:20px\" aria-hidden=\"true\" class=\"wp-block-spacer\"><\/div>\n\n\n\n<h2 class=\"wp-block-heading\" id=\"h-kuchen\">K\u00fcchen<\/h2>\n\n\n\n<p>Individuelle K\u00fcchen, angepasst an die individuelle Umgebung und Kundenw\u00fcnsche. Das ist eine K\u00fcche von H\u00dcBSCHER.<\/p>\n<\/div>\n<\/div>\n\n\n\n<div style=\"height:40px\" aria-hidden=\"true\" class=\"wp-block-spacer\"><\/div>\n<\/div>\n\n\n\n<div class=\"wp-block-column sf-col-3 is-layout-flow wp-block-column-is-layout-flow\">\n<h2 class=\"wp-block-heading\" id=\"h-ansprechpartner\">Ansprechpartner<\/h2>\n\n\n\n<figure class=\"wp-block-image size-full sf_img_ansprech\"><img loading=\"lazy\" decoding=\"async\" width=\"480\" height=\"721\" src=\"https:\/\/huebscher.net\/media\/Andres_Bruderer.jpg\" alt=\"H\u00fcbscher Holzbau Ansprechpartner Andres Bruderer\" class=\"wp-image-1864\" srcset=\"https:\/\/www.huebscher.net\/media\/Andres_Bruderer.jpg 480w, https:\/\/www.huebscher.net\/media\/Andres_Bruderer-479x720.jpg 479w, https:\/\/www.huebscher.net\/media\/Andres_Bruderer-350x526.jpg 350w\" sizes=\"(max-width: 480px) 100vw, 480px\" \/><figcaption class=\"wp-element-caption\">Andres Bruderer<\/figcaption><\/figure>\n\n\n\n<h4>ANDRES BRUDERER<\/h4>\n<p>Leiter Innenausbau<\/p>\n<table>\n<tbody>\n<tr>\n<td><a class=\"email font-awesome\" href=\"mailto:andres.bruderer@huebscher-holzbau.ch\"><i class=\"fa-envelope\"><\/i> Mail<\/a><\/td>\n<\/tr>\n<tr>\n<td><a class=\"font-awesome\" href=\"tel:+41526874000\"><i class=\"fa-phone\"><\/i> +41 (0) 52 687 40 00<\/a><\/td>\n<\/tr>\n<\/tbody>\n<\/table>\n\n\n\n<div style=\"height:40px\" aria-hidden=\"true\" class=\"wp-block-spacer\"><\/div>\n\n\n\n<h2 class=\"wp-block-heading\" id=\"h-referenzprojekte\">Referenzprojekte<\/h2>\n\n\n\t\t<div data-elementor-type=\"section\" data-elementor-id=\"12513\" class=\"elementor elementor-12513\" data-elementor-post-type=\"elementor_library\">\n\t\t\t<div class=\"elementor-element elementor-element-c5740f3 e-flex e-con-boxed e-con e-parent\" data-id=\"c5740f3\" data-element_type=\"container\">\n\t\t\t\t\t<div class=\"e-con-inner\">\n\t\t\t\t<div class=\"elementor-element elementor-element-8752fc7 huebscher-referenzen-sidebar elementor-widget elementor-widget-ucaddon_ue_listing_slider\" data-id=\"8752fc7\" data-element_type=\"widget\" data-widget_type=\"ucaddon_ue_listing_slider.default\">\n\t\t\t\t<div class=\"elementor-widget-container\">\n\t\t\t\n<!-- start Loop Slider -->\n\t\t<link id='owl-carousel-css' href='https:\/\/www.huebscher.net\/wp-content\/plugins\/unlimited-elements-for-elementor-premium\/assets_libraries\/owl-carousel-new\/assets\/owl.carousel.css' type='text\/css' rel='stylesheet' >\n\t\t<link id='uc_ac_assets_file_animate_css_77907-css' href='https:\/\/www.huebscher.net\/media\/ac_assets\/uc_fixed_box_postslider\/animate.css' type='text\/css' rel='stylesheet' >\n\n<style>\/* widget: Loop Slider *\/\n\n#uc_ue_listing_slider_elementor_8752fc7{\n  min-height:1px;\n}\n\n#uc_ue_listing_slider_elementor_8752fc7 *{\n\tbox-sizing: border-box;\n}\n\n#uc_ue_listing_slider_elementor_8752fc7 .owl-nav .owl-prev{\n    position:absolute;\n    left:0px;\n    display:inline-block;\n    text-align:center;\n    transition:1s;\n}\n#uc_ue_listing_slider_elementor_8752fc7 .owl-nav .owl-next{\n  position:absolute;\n    right:0px;\n  display:inline-block;\n  text-align:center;\n  transition:1s;\n}\n\n\n#uc_ue_listing_slider_elementor_8752fc7 .owl-dots {\noverflow:hidden;\ndisplay:false !important;\ntext-align:center;\n}\n\n#uc_ue_listing_slider_elementor_8752fc7 .owl-dot {\ndisplay:inline-block;\ntransition: all .3s;  \n}\n\n#uc_ue_listing_slider_elementor_8752fc7 .ue-listing-slider\n{\n  overflow:hidden;\n}\n\n<\/style>\n\n<div class=\"ue-listing-slider uc-dynamic-popup-grid\"  style=\"direction:ltr;\">\n        <div class=\"uc_fbps_container\">\n            <div  class=\"owl-carousel uc-items-wrapper  \" id=\"uc_ue_listing_slider_elementor_8752fc7\"  data-custom-sethtml=\"true\" >\n              \n              \n              \n            <\/div>\n        <\/div>\n    <\/div>\n<!-- end Loop Slider -->\t\t<\/div>\n\t\t\t\t<\/div>\n\t\t\t\t\t<\/div>\n\t\t\t\t<\/div>\n\t\t\t\t<\/div>\n\t\t\n\n\n\n<div class=\"wp-block-buttons is-layout-flex wp-block-buttons-is-layout-flex\">\n<div class=\"wp-block-button sf-button\"><a class=\"wp-block-button__link has-background wp-element-button\" href=\"\/referenzen-huebscher\/?fwp_innenausbau=kasten-und-schranke\" style=\"background-color:#afc635\">Weitere Referenzen<\/a><\/div>\n<\/div>\n\n\n\n<div style=\"height:40px\" aria-hidden=\"true\" class=\"wp-block-spacer\"><\/div>\n\n\n\n<figure class=\"wp-block-image size-large\"><img loading=\"lazy\" decoding=\"async\" width=\"1620\" height=\"1080\" src=\"https:\/\/huebscher.net\/media\/IMG_4722_cc-1620x1080.jpg\" alt=\"H\u00dcBSCHER Brosch\u00fcre\" class=\"wp-image-4853\" srcset=\"https:\/\/www.huebscher.net\/media\/IMG_4722_cc-1620x1080.jpg 1620w, https:\/\/www.huebscher.net\/media\/IMG_4722_cc-1080x720.jpg 1080w, https:\/\/www.huebscher.net\/media\/IMG_4722_cc-768x512.jpg 768w, https:\/\/www.huebscher.net\/media\/IMG_4722_cc-150x100.jpg 150w, https:\/\/www.huebscher.net\/media\/IMG_4722_cc-350x233.jpg 350w, https:\/\/www.huebscher.net\/media\/IMG_4722_cc.jpg 1920w\" sizes=\"(max-width: 1620px) 100vw, 1620px\" \/><\/figure>\n\n\n\n<p>Wollen Sie mehr \u00fcber uns erfahren?<\/p>\n\n\n\n<div class=\"wp-block-button alignleft sf-button\"><a class=\"wp-block-button__link has-background wp-element-button\" href=\"\/broschure\/\" style=\"background-color:#afc635\">Brosch\u00fcre bestellen<\/a><\/div>\n<\/div>\n<\/div>\n","protected":false},"excerpt":{"rendered":"<p>Garderoben, Schr\u00e4nke und K\u00fcchen nach Mass \u2013 die Ordnung-Schaffer mit viel Stauraum. Einbauschr\u00e4nke, Ankleide, K\u00fcchen und Garderoben sind wahre Platzwunder und k\u00f6nnen in einem Raum wunderbare Ordnungsruhe verstr\u00f6men. Garderoben Perfekt eingepasste Garderoben, Kinderabteile, Hutablage, Kleiderstange, Schuhgestell \u2013 alles nach Ihren W\u00fcnschen dabei. Und aufgebaut wird es auch gleich noch. Schr\u00e4nke Teilen Sie uns mit, was&hellip;<\/p>\n","protected":false},"author":2,"featured_media":0,"parent":7636,"menu_order":0,"comment_status":"closed","ping_status":"closed","template":"","meta":{"_acf_changed":false,"_monsterinsights_skip_tracking":false,"_monsterinsights_sitenote_active":false,"_monsterinsights_sitenote_note":"","_monsterinsights_sitenote_category":0,"_genesis_hide_title":false,"_genesis_hide_breadcrumbs":false,"_genesis_hide_singular_image":false,"_genesis_hide_footer_widgets":false,"_genesis_custom_body_class":"sf_body_class","_genesis_custom_post_class":"","_genesis_layout":"full-width-content","footnotes":""},"class_list":{"0":"post-7769","1":"page","2":"type-page","3":"status-publish","5":"entry","6":"has-post-thumbnail"},"acf":[],"yoast_head":"<!-- This site is optimized with the Yoast SEO Premium plugin v25.2 (Yoast SEO v25.2) - https:\/\/yoast.com\/wordpress\/plugins\/seo\/ -->\n<title>Garderoben, Schr\u00e4nke und K\u00fcchen - H\u00dcBSCHER HOLZBAU<\/title>\n<meta name=\"description\" content=\"Garderoben, Schr\u00e4nke und K\u00fcchen nach Mass \u2013 die Ordnung-Schaffer mit viel Stauraum: Einbauschr\u00e4nke, Ankleide, K\u00fcchen und Garderoben.\" \/>\n<meta name=\"robots\" content=\"index, follow, max-snippet:-1, max-image-preview:large, max-video-preview:-1\" \/>\n<link rel=\"canonical\" href=\"https:\/\/www.huebscher.net\/ch\/innenausbau\/garderoben-schraenke-und-kuechen\/\" \/>\n<meta property=\"og:locale\" content=\"de_DE\" \/>\n<meta property=\"og:type\" content=\"article\" \/>\n<meta property=\"og:title\" content=\"Garderoben, Schr\u00e4nke und K\u00fcchen\" \/>\n<meta property=\"og:description\" content=\"Garderoben, Schr\u00e4nke und K\u00fcchen nach Mass \u2013 die Ordnung-Schaffer mit viel Stauraum: Einbauschr\u00e4nke, Ankleide, K\u00fcchen und Garderoben.\" \/>\n<meta property=\"og:url\" content=\"https:\/\/www.huebscher.net\/ch\/innenausbau\/garderoben-schraenke-und-kuechen\/\" \/>\n<meta property=\"og:site_name\" content=\"H\u00dcBSCHER HOLZBAU\" \/>\n<meta property=\"article:publisher\" content=\"http:\/\/facebook.com\/huebscher.holzbau\" \/>\n<meta property=\"article:modified_time\" content=\"2025-05-21T07:00:15+00:00\" \/>\n<meta property=\"og:image\" content=\"https:\/\/huebscher.net\/media\/Andres_Bruderer.jpg\" \/>\n<meta name=\"twitter:card\" content=\"summary_large_image\" \/>\n<meta name=\"twitter:label1\" content=\"Gesch\u00e4tzte Lesezeit\" \/>\n\t<meta name=\"twitter:data1\" content=\"2 Minuten\" \/>\n<script type=\"application\/ld+json\" class=\"yoast-schema-graph\">{\"@context\":\"https:\/\/schema.org\",\"@graph\":[{\"@type\":\"WebPage\",\"@id\":\"https:\/\/www.huebscher.net\/ch\/innenausbau\/garderoben-schraenke-und-kuechen\/\",\"url\":\"https:\/\/www.huebscher.net\/ch\/innenausbau\/garderoben-schraenke-und-kuechen\/\",\"name\":\"Garderoben, Schr\u00e4nke und K\u00fcchen - H\u00dcBSCHER HOLZBAU\",\"isPartOf\":{\"@id\":\"https:\/\/www.huebscher.net\/ch\/#website\"},\"primaryImageOfPage\":{\"@id\":\"https:\/\/www.huebscher.net\/ch\/innenausbau\/garderoben-schraenke-und-kuechen\/#primaryimage\"},\"image\":{\"@id\":\"https:\/\/www.huebscher.net\/ch\/innenausbau\/garderoben-schraenke-und-kuechen\/#primaryimage\"},\"thumbnailUrl\":\"https:\/\/huebscher.net\/media\/Andres_Bruderer.jpg\",\"datePublished\":\"2023-03-10T10:09:28+00:00\",\"dateModified\":\"2025-05-21T07:00:15+00:00\",\"description\":\"Garderoben, Schr\u00e4nke und K\u00fcchen nach Mass \u2013 die Ordnung-Schaffer mit viel Stauraum: Einbauschr\u00e4nke, Ankleide, K\u00fcchen und Garderoben.\",\"breadcrumb\":{\"@id\":\"https:\/\/www.huebscher.net\/ch\/innenausbau\/garderoben-schraenke-und-kuechen\/#breadcrumb\"},\"inLanguage\":\"de-CH\",\"potentialAction\":[{\"@type\":\"ReadAction\",\"target\":[\"https:\/\/www.huebscher.net\/ch\/innenausbau\/garderoben-schraenke-und-kuechen\/\"]}]},{\"@type\":\"ImageObject\",\"inLanguage\":\"de-CH\",\"@id\":\"https:\/\/www.huebscher.net\/ch\/innenausbau\/garderoben-schraenke-und-kuechen\/#primaryimage\",\"url\":\"https:\/\/huebscher.net\/media\/Andres_Bruderer.jpg\",\"contentUrl\":\"https:\/\/huebscher.net\/media\/Andres_Bruderer.jpg\"},{\"@type\":\"BreadcrumbList\",\"@id\":\"https:\/\/www.huebscher.net\/ch\/innenausbau\/garderoben-schraenke-und-kuechen\/#breadcrumb\",\"itemListElement\":[{\"@type\":\"ListItem\",\"position\":1,\"name\":\"Home\",\"item\":\"https:\/\/www.huebscher.net\/ch\/\"},{\"@type\":\"ListItem\",\"position\":2,\"name\":\"INNENAUSBAU\",\"item\":\"https:\/\/www.huebscher.net\/ch\/innenausbau\/\"},{\"@type\":\"ListItem\",\"position\":3,\"name\":\"Garderoben, Schr\u00e4nke und K\u00fcchen\"}]},{\"@type\":\"WebSite\",\"@id\":\"https:\/\/www.huebscher.net\/ch\/#website\",\"url\":\"https:\/\/www.huebscher.net\/ch\/\",\"name\":\"H\u00fcbscher Holzbau\",\"description\":\"H\u00fcbscher Holzbau AG\",\"publisher\":{\"@id\":\"https:\/\/www.huebscher.net\/ch\/#organization\"},\"alternateName\":\"H\u00fcbscher Holzbau\",\"potentialAction\":[{\"@type\":\"SearchAction\",\"target\":{\"@type\":\"EntryPoint\",\"urlTemplate\":\"https:\/\/www.huebscher.net\/ch\/?s={search_term_string}\"},\"query-input\":{\"@type\":\"PropertyValueSpecification\",\"valueRequired\":true,\"valueName\":\"search_term_string\"}}],\"inLanguage\":\"de-CH\"},{\"@type\":\"Organization\",\"@id\":\"https:\/\/www.huebscher.net\/ch\/#organization\",\"name\":\"H\u00fcbscher Holzbau\",\"alternateName\":\"H\u00fcbscher Holzbau\",\"url\":\"https:\/\/www.huebscher.net\/ch\/\",\"logo\":{\"@type\":\"ImageObject\",\"inLanguage\":\"de-CH\",\"@id\":\"https:\/\/www.huebscher.net\/ch\/#\/schema\/logo\/image\/\",\"url\":\"https:\/\/www.huebscher.net\/media\/huebscher_logo_def.png\",\"contentUrl\":\"https:\/\/www.huebscher.net\/media\/huebscher_logo_def.png\",\"width\":220,\"height\":110,\"caption\":\"H\u00fcbscher Holzbau\"},\"image\":{\"@id\":\"https:\/\/www.huebscher.net\/ch\/#\/schema\/logo\/image\/\"},\"sameAs\":[\"http:\/\/facebook.com\/huebscher.holzbau\",\"https:\/\/pt.linkedin.com\/organization-guest\/company\/huebscher-holzbau\",\"https:\/\/www.instagram.com\/huebscherholzbau\/\"]}]}<\/script>\n<!-- \/ Yoast SEO Premium plugin. -->","yoast_head_json":{"title":"Garderoben, Schr\u00e4nke und K\u00fcchen - H\u00dcBSCHER HOLZBAU","description":"Garderoben, Schr\u00e4nke und K\u00fcchen nach Mass \u2013 die Ordnung-Schaffer mit viel Stauraum: Einbauschr\u00e4nke, Ankleide, K\u00fcchen und Garderoben.","robots":{"index":"index","follow":"follow","max-snippet":"max-snippet:-1","max-image-preview":"max-image-preview:large","max-video-preview":"max-video-preview:-1"},"canonical":"https:\/\/www.huebscher.net\/ch\/innenausbau\/garderoben-schraenke-und-kuechen\/","og_locale":"de_DE","og_type":"article","og_title":"Garderoben, Schr\u00e4nke und K\u00fcchen","og_description":"Garderoben, Schr\u00e4nke und K\u00fcchen nach Mass \u2013 die Ordnung-Schaffer mit viel Stauraum: Einbauschr\u00e4nke, Ankleide, K\u00fcchen und Garderoben.","og_url":"https:\/\/www.huebscher.net\/ch\/innenausbau\/garderoben-schraenke-und-kuechen\/","og_site_name":"H\u00dcBSCHER HOLZBAU","article_publisher":"http:\/\/facebook.com\/huebscher.holzbau","article_modified_time":"2025-05-21T07:00:15+00:00","og_image":[{"url":"https:\/\/huebscher.net\/media\/Andres_Bruderer.jpg","type":"","width":"","height":""}],"twitter_card":"summary_large_image","twitter_misc":{"Gesch\u00e4tzte Lesezeit":"2 Minuten"},"schema":{"@context":"https:\/\/schema.org","@graph":[{"@type":"WebPage","@id":"https:\/\/www.huebscher.net\/ch\/innenausbau\/garderoben-schraenke-und-kuechen\/","url":"https:\/\/www.huebscher.net\/ch\/innenausbau\/garderoben-schraenke-und-kuechen\/","name":"Garderoben, Schr\u00e4nke und K\u00fcchen - H\u00dcBSCHER HOLZBAU","isPartOf":{"@id":"https:\/\/www.huebscher.net\/ch\/#website"},"primaryImageOfPage":{"@id":"https:\/\/www.huebscher.net\/ch\/innenausbau\/garderoben-schraenke-und-kuechen\/#primaryimage"},"image":{"@id":"https:\/\/www.huebscher.net\/ch\/innenausbau\/garderoben-schraenke-und-kuechen\/#primaryimage"},"thumbnailUrl":"https:\/\/huebscher.net\/media\/Andres_Bruderer.jpg","datePublished":"2023-03-10T10:09:28+00:00","dateModified":"2025-05-21T07:00:15+00:00","description":"Garderoben, Schr\u00e4nke und K\u00fcchen nach Mass \u2013 die Ordnung-Schaffer mit viel Stauraum: Einbauschr\u00e4nke, Ankleide, K\u00fcchen und Garderoben.","breadcrumb":{"@id":"https:\/\/www.huebscher.net\/ch\/innenausbau\/garderoben-schraenke-und-kuechen\/#breadcrumb"},"inLanguage":"de-CH","potentialAction":[{"@type":"ReadAction","target":["https:\/\/www.huebscher.net\/ch\/innenausbau\/garderoben-schraenke-und-kuechen\/"]}]},{"@type":"ImageObject","inLanguage":"de-CH","@id":"https:\/\/www.huebscher.net\/ch\/innenausbau\/garderoben-schraenke-und-kuechen\/#primaryimage","url":"https:\/\/huebscher.net\/media\/Andres_Bruderer.jpg","contentUrl":"https:\/\/huebscher.net\/media\/Andres_Bruderer.jpg"},{"@type":"BreadcrumbList","@id":"https:\/\/www.huebscher.net\/ch\/innenausbau\/garderoben-schraenke-und-kuechen\/#breadcrumb","itemListElement":[{"@type":"ListItem","position":1,"name":"Home","item":"https:\/\/www.huebscher.net\/ch\/"},{"@type":"ListItem","position":2,"name":"INNENAUSBAU","item":"https:\/\/www.huebscher.net\/ch\/innenausbau\/"},{"@type":"ListItem","position":3,"name":"Garderoben, Schr\u00e4nke und K\u00fcchen"}]},{"@type":"WebSite","@id":"https:\/\/www.huebscher.net\/ch\/#website","url":"https:\/\/www.huebscher.net\/ch\/","name":"H\u00fcbscher Holzbau","description":"H\u00fcbscher Holzbau AG","publisher":{"@id":"https:\/\/www.huebscher.net\/ch\/#organization"},"alternateName":"H\u00fcbscher Holzbau","potentialAction":[{"@type":"SearchAction","target":{"@type":"EntryPoint","urlTemplate":"https:\/\/www.huebscher.net\/ch\/?s={search_term_string}"},"query-input":{"@type":"PropertyValueSpecification","valueRequired":true,"valueName":"search_term_string"}}],"inLanguage":"de-CH"},{"@type":"Organization","@id":"https:\/\/www.huebscher.net\/ch\/#organization","name":"H\u00fcbscher Holzbau","alternateName":"H\u00fcbscher Holzbau","url":"https:\/\/www.huebscher.net\/ch\/","logo":{"@type":"ImageObject","inLanguage":"de-CH","@id":"https:\/\/www.huebscher.net\/ch\/#\/schema\/logo\/image\/","url":"https:\/\/www.huebscher.net\/media\/huebscher_logo_def.png","contentUrl":"https:\/\/www.huebscher.net\/media\/huebscher_logo_def.png","width":220,"height":110,"caption":"H\u00fcbscher Holzbau"},"image":{"@id":"https:\/\/www.huebscher.net\/ch\/#\/schema\/logo\/image\/"},"sameAs":["http:\/\/facebook.com\/huebscher.holzbau","https:\/\/pt.linkedin.com\/organization-guest\/company\/huebscher-holzbau","https:\/\/www.instagram.com\/huebscherholzbau\/"]}]}},"_links":{"self":[{"href":"https:\/\/www.huebscher.net\/ch\/wp-json\/wp\/v2\/pages\/7769"}],"collection":[{"href":"https:\/\/www.huebscher.net\/ch\/wp-json\/wp\/v2\/pages"}],"about":[{"href":"https:\/\/www.huebscher.net\/ch\/wp-json\/wp\/v2\/types\/page"}],"author":[{"embeddable":true,"href":"https:\/\/www.huebscher.net\/ch\/wp-json\/wp\/v2\/users\/2"}],"replies":[{"embeddable":true,"href":"https:\/\/www.huebscher.net\/ch\/wp-json\/wp\/v2\/comments?post=7769"}],"version-history":[{"count":34,"href":"https:\/\/www.huebscher.net\/ch\/wp-json\/wp\/v2\/pages\/7769\/revisions"}],"predecessor-version":[{"id":16158,"href":"https:\/\/www.huebscher.net\/ch\/wp-json\/wp\/v2\/pages\/7769\/revisions\/16158"}],"up":[{"embeddable":true,"href":"https:\/\/www.huebscher.net\/ch\/wp-json\/wp\/v2\/pages\/7636"}],"wp:attachment":[{"href":"https:\/\/www.huebscher.net\/ch\/wp-json\/wp\/v2\/media?parent=7769"}],"curies":[{"name":"wp","href":"https:\/\/api.w.org\/{rel}","templated":true}]}}