{"id":7636,"date":"2023-03-10T08:12:36","date_gmt":"2023-03-10T07:12:36","guid":{"rendered":"https:\/\/huebscher-holzbau.ch\/?page_id=7636"},"modified":"2025-10-30T14:04:07","modified_gmt":"2025-10-30T13:04:07","slug":"innenausbau","status":"publish","type":"page","link":"https:\/\/www.huebscher.net\/ch\/innenausbau\/","title":{"rendered":"INNENAUSBAU"},"content":{"rendered":"\n<div class=\"wp-block-columns has-2-columns sf-col-full is-layout-flex wp-container-core-columns-is-layout-1 wp-block-columns-is-layout-flex\">\n<div class=\"wp-block-column sf-col-7 is-layout-flow wp-block-column-is-layout-flow\">\n<p class=\"sf_content_spec\">Sie haben einen Wohntraum: ein behagliches Wohnklima mit nat\u00fcrlichen Baumaterialen ,100% \u00f6kologische und unbedenkliche Bauprodukte und dazu ein ansprechendes Innendesign? Dann sind Sie bei den H\u00dcBSCHER-Innenausbauberatern genau richtig.<\/p>\n\n\n\n<p>Ob ein individuelles <a href=\"\/innenausbau-2\/badmoebel\/\">Badm\u00f6be<\/a><a href=\"https:\/\/huebscherholzbau-my.sharepoint.com\/personal\/michael_huebscher_huebscher_swiss\/Documents\/Anpassungen%20Homepage\/Innenausbau\/Badm\u00f6bel.docx\">l<\/a>, <a href=\"https:\/\/huebscherholzbau-my.sharepoint.com\/personal\/michael_huebscher_huebscher_swiss\/Documents\/Anpassungen%20Homepage\/Innenausbau\/Garderobe,%20Schr\u00e4nke%20und%20K\u00fcchen.docx\">eine <\/a><a href=\"\/innenausbau-2\/garderoben-schraenke-und-kuechen\/\">Garderobe<\/a><a href=\"https:\/\/huebscherholzbau-my.sharepoint.com\/personal\/michael_huebscher_huebscher_swiss\/Documents\/Anpassungen%20Homepage\/Innenausbau\/Garderobe,%20Schr\u00e4nke%20und%20K\u00fcchen.docx\">, Schr\u00e4nke und K\u00fcche<\/a>, neue <a href=\"\/innenausbau-2\/innen-und-aussenturen\/\">Innen- und Aussent\u00fcren<\/a> oder einen kompletten Innenumbau inkl. neuem <a href=\"\/innenausbau-2\/bodenbelage-2\/\">Bodenbelag<\/a>, unser Innenausbau-Team begleitet Sie von der ersten Idee bis zur Umsetzung durch Ihr ganzes Projekt<\/p>\n\n\n\n<p>Dabei koordinieren wir auch ganze Innenumbauprojekte mit unseren langj\u00e4hrigen Baupartner. Unsere Innenarchitekten erstellen Ihnen nach Bedarf individuelle Konzepte und Vorschl\u00e4ge und wir begleiten Sie \u00fcber den ganzen Bauprozess.<\/p>\n\n\n\n<div style=\"height:20px\" aria-hidden=\"true\" class=\"wp-block-spacer\"><\/div>\n\n\n\n<div class=\"alignnormal\"><div id=\"metaslider-id-7712\" style=\"width: 100%;\" class=\"ml-slider-3-94-0 metaslider metaslider-flex metaslider-7712 ml-slider ms-theme-default nav-hidden\" role=\"region\" aria-roledescription=\"Slideshow\" aria-label=\"innenausbau\">\n    <div id=\"metaslider_container_7712\">\n        <div id=\"metaslider_7712\">\n            <ul class='slides'>\n                <li style=\"display: block; width: 100%;\" class=\"slide-7742 ms-image \" aria-roledescription=\"slide\" aria-label=\"slide-7742\"><img fetchpriority=\"high\" decoding=\"async\" src=\"https:\/\/www.huebscher.net\/media\/innenausbau_09.jpg\" height=\"940\" width=\"1500\" alt=\"innenausbau h\u00fcbscher\" class=\"slider-7712 slide-7742\" title=\"innenausbau_09\" \/><\/li>\n                <li style=\"display: none; width: 100%;\" class=\"slide-7743 ms-image \" aria-roledescription=\"slide\" aria-label=\"slide-7743\"><img decoding=\"async\" src=\"https:\/\/www.huebscher.net\/media\/innenausbau_10.jpg\" height=\"940\" width=\"1500\" alt=\"innenausbau h\u00fcbscher\" class=\"slider-7712 slide-7743\" title=\"innenausbau_10\" \/><\/li>\n                <li style=\"display: none; width: 100%;\" class=\"slide-7744 ms-image \" aria-roledescription=\"slide\" aria-label=\"slide-7744\"><img decoding=\"async\" src=\"https:\/\/www.huebscher.net\/media\/innenausbau_11.jpg\" height=\"940\" width=\"1500\" alt=\"innenausbau h\u00fcbscher\" class=\"slider-7712 slide-7744\" title=\"innenausbau_11\" \/><\/li>\n            <\/ul>\n        <\/div>\n        \n    <\/div>\n<\/div><\/div>\n\n\n\n<div style=\"height:40px\" aria-hidden=\"true\" class=\"wp-block-spacer\"><\/div>\n<\/div>\n\n\n\n<div class=\"wp-block-column sf-col-3 is-layout-flow wp-block-column-is-layout-flow\">\n<h2 class=\"wp-block-heading\" id=\"h-ansprechpartner\">Ansprechpartner<\/h2>\n\n\n\n<figure class=\"wp-block-image sf_img_ansprech\"><img loading=\"lazy\" decoding=\"async\" width=\"480\" height=\"721\" src=\"https:\/\/huebscher.net\/media\/Andres_Bruderer.jpg\" alt=\"H\u00fcbscher Holzbau Ansprechpartner Andres Bruderer\" class=\"wp-image-1864\" srcset=\"https:\/\/www.huebscher.net\/media\/Andres_Bruderer.jpg 480w, https:\/\/www.huebscher.net\/media\/Andres_Bruderer-479x720.jpg 479w, https:\/\/www.huebscher.net\/media\/Andres_Bruderer-350x526.jpg 350w\" sizes=\"(max-width: 480px) 100vw, 480px\" \/><\/figure>\n\n\n\n<h4>ANDRES BRUDERER<\/h4>\n<p>Leiter Innenausbau<\/p>\n<table>\n<tbody>\n<tr>\n<td><a class=\"email font-awesome\" href=\"mailto:andres.bruderer@huebscher-holzbau.ch\"><i class=\"fa-envelope fa-xl\"><\/i> Mail<\/a><\/td>\n<\/tr>\n<tr>\n<td><a class=\"font-awesome\" href=\"tel:+41526874000\"><i class=\"fa-phone fa-xl\"><\/i> +41 (0) 52 687 40 00<\/a><\/td>\n<\/tr>\n<\/tbody>\n<\/table>\n\n\n\n<div style=\"height:40px\" aria-hidden=\"true\" class=\"wp-block-spacer\"><\/div>\n\n\n\n<h2 class=\"wp-block-heading\" id=\"h-referenzprojekt\">Referenzprojekt<\/h2>\n\n\n\n<figure class=\"wp-block-gallery has-nested-images columns-default is-cropped wp-block-gallery-1 is-layout-flex wp-block-gallery-is-layout-flex\">\n<figure class=\"wp-block-image size-large\"><img loading=\"lazy\" decoding=\"async\" width=\"1620\" height=\"1080\" src=\"https:\/\/huebscher.net\/media\/20200808ob_29440-B-1620x1080.jpg\" alt=\"K\u00fcche\" class=\"wp-image-5374\" srcset=\"https:\/\/www.huebscher.net\/media\/20200808ob_29440-B-1620x1080.jpg 1620w, https:\/\/www.huebscher.net\/media\/20200808ob_29440-B-1080x720.jpg 1080w, https:\/\/www.huebscher.net\/media\/20200808ob_29440-B-768x512.jpg 768w, https:\/\/www.huebscher.net\/media\/20200808ob_29440-B-1536x1024.jpg 1536w, https:\/\/www.huebscher.net\/media\/20200808ob_29440-B-2048x1365.jpg 2048w, https:\/\/www.huebscher.net\/media\/20200808ob_29440-B-150x100.jpg 150w, https:\/\/www.huebscher.net\/media\/20200808ob_29440-B-350x233.jpg 350w\" sizes=\"(max-width: 1620px) 100vw, 1620px\" \/><\/figure>\n<\/figure>\n\n\n\n<figure class=\"wp-block-table sf_sub_info\"><table><tbody><tr><td>Erstellt:<\/td><td>2020<\/td><\/tr><tr><td>Ort :<\/td><td>8465 Wildensbuch<\/td><\/tr><\/tbody><\/table><\/figure>\n\n\n\n<div class=\"wp-block-buttons is-layout-flex wp-block-buttons-is-layout-flex\">\n<div class=\"wp-block-button sf-button\"><a class=\"wp-block-button__link has-background wp-element-button\" href=\"\/referenzen-huebscher\/?fwp_innenausbau=kasten-und-schranke\" style=\"background-color:#afc635\">Weitere Referenzen<\/a><\/div>\n<\/div>\n\n\n\n<div style=\"height:40px\" aria-hidden=\"true\" class=\"wp-block-spacer\"><\/div>\n\n\n\n<figure class=\"wp-block-image size-large\"><img loading=\"lazy\" decoding=\"async\" width=\"1620\" height=\"1080\" src=\"https:\/\/huebscher.net\/media\/IMG_4722_cc-1620x1080.jpg\" alt=\"H\u00dcBSCHER Brosch\u00fcre\" class=\"wp-image-4853\" srcset=\"https:\/\/www.huebscher.net\/media\/IMG_4722_cc-1620x1080.jpg 1620w, https:\/\/www.huebscher.net\/media\/IMG_4722_cc-1080x720.jpg 1080w, https:\/\/www.huebscher.net\/media\/IMG_4722_cc-768x512.jpg 768w, https:\/\/www.huebscher.net\/media\/IMG_4722_cc-150x100.jpg 150w, https:\/\/www.huebscher.net\/media\/IMG_4722_cc-350x233.jpg 350w, https:\/\/www.huebscher.net\/media\/IMG_4722_cc.jpg 1920w\" sizes=\"(max-width: 1620px) 100vw, 1620px\" \/><\/figure>\n\n\n\n<p>Wollen Sie mehr \u00fcber uns erfahren?<\/p>\n\n\n\n<div class=\"wp-block-button alignleft sf-button\"><a class=\"wp-block-button__link has-background wp-element-button\" href=\"\/broschure\/\" style=\"background-color:#afc635\">Brosch\u00fcre bestellen<\/a><\/div>\n<\/div>\n<\/div>\n","protected":false},"excerpt":{"rendered":"<p>Sie haben einen Wohntraum: ein behagliches Wohnklima mit nat\u00fcrlichen Baumaterialen ,100% \u00f6kologische und unbedenkliche Bauprodukte und dazu ein ansprechendes Innendesign? Dann sind Sie bei den H\u00dcBSCHER-Innenausbauberatern genau richtig. Ob ein individuelles Badm\u00f6bel, eine Garderobe, Schr\u00e4nke und K\u00fcche, neue Innen- und Aussent\u00fcren oder einen kompletten Innenumbau inkl. neuem Bodenbelag, unser Innenausbau-Team begleitet Sie von der ersten&hellip;<\/p>\n","protected":false},"author":2,"featured_media":0,"parent":0,"menu_order":0,"comment_status":"closed","ping_status":"closed","template":"","meta":{"_acf_changed":false,"_monsterinsights_skip_tracking":false,"_monsterinsights_sitenote_active":false,"_monsterinsights_sitenote_note":"","_monsterinsights_sitenote_category":0,"_genesis_hide_title":false,"_genesis_hide_breadcrumbs":false,"_genesis_hide_singular_image":false,"_genesis_hide_footer_widgets":false,"_genesis_custom_body_class":"sf_body_class","_genesis_custom_post_class":"","_genesis_layout":"full-width-content","footnotes":""},"class_list":{"0":"post-7636","1":"page","2":"type-page","3":"status-publish","5":"entry","6":"has-post-thumbnail"},"acf":[],"yoast_head":"<!-- This site is optimized with the Yoast SEO Premium plugin v25.2 (Yoast SEO v25.2) - https:\/\/yoast.com\/wordpress\/plugins\/seo\/ -->\n<title>INNENAUSBAU - H\u00dcBSCHER HOLZBAU<\/title>\n<meta name=\"description\" content=\"Wohntraum erf\u00fcllen: Ein behagliches Wohnklima mit nat\u00fcrlichen Baumaterialen ,100% \u00f6kologischen und unbedenklichen Bauprodukte im Innenausbau.\" \/>\n<meta name=\"robots\" content=\"index, follow, max-snippet:-1, max-image-preview:large, max-video-preview:-1\" \/>\n<link rel=\"canonical\" href=\"https:\/\/www.huebscher.net\/ch\/innenausbau\/\" \/>\n<meta property=\"og:locale\" content=\"de_DE\" \/>\n<meta property=\"og:type\" content=\"article\" \/>\n<meta property=\"og:title\" content=\"INNENAUSBAU\" \/>\n<meta property=\"og:description\" content=\"Wohntraum erf\u00fcllen: Ein behagliches Wohnklima mit nat\u00fcrlichen Baumaterialen ,100% \u00f6kologischen und unbedenklichen Bauprodukte im Innenausbau.\" \/>\n<meta property=\"og:url\" content=\"https:\/\/www.huebscher.net\/ch\/innenausbau\/\" \/>\n<meta property=\"og:site_name\" content=\"H\u00dcBSCHER HOLZBAU\" \/>\n<meta property=\"article:publisher\" content=\"http:\/\/facebook.com\/huebscher.holzbau\" \/>\n<meta property=\"article:modified_time\" content=\"2025-10-30T13:04:07+00:00\" \/>\n<meta property=\"og:image\" content=\"https:\/\/huebscher.net\/media\/Andres_Bruderer.jpg\" \/>\n<meta name=\"twitter:card\" content=\"summary_large_image\" \/>\n<meta name=\"twitter:label1\" content=\"Gesch\u00e4tzte Lesezeit\" \/>\n\t<meta name=\"twitter:data1\" content=\"2 Minuten\" \/>\n<script type=\"application\/ld+json\" class=\"yoast-schema-graph\">{\"@context\":\"https:\/\/schema.org\",\"@graph\":[{\"@type\":\"WebPage\",\"@id\":\"https:\/\/www.huebscher.net\/ch\/innenausbau\/\",\"url\":\"https:\/\/www.huebscher.net\/ch\/innenausbau\/\",\"name\":\"INNENAUSBAU - H\u00dcBSCHER HOLZBAU\",\"isPartOf\":{\"@id\":\"https:\/\/www.huebscher.net\/ch\/#website\"},\"primaryImageOfPage\":{\"@id\":\"https:\/\/www.huebscher.net\/ch\/innenausbau\/#primaryimage\"},\"image\":{\"@id\":\"https:\/\/www.huebscher.net\/ch\/innenausbau\/#primaryimage\"},\"thumbnailUrl\":\"https:\/\/huebscher.net\/media\/Andres_Bruderer.jpg\",\"datePublished\":\"2023-03-10T07:12:36+00:00\",\"dateModified\":\"2025-10-30T13:04:07+00:00\",\"description\":\"Wohntraum erf\u00fcllen: Ein behagliches Wohnklima mit nat\u00fcrlichen Baumaterialen ,100% \u00f6kologischen und unbedenklichen Bauprodukte im Innenausbau.\",\"breadcrumb\":{\"@id\":\"https:\/\/www.huebscher.net\/ch\/innenausbau\/#breadcrumb\"},\"inLanguage\":\"de-CH\",\"potentialAction\":[{\"@type\":\"ReadAction\",\"target\":[\"https:\/\/www.huebscher.net\/ch\/innenausbau\/\"]}]},{\"@type\":\"ImageObject\",\"inLanguage\":\"de-CH\",\"@id\":\"https:\/\/www.huebscher.net\/ch\/innenausbau\/#primaryimage\",\"url\":\"https:\/\/huebscher.net\/media\/Andres_Bruderer.jpg\",\"contentUrl\":\"https:\/\/huebscher.net\/media\/Andres_Bruderer.jpg\"},{\"@type\":\"BreadcrumbList\",\"@id\":\"https:\/\/www.huebscher.net\/ch\/innenausbau\/#breadcrumb\",\"itemListElement\":[{\"@type\":\"ListItem\",\"position\":1,\"name\":\"Home\",\"item\":\"https:\/\/www.huebscher.net\/ch\/\"},{\"@type\":\"ListItem\",\"position\":2,\"name\":\"INNENAUSBAU\"}]},{\"@type\":\"WebSite\",\"@id\":\"https:\/\/www.huebscher.net\/ch\/#website\",\"url\":\"https:\/\/www.huebscher.net\/ch\/\",\"name\":\"H\u00fcbscher Holzbau\",\"description\":\"H\u00fcbscher Holzbau AG\",\"publisher\":{\"@id\":\"https:\/\/www.huebscher.net\/ch\/#organization\"},\"alternateName\":\"H\u00fcbscher Holzbau\",\"potentialAction\":[{\"@type\":\"SearchAction\",\"target\":{\"@type\":\"EntryPoint\",\"urlTemplate\":\"https:\/\/www.huebscher.net\/ch\/?s={search_term_string}\"},\"query-input\":{\"@type\":\"PropertyValueSpecification\",\"valueRequired\":true,\"valueName\":\"search_term_string\"}}],\"inLanguage\":\"de-CH\"},{\"@type\":\"Organization\",\"@id\":\"https:\/\/www.huebscher.net\/ch\/#organization\",\"name\":\"H\u00fcbscher Holzbau\",\"alternateName\":\"H\u00fcbscher Holzbau\",\"url\":\"https:\/\/www.huebscher.net\/ch\/\",\"logo\":{\"@type\":\"ImageObject\",\"inLanguage\":\"de-CH\",\"@id\":\"https:\/\/www.huebscher.net\/ch\/#\/schema\/logo\/image\/\",\"url\":\"https:\/\/www.huebscher.net\/media\/huebscher_logo_def.png\",\"contentUrl\":\"https:\/\/www.huebscher.net\/media\/huebscher_logo_def.png\",\"width\":220,\"height\":110,\"caption\":\"H\u00fcbscher Holzbau\"},\"image\":{\"@id\":\"https:\/\/www.huebscher.net\/ch\/#\/schema\/logo\/image\/\"},\"sameAs\":[\"http:\/\/facebook.com\/huebscher.holzbau\",\"https:\/\/pt.linkedin.com\/organization-guest\/company\/huebscher-holzbau\",\"https:\/\/www.instagram.com\/huebscherholzbau\/\"]}]}<\/script>\n<!-- \/ Yoast SEO Premium plugin. -->","yoast_head_json":{"title":"INNENAUSBAU - H\u00dcBSCHER HOLZBAU","description":"Wohntraum erf\u00fcllen: Ein behagliches Wohnklima mit nat\u00fcrlichen Baumaterialen ,100% \u00f6kologischen und unbedenklichen Bauprodukte im Innenausbau.","robots":{"index":"index","follow":"follow","max-snippet":"max-snippet:-1","max-image-preview":"max-image-preview:large","max-video-preview":"max-video-preview:-1"},"canonical":"https:\/\/www.huebscher.net\/ch\/innenausbau\/","og_locale":"de_DE","og_type":"article","og_title":"INNENAUSBAU","og_description":"Wohntraum erf\u00fcllen: Ein behagliches Wohnklima mit nat\u00fcrlichen Baumaterialen ,100% \u00f6kologischen und unbedenklichen Bauprodukte im Innenausbau.","og_url":"https:\/\/www.huebscher.net\/ch\/innenausbau\/","og_site_name":"H\u00dcBSCHER HOLZBAU","article_publisher":"http:\/\/facebook.com\/huebscher.holzbau","article_modified_time":"2025-10-30T13:04:07+00:00","og_image":[{"url":"https:\/\/huebscher.net\/media\/Andres_Bruderer.jpg","type":"","width":"","height":""}],"twitter_card":"summary_large_image","twitter_misc":{"Gesch\u00e4tzte Lesezeit":"2 Minuten"},"schema":{"@context":"https:\/\/schema.org","@graph":[{"@type":"WebPage","@id":"https:\/\/www.huebscher.net\/ch\/innenausbau\/","url":"https:\/\/www.huebscher.net\/ch\/innenausbau\/","name":"INNENAUSBAU - H\u00dcBSCHER HOLZBAU","isPartOf":{"@id":"https:\/\/www.huebscher.net\/ch\/#website"},"primaryImageOfPage":{"@id":"https:\/\/www.huebscher.net\/ch\/innenausbau\/#primaryimage"},"image":{"@id":"https:\/\/www.huebscher.net\/ch\/innenausbau\/#primaryimage"},"thumbnailUrl":"https:\/\/huebscher.net\/media\/Andres_Bruderer.jpg","datePublished":"2023-03-10T07:12:36+00:00","dateModified":"2025-10-30T13:04:07+00:00","description":"Wohntraum erf\u00fcllen: Ein behagliches Wohnklima mit nat\u00fcrlichen Baumaterialen ,100% \u00f6kologischen und unbedenklichen Bauprodukte im Innenausbau.","breadcrumb":{"@id":"https:\/\/www.huebscher.net\/ch\/innenausbau\/#breadcrumb"},"inLanguage":"de-CH","potentialAction":[{"@type":"ReadAction","target":["https:\/\/www.huebscher.net\/ch\/innenausbau\/"]}]},{"@type":"ImageObject","inLanguage":"de-CH","@id":"https:\/\/www.huebscher.net\/ch\/innenausbau\/#primaryimage","url":"https:\/\/huebscher.net\/media\/Andres_Bruderer.jpg","contentUrl":"https:\/\/huebscher.net\/media\/Andres_Bruderer.jpg"},{"@type":"BreadcrumbList","@id":"https:\/\/www.huebscher.net\/ch\/innenausbau\/#breadcrumb","itemListElement":[{"@type":"ListItem","position":1,"name":"Home","item":"https:\/\/www.huebscher.net\/ch\/"},{"@type":"ListItem","position":2,"name":"INNENAUSBAU"}]},{"@type":"WebSite","@id":"https:\/\/www.huebscher.net\/ch\/#website","url":"https:\/\/www.huebscher.net\/ch\/","name":"H\u00fcbscher Holzbau","description":"H\u00fcbscher Holzbau AG","publisher":{"@id":"https:\/\/www.huebscher.net\/ch\/#organization"},"alternateName":"H\u00fcbscher Holzbau","potentialAction":[{"@type":"SearchAction","target":{"@type":"EntryPoint","urlTemplate":"https:\/\/www.huebscher.net\/ch\/?s={search_term_string}"},"query-input":{"@type":"PropertyValueSpecification","valueRequired":true,"valueName":"search_term_string"}}],"inLanguage":"de-CH"},{"@type":"Organization","@id":"https:\/\/www.huebscher.net\/ch\/#organization","name":"H\u00fcbscher Holzbau","alternateName":"H\u00fcbscher Holzbau","url":"https:\/\/www.huebscher.net\/ch\/","logo":{"@type":"ImageObject","inLanguage":"de-CH","@id":"https:\/\/www.huebscher.net\/ch\/#\/schema\/logo\/image\/","url":"https:\/\/www.huebscher.net\/media\/huebscher_logo_def.png","contentUrl":"https:\/\/www.huebscher.net\/media\/huebscher_logo_def.png","width":220,"height":110,"caption":"H\u00fcbscher Holzbau"},"image":{"@id":"https:\/\/www.huebscher.net\/ch\/#\/schema\/logo\/image\/"},"sameAs":["http:\/\/facebook.com\/huebscher.holzbau","https:\/\/pt.linkedin.com\/organization-guest\/company\/huebscher-holzbau","https:\/\/www.instagram.com\/huebscherholzbau\/"]}]}},"_links":{"self":[{"href":"https:\/\/www.huebscher.net\/ch\/wp-json\/wp\/v2\/pages\/7636"}],"collection":[{"href":"https:\/\/www.huebscher.net\/ch\/wp-json\/wp\/v2\/pages"}],"about":[{"href":"https:\/\/www.huebscher.net\/ch\/wp-json\/wp\/v2\/types\/page"}],"author":[{"embeddable":true,"href":"https:\/\/www.huebscher.net\/ch\/wp-json\/wp\/v2\/users\/2"}],"replies":[{"embeddable":true,"href":"https:\/\/www.huebscher.net\/ch\/wp-json\/wp\/v2\/comments?post=7636"}],"version-history":[{"count":19,"href":"https:\/\/www.huebscher.net\/ch\/wp-json\/wp\/v2\/pages\/7636\/revisions"}],"predecessor-version":[{"id":15875,"href":"https:\/\/www.huebscher.net\/ch\/wp-json\/wp\/v2\/pages\/7636\/revisions\/15875"}],"wp:attachment":[{"href":"https:\/\/www.huebscher.net\/ch\/wp-json\/wp\/v2\/media?parent=7636"}],"curies":[{"name":"wp","href":"https:\/\/api.w.org\/{rel}","templated":true}]}}