	
	{"id":1341,"date":"2015-11-19T08:32:10","date_gmt":"2015-11-19T07:32:10","guid":{"rendered":"https:\/\/huebscher-holzbau.ch\/?page_id=1341"},"modified":"2026-01-13T13:17:11","modified_gmt":"2026-01-13T12:17:11","slug":"ansprechpartner","status":"publish","type":"page","link":"https:\/\/www.huebscher.net\/ch\/kontakt\/ansprechpartner\/","title":{"rendered":"Ansprechpartner"},"content":{"rendered":"    <link rel=\"stylesheet\" href=\"https:\/\/www.huebscher.net\/wp-content\/themes\/huebscherholzbau\/css\/bootstrap.css\" type=\"text\/css\" media=\"all\">\n    <script src=\"https:\/\/www.huebscher.net\/wp-content\/themes\/huebscherholzbau\/js\/bootstrap.min.js\" type=\"text\/javascript\" defer=\"\"><\/script>\n\t<div class=\"sf_heading_tab\">\n\t    \t    \t<ul id=\"tabs\" class=\"nav nav-tabs\" role=\"tablist\">\n\t    \t\t\t        <li class=\"nav-item\">\n\t\t            <a id=\"tab-1\" href=\"#pane-1\" class=\"nav-link active\" data-toggle=\"tab\" role=\"tab\">Gesch\u00e4ftsleitung<\/a>\n\t\t        <\/li>\n\t\t        \t\t        <li class=\"nav-item\">\n\t\t            <a id=\"tab-2\" href=\"#pane-2\" class=\"nav-link \" data-toggle=\"tab\" role=\"tab\">Beratung und Verkauf<\/a>\n\t\t        <\/li>\n\t\t        \t\t        <li class=\"nav-item\">\n\t\t            <a id=\"tab-3\" href=\"#pane-3\" class=\"nav-link \" data-toggle=\"tab\" role=\"tab\">Ausf\u00fchrung<\/a>\n\t\t        <\/li>\n\t\t        \t\t        <li class=\"nav-item\">\n\t\t            <a id=\"tab-4\" href=\"#pane-4\" class=\"nav-link \" data-toggle=\"tab\" role=\"tab\">Innenausbau<\/a>\n\t\t        <\/li>\n\t\t        \t\t        <li class=\"nav-item\">\n\t\t            <a id=\"tab-5\" href=\"#pane-5\" class=\"nav-link \" data-toggle=\"tab\" role=\"tab\">Service<\/a>\n\t\t        <\/li>\n\t\t        \t    \t<\/ul>\n\t            \n                    <div id=\"content\" class=\"tab-content\" role=\"tablist\">\n              \n                    <div id=\"pane-1\" class=\"card tab-pane fade show active\" role=\"tabpanel\" aria-labelledby=\"tab-1\">                  \n                        <div class=\"card-header\" role=\"tab\" id=\"heading-1\">\n                            <!-- show in desktop -->\n                                <h2 class=\"mb-0\">Gesch\u00e4ftsleitung<\/h2>\n                            <!-- show in mobile -->\n                            <h5 class=\"mb-0\">\n                                <!-- Note: `data-parent` removed from here -->\n                                <a data-toggle=\"collapse\" href=\"#collapse-1\" aria-expanded=\"true\" aria-controls=\"collapse-1\">\n                                    Gesch\u00e4ftsleitung                                <\/a>\n                            <\/h5>                            \n                        <\/div>\n                        <div id=\"collapse-1\" class=\"collapse show\" data-parent=\"#content\" role=\"tabpanel\" aria-labelledby=\"heading-1\">\n                        <div class=\"row\">\n                                                        \n                                <div class=\"card-body col-sm-3\">\n                                                                            <div class=\"sf_img_ansprech\">\n                                            <img decoding=\"async\" src=\"https:\/\/www.huebscher.net\/media\/Vivien-Sohn-scaled.jpg\" alt=\"Vivien Sohn\" \/>\n                                        <\/div>\n                                                                                 \n                                    <div class=\"sf_info_ansprech\"><h4>VIVIEN SOHN<\/h4>\n<p>CEO Gesch\u00e4ftsf\u00fchrerin<\/p>\n<table>\n<tbody>\n<tr>\n<td><a class=\"email\" href=\"mailto:vivien.sohn@huebscher.swiss\">Email<\/a><\/td>\n<\/tr>\n<tr>\n<td>+41 (0)52 687 40 00<\/td>\n<\/tr>\n<\/tbody>\n<\/table>\n<\/div>\n                                <\/div>                                                        \n                                                        \n                                <div class=\"card-body col-sm-3\">\n                                                                            <div class=\"sf_img_ansprech\">\n                                            <img decoding=\"async\" src=\"https:\/\/www.huebscher.net\/media\/Philipp-Ammann.jpg\" alt=\"Philipp-Ammann\" \/>\n                                        <\/div>\n                                                                                 \n                                    <div class=\"sf_info_ansprech\"><h4>PHILIPP AMMANN<\/h4>\n<p>Leitung Verkauf<\/p>\n<table>\n<tbody>\n<tr>\n<td><a class=\"email\" href=\"mailto:philipp.ammann@huebscher.swiss\">Email<\/a><\/td>\n<\/tr>\n<tr>\n<td>+41 (0)52 687 40 00<\/td>\n<\/tr>\n<\/tbody>\n<\/table>\n<\/div>\n                                <\/div>                                                        \n                                                        \n                                <div class=\"card-body col-sm-3\">\n                                                                            <div class=\"sf_img_ansprech\">\n                                            <img decoding=\"async\" src=\"https:\/\/www.huebscher.net\/media\/Erik-Homburger_klein.jpg\" alt=\"Erik Homburger\" \/>\n                                        <\/div>\n                                                                                 \n                                    <div class=\"sf_info_ansprech\"><h4>ERIK HOMBURGER<\/h4>\n<p>Leitung Ausf\u00fchrung<\/p>\n<table>\n<tbody>\n<tr>\n<td><a class=\"email\" href=\"mailto:erik.homburger@huebscher.swiss\">Email<\/a><\/td>\n<\/tr>\n<tr>\n<td>+41 (0)52 687 40 00<\/td>\n<\/tr>\n<\/tbody>\n<\/table>\n<\/div>\n                                <\/div>                                                        \n                                                        \n                                <div class=\"card-body col-sm-3\">\n                                                                            <div class=\"sf_img_ansprech\">\n                                            <img decoding=\"async\" src=\"https:\/\/www.huebscher.net\/media\/Andres_Bruderer.jpg\" alt=\"H\u00fcbscher Holzbau Ansprechpartner Andres Bruderer\" \/>\n                                        <\/div>\n                                                                                 \n                                    <div class=\"sf_info_ansprech\"><h4>ANDRES BRUDERER<\/h4>\n<p>Leitung Innenausbau<\/p>\n<table>\n<tbody>\n<tr>\n<td><a class=\"email\" href=\"mailto:andres.bruderer@huebscher.swiss\">Email<\/a><\/td>\n<\/tr>\n<tr>\n<td>+41 (0)52 687 40 00<\/td>\n<\/tr>\n<\/tbody>\n<\/table>\n<\/div>\n                                <\/div>                                                        \n                             \n                        <\/div>\n                        <\/div>\n                    <\/div>                   \n                  \n                    <div id=\"pane-2\" class=\"card tab-pane fade \" role=\"tabpanel\" aria-labelledby=\"tab-2\">                  \n                        <div class=\"card-header\" role=\"tab\" id=\"heading-2\">\n                            <!-- show in desktop -->\n                                <h2 class=\"mb-0\">Beratung und Verkauf<\/h2>\n                            <!-- show in mobile -->\n                            <h5 class=\"mb-0\">\n                                <!-- Note: `data-parent` removed from here -->\n                                <a data-toggle=\"collapse\" href=\"#collapse-2\" aria-expanded=\"true\" aria-controls=\"collapse-2\">\n                                    Beratung und Verkauf                                <\/a>\n                            <\/h5>                            \n                        <\/div>\n                        <div id=\"collapse-2\" class=\"collapse \" data-parent=\"#content\" role=\"tabpanel\" aria-labelledby=\"heading-2\">\n                        <div class=\"row\">\n                                                        \n                                <div class=\"card-body col-sm-3\">\n                                                                            <div class=\"sf_img_ansprech\">\n                                            <img decoding=\"async\" src=\"https:\/\/www.huebscher.net\/media\/Philipp-Ammann.jpg\" alt=\"Philipp-Ammann\" \/>\n                                        <\/div>\n                                                                                 \n                                    <div class=\"sf_info_ansprech\"><h4>PHILIPP AMMANN<\/h4>\n<p>Leiter Verkauf<br \/>\nBeratung und Verkauf Holzhausbau<\/p>\n<table>\n<tbody>\n<tr>\n<td><a class=\"email\" href=\"mailto:philipp.ammann@huebscher.swiss\">Email<\/a><\/td>\n<\/tr>\n<tr>\n<td>+41 (0)52 687 40 00<\/td>\n<\/tr>\n<\/tbody>\n<\/table>\n<\/div>\n                                <\/div>                                                        \n                                                        \n                                <div class=\"card-body col-sm-3\">\n                                                                            <div class=\"sf_img_ansprech\">\n                                            <img decoding=\"async\" src=\"https:\/\/www.huebscher.net\/media\/Michael_Hubscher.jpg\" alt=\"Michael H\u00fcbscher\" \/>\n                                        <\/div>\n                                                                                 \n                                    <div class=\"sf_info_ansprech\"><h4>MICHAEL H\u00dcBSCHER<\/h4>\n<p>Beratung und Verkauf Umbau + Sanierung<br \/>\n<em>Brandschutzfachmann VKF, Energie- und GEAK-Experte<\/em><\/p>\n<table>\n<tbody>\n<tr>\n<td><a class=\"email\" href=\"mailto:michael.huebscher@huebscher.swiss\">Email<\/a><\/td>\n<\/tr>\n<tr>\n<td>+41 (0)52 687 40 00<\/td>\n<\/tr>\n<\/tbody>\n<\/table>\n<\/div>\n                                <\/div>                                                        \n                                                        \n                                <div class=\"card-body col-sm-3\">\n                                                                            <div class=\"sf_img_ansprech\">\n                                            <img decoding=\"async\" src=\"https:\/\/www.huebscher.net\/media\/Andres_Bruderer.jpg\" alt=\"H\u00fcbscher Holzbau Ansprechpartner Andres Bruderer\" \/>\n                                        <\/div>\n                                                                                 \n                                    <div class=\"sf_info_ansprech\"><h4>ANDRES BRUDERER<\/h4>\n<p>Beratung und Verkauf Innenausbau<br \/>\nBereichsleiter Innenausbau<\/p>\n<table>\n<tbody>\n<tr>\n<td><a class=\"email\" href=\"mailto:andres.bruderer@huebscher.swiss\">Email<\/a><\/td>\n<\/tr>\n<tr>\n<td>+41 (0)52 687 40 00<\/td>\n<\/tr>\n<\/tbody>\n<\/table>\n<\/div>\n                                <\/div>                                                        \n                             \n                        <\/div>\n                        <\/div>\n                    <\/div>                   \n                  \n                    <div id=\"pane-3\" class=\"card tab-pane fade \" role=\"tabpanel\" aria-labelledby=\"tab-3\">                  \n                        <div class=\"card-header\" role=\"tab\" id=\"heading-3\">\n                            <!-- show in desktop -->\n                                <h2 class=\"mb-0\">Ausf\u00fchrung<\/h2>\n                            <!-- show in mobile -->\n                            <h5 class=\"mb-0\">\n                                <!-- Note: `data-parent` removed from here -->\n                                <a data-toggle=\"collapse\" href=\"#collapse-3\" aria-expanded=\"true\" aria-controls=\"collapse-3\">\n                                    Ausf\u00fchrung                                <\/a>\n                            <\/h5>                            \n                        <\/div>\n                        <div id=\"collapse-3\" class=\"collapse \" data-parent=\"#content\" role=\"tabpanel\" aria-labelledby=\"heading-3\">\n                        <div class=\"row\">\n                                                        \n                                <div class=\"card-body col-sm-3\">\n                                                                            <div class=\"sf_img_ansprech\">\n                                            <img decoding=\"async\" src=\"https:\/\/www.huebscher.net\/media\/Erik-Homburger_klein.jpg\" alt=\"Erik Homburger\" \/>\n                                        <\/div>\n                                                                                 \n                                    <div class=\"sf_info_ansprech\"><h4>ERIK HOMBURGER<\/h4>\n<p>Leiter Ausf\u00fchrung<\/p>\n<table>\n<tbody>\n<tr>\n<td><a class=\"email\" href=\"mailto:erik.homburger@huebscher.swiss\">Email<\/a><\/td>\n<\/tr>\n<tr>\n<td>+41 (0)52 687 40 00<\/td>\n<\/tr>\n<\/tbody>\n<\/table>\n<\/div>\n                                <\/div>                                                        \n                                                        \n                                <div class=\"card-body col-sm-3\">\n                                                                            <div class=\"sf_img_ansprech\">\n                                            <img decoding=\"async\" src=\"https:\/\/www.huebscher.net\/media\/Sven-Freudenberger_klein.jpg\" alt=\"Sven Freudenberger\" \/>\n                                        <\/div>\n                                                                                 \n                                    <div class=\"sf_info_ansprech\"><h4>SVEN FREUDENBERGER<\/h4>\n<p>Projektleiter<\/p>\n<table>\n<tbody>\n<tr>\n<td><a class=\"email\" href=\"mailto:sven.freudenberger@huebscher.swiss\">Email<\/a><\/td>\n<\/tr>\n<tr>\n<td>+41 (0)52 687 40 15<\/td>\n<\/tr>\n<\/tbody>\n<\/table>\n<\/div>\n                                <\/div>                                                        \n                                                        \n                                <div class=\"card-body col-sm-3\">\n                                                                            <div class=\"sf_img_ansprech\">\n                                            <img decoding=\"async\" src=\"https:\/\/www.huebscher.net\/media\/Thomas-Zolg-scaled-1.jpg\" alt=\"\" \/>\n                                        <\/div>\n                                                                                 \n                                    <div class=\"sf_info_ansprech\"><h4>THOMAS ZOLG<\/h4>\n<p>Projektleiter<\/p>\n<table>\n<tbody>\n<tr>\n<td><a class=\"email\" href=\"mailto:thomas.zolg@huebscher.swiss\">Email<\/a><\/td>\n<\/tr>\n<tr>\n<td>+41 (0)52 551 24 11<\/td>\n<\/tr>\n<\/tbody>\n<\/table>\n<\/div>\n                                <\/div>                                                        \n                                                        \n                                <div class=\"card-body col-sm-3\">\n                                                                            <div class=\"sf_img_ansprech\">\n                                            <img decoding=\"async\" src=\"https:\/\/www.huebscher.net\/media\/Detlef-Greitmann-scaled.jpg\" alt=\"Detlef Greitmann\" \/>\n                                        <\/div>\n                                                                                 \n                                    <div class=\"sf_info_ansprech\"><h4>DETLEF GREITMANN<\/h4>\n<p>Projektleiter<\/p>\n<table>\n<tbody>\n<tr>\n<td><a class=\"email\" href=\"mailto:detlef.greitmann@huebscher.swiss\">Email<\/a><\/td>\n<\/tr>\n<tr>\n<td>+41 (0)52 687 40 11<\/td>\n<\/tr>\n<\/tbody>\n<\/table>\n<\/div>\n                                <\/div>                                                        \n                                                        \n                                <div class=\"card-body col-sm-3\">\n                                                                            <div class=\"sf_img_ansprech\">\n                                            <img decoding=\"async\" src=\"https:\/\/www.huebscher.net\/media\/Michael-Haiss-scaled.jpg\" alt=\"\" \/>\n                                        <\/div>\n                                                                                 \n                                    <div class=\"sf_info_ansprech\"><h4>MICHAEL HAISS<\/h4>\n<p>Projektleiter<\/p>\n<table>\n<tbody>\n<tr>\n<td><a class=\"email\" href=\"mailto:michael.haiss@huebscher.swiss\">Email<\/a><\/td>\n<\/tr>\n<tr>\n<td>+41 (0)52 551 24 16<\/td>\n<\/tr>\n<\/tbody>\n<\/table>\n<\/div>\n                                <\/div>                                                        \n                                                        \n                                <div class=\"card-body col-sm-3\">\n                                                                            <div class=\"sf_img_ansprech\">\n                                            <img decoding=\"async\" src=\"https:\/\/www.huebscher.net\/media\/Elias-Laule-scaled.jpg\" alt=\"\" \/>\n                                        <\/div>\n                                                                                 \n                                    <div class=\"sf_info_ansprech\"><h4>ELIAS LAULE<\/h4>\n<p>Projektleiter<\/p>\n<table>\n<tbody>\n<tr>\n<td><a class=\"email\" href=\"mailto:elias.laule@huebscher.swiss\">Email<\/a><\/td>\n<\/tr>\n<tr>\n<td>+41 (0)52 687 40 17<\/td>\n<\/tr>\n<\/tbody>\n<\/table>\n<\/div>\n                                <\/div>                                                        \n                                                        \n                                <div class=\"card-body col-sm-3\">\n                                                                            <div class=\"sf_img_ansprech\">\n                                            <img decoding=\"async\" src=\"https:\/\/www.huebscher.net\/media\/Biljana-Veljanoska-scaled.jpg\" alt=\"Biljana Veljanoska\" \/>\n                                        <\/div>\n                                                                                 \n                                    <div class=\"sf_info_ansprech\"><h4>BILJANA VELJANOSKA<\/h4>\n<p>AVOR, Konstruktion<\/p>\n<table>\n<tbody>\n<tr>\n<td><a class=\"email\" href=\"mailto:biljana.veljanoska@huebscher.swiss\">Email<\/a><\/td>\n<\/tr>\n<tr>\n<td>+41 (0)52 687 40 00<\/td>\n<\/tr>\n<\/tbody>\n<\/table>\n<\/div>\n                                <\/div>                                                        \n                                                        \n                                <div class=\"card-body col-sm-3\">\n                                                                            <div class=\"sf_img_ansprech\">\n                                            <img decoding=\"async\" src=\"https:\/\/www.huebscher.net\/media\/christoph_schweizer_41755-B-scaled.jpg\" alt=\"Christoph Schweizer\" \/>\n                                        <\/div>\n                                                                                 \n                                    <div class=\"sf_info_ansprech\"><h4>CHRISTOPH SCHWEIZER<\/h4>\n<p>AVOR, Konstruktion<\/p>\n<table>\n<tbody>\n<tr>\n<td><a class=\"email\" href=\"mailto:christoph.schweizer@huebscher.swiss\">Email<\/a><\/td>\n<\/tr>\n<tr>\n<td>+41 (0)52 687 40 00<\/td>\n<\/tr>\n<\/tbody>\n<\/table>\n<\/div>\n                                <\/div>                                                        \n                             \n                        <\/div>\n                        <\/div>\n                    <\/div>                   \n                  \n                    <div id=\"pane-4\" class=\"card tab-pane fade \" role=\"tabpanel\" aria-labelledby=\"tab-4\">                  \n                        <div class=\"card-header\" role=\"tab\" id=\"heading-4\">\n                            <!-- show in desktop -->\n                                <h2 class=\"mb-0\">Innenausbau<\/h2>\n                            <!-- show in mobile -->\n                            <h5 class=\"mb-0\">\n                                <!-- Note: `data-parent` removed from here -->\n                                <a data-toggle=\"collapse\" href=\"#collapse-4\" aria-expanded=\"true\" aria-controls=\"collapse-4\">\n                                    Innenausbau                                <\/a>\n                            <\/h5>                            \n                        <\/div>\n                        <div id=\"collapse-4\" class=\"collapse \" data-parent=\"#content\" role=\"tabpanel\" aria-labelledby=\"heading-4\">\n                        <div class=\"row\">\n                                                        \n                                <div class=\"card-body col-sm-3\">\n                                                                            <div class=\"sf_img_ansprech\">\n                                            <img decoding=\"async\" src=\"https:\/\/www.huebscher.net\/media\/Andres_Bruderer.jpg\" alt=\"H\u00fcbscher Holzbau Ansprechpartner Andres Bruderer\" \/>\n                                        <\/div>\n                                                                                 \n                                    <div class=\"sf_info_ansprech\"><h4>ANDRES BRUDERER<\/h4>\n<p>Bereichsleiter Innenausbau<\/p>\n<table>\n<tbody>\n<tr>\n<td><a class=\"email\" href=\"mailto:andres.bruderer@huebscher.swiss\">Email<\/a><\/td>\n<\/tr>\n<tr>\n<td>+41 (0)52 687 40 00<\/td>\n<\/tr>\n<\/tbody>\n<\/table>\n<\/div>\n                                <\/div>                                                        \n                                                        \n                                <div class=\"card-body col-sm-3\">\n                                                                            <div class=\"sf_img_ansprech\">\n                                            <img decoding=\"async\" src=\"https:\/\/www.huebscher.net\/media\/Dirk-Bruehlmann-scaled.jpg\" alt=\"\" \/>\n                                        <\/div>\n                                                                                 \n                                    <div class=\"sf_info_ansprech\"><h4>DIRK BR\u00dcHLMANN<\/h4>\n<p>Projektleiter Innenausbau<\/p>\n<table>\n<tbody>\n<tr>\n<td><a class=\"email\" href=\"mailto:dirk.bruehlmann@huebscher.swiss\">Email<\/a><\/td>\n<\/tr>\n<tr>\n<td>+41 (0)52 551 24 18<\/td>\n<\/tr>\n<\/tbody>\n<\/table>\n<\/div>\n                                <\/div>                                                        \n                             \n                        <\/div>\n                        <\/div>\n                    <\/div>                   \n                  \n                    <div id=\"pane-5\" class=\"card tab-pane fade \" role=\"tabpanel\" aria-labelledby=\"tab-5\">                  \n                        <div class=\"card-header\" role=\"tab\" id=\"heading-5\">\n                            <!-- show in desktop -->\n                                <h2 class=\"mb-0\">Service<\/h2>\n                            <!-- show in mobile -->\n                            <h5 class=\"mb-0\">\n                                <!-- Note: `data-parent` removed from here -->\n                                <a data-toggle=\"collapse\" href=\"#collapse-5\" aria-expanded=\"true\" aria-controls=\"collapse-5\">\n                                    Service                                <\/a>\n                            <\/h5>                            \n                        <\/div>\n                        <div id=\"collapse-5\" class=\"collapse \" data-parent=\"#content\" role=\"tabpanel\" aria-labelledby=\"heading-5\">\n                        <div class=\"row\">\n                                                        \n                                <div class=\"card-body col-sm-3\">\n                                                                            <div class=\"sf_img_ansprech\">\n                                            <img decoding=\"async\" src=\"https:\/\/www.huebscher.net\/media\/Matthias-Kaiser-schwarz-1-scaled.jpg\" alt=\"\" \/>\n                                        <\/div>\n                                                                                 \n                                    <div class=\"sf_info_ansprech\"><h4>MATTHIAS KAISER<\/h4>\n<p>Koordination Service-Team<\/p>\n<table>\n<tbody>\n<tr>\n<td><a class=\"email\" href=\"mailto:matthias.kaiser@huebscher.swiss\">Email<\/a><\/td>\n<\/tr>\n<tr>\n<td>+41 (0)52 551 24 14<\/td>\n<\/tr>\n<\/tbody>\n<\/table>\n<\/div>\n                                <\/div>                                                        \n                                                        \n                                <div class=\"card-body col-sm-3\">\n                                                                            <div class=\"sf_img_ansprech\">\n                                            <img decoding=\"async\" src=\"https:\/\/www.huebscher.net\/media\/Dani-Kundert-1-scaled.jpg\" alt=\"\" \/>\n                                        <\/div>\n                                                                                 \n                                    <div class=\"sf_info_ansprech\"><h4>DANIEL KUNDERT<\/h4>\n<p data-pm-slice=\"1 1 []\">Leiter Werkhof<\/p>\n<table>\n<tbody>\n<tr>\n<td><a class=\"email\" href=\"mailto:daniel.kundert@huebscher.swiss\">Email<\/a><\/td>\n<\/tr>\n<tr>\n<td>+41 (0)52 687 40 14<\/td>\n<\/tr>\n<\/tbody>\n<\/table>\n<\/div>\n                                <\/div>                                                        \n                             \n                        <\/div>\n                        <\/div>\n                    <\/div>                   \n                            <\/div>\n            \t<\/div>\n\t\n","protected":false},"excerpt":{"rendered":"","protected":false},"author":2,"featured_media":0,"parent":16467,"menu_order":0,"comment_status":"closed","ping_status":"closed","template":"","meta":{"_acf_changed":false,"_monsterinsights_skip_tracking":false,"_monsterinsights_sitenote_active":false,"_monsterinsights_sitenote_note":"","_monsterinsights_sitenote_category":0,"_genesis_hide_title":false,"_genesis_hide_breadcrumbs":false,"_genesis_hide_singular_image":false,"_genesis_hide_footer_widgets":false,"_genesis_custom_body_class":"","_genesis_custom_post_class":"","_genesis_layout":"","footnotes":""},"class_list":{"0":"post-1341","1":"page","2":"type-page","3":"status-publish","5":"entry","6":"has-post-thumbnail"},"acf":[],"yoast_head":"<!-- This site is optimized with the Yoast SEO Premium plugin v25.2 (Yoast SEO v25.2) - https:\/\/yoast.com\/wordpress\/plugins\/seo\/ -->\n<title>Ansprechpartner | H\u00dcBSCHER HOLZBAU AG<\/title>\n<meta name=\"description\" content=\"Unsere Ansprechpartner in der Gesch\u00e4ftsleitung, in Beratung und Verkauf, in Ausf\u00fchrung, im Innenausbau und im Service.\" \/>\n<meta name=\"robots\" content=\"index, follow, max-snippet:-1, max-image-preview:large, max-video-preview:-1\" \/>\n<link rel=\"canonical\" href=\"https:\/\/www.huebscher.net\/ch\/kontakt\/ansprechpartner\/\" \/>\n<meta property=\"og:locale\" content=\"de_DE\" \/>\n<meta property=\"og:type\" content=\"article\" \/>\n<meta property=\"og:title\" content=\"Ansprechpartner\" \/>\n<meta property=\"og:description\" content=\"Unsere Ansprechpartner in der Gesch\u00e4ftsleitung, in Beratung und Verkauf, in Ausf\u00fchrung, im Innenausbau und im Service.\" \/>\n<meta property=\"og:url\" content=\"https:\/\/www.huebscher.net\/ch\/kontakt\/ansprechpartner\/\" \/>\n<meta property=\"og:site_name\" content=\"H\u00dcBSCHER HOLZBAU\" \/>\n<meta property=\"article:publisher\" content=\"http:\/\/facebook.com\/huebscher.holzbau\" \/>\n<meta property=\"article:modified_time\" content=\"2026-01-13T12:17:11+00:00\" \/>\n<meta name=\"twitter:card\" content=\"summary_large_image\" \/>\n<meta name=\"twitter:label1\" content=\"Gesch\u00e4tzte Lesezeit\" \/>\n\t<meta name=\"twitter:data1\" content=\"1 Minute\" \/>\n<script type=\"application\/ld+json\" class=\"yoast-schema-graph\">{\"@context\":\"https:\/\/schema.org\",\"@graph\":[{\"@type\":\"WebPage\",\"@id\":\"https:\/\/www.huebscher.net\/ch\/kontakt\/ansprechpartner\/\",\"url\":\"https:\/\/www.huebscher.net\/ch\/kontakt\/ansprechpartner\/\",\"name\":\"Ansprechpartner | H\u00dcBSCHER HOLZBAU AG\",\"isPartOf\":{\"@id\":\"https:\/\/www.huebscher.net\/ch\/#website\"},\"datePublished\":\"2015-11-19T07:32:10+00:00\",\"dateModified\":\"2026-01-13T12:17:11+00:00\",\"description\":\"Unsere Ansprechpartner in der Gesch\u00e4ftsleitung, in Beratung und Verkauf, in Ausf\u00fchrung, im Innenausbau und im Service.\",\"breadcrumb\":{\"@id\":\"https:\/\/www.huebscher.net\/ch\/kontakt\/ansprechpartner\/#breadcrumb\"},\"inLanguage\":\"de-CH\",\"potentialAction\":[{\"@type\":\"ReadAction\",\"target\":[\"https:\/\/www.huebscher.net\/ch\/kontakt\/ansprechpartner\/\"]}]},{\"@type\":\"BreadcrumbList\",\"@id\":\"https:\/\/www.huebscher.net\/ch\/kontakt\/ansprechpartner\/#breadcrumb\",\"itemListElement\":[{\"@type\":\"ListItem\",\"position\":1,\"name\":\"Home\",\"item\":\"https:\/\/www.huebscher.net\/ch\/\"},{\"@type\":\"ListItem\",\"position\":2,\"name\":\"Kontakt\",\"item\":\"https:\/\/www.huebscher.net\/ch\/kontakt\/\"},{\"@type\":\"ListItem\",\"position\":3,\"name\":\"Ansprechpartner\"}]},{\"@type\":\"WebSite\",\"@id\":\"https:\/\/www.huebscher.net\/ch\/#website\",\"url\":\"https:\/\/www.huebscher.net\/ch\/\",\"name\":\"H\u00fcbscher Holzbau\",\"description\":\"H\u00fcbscher Holzbau AG\",\"publisher\":{\"@id\":\"https:\/\/www.huebscher.net\/ch\/#organization\"},\"alternateName\":\"H\u00fcbscher Holzbau\",\"potentialAction\":[{\"@type\":\"SearchAction\",\"target\":{\"@type\":\"EntryPoint\",\"urlTemplate\":\"https:\/\/www.huebscher.net\/ch\/?s={search_term_string}\"},\"query-input\":{\"@type\":\"PropertyValueSpecification\",\"valueRequired\":true,\"valueName\":\"search_term_string\"}}],\"inLanguage\":\"de-CH\"},{\"@type\":\"Organization\",\"@id\":\"https:\/\/www.huebscher.net\/ch\/#organization\",\"name\":\"H\u00fcbscher Holzbau\",\"alternateName\":\"H\u00fcbscher Holzbau\",\"url\":\"https:\/\/www.huebscher.net\/ch\/\",\"logo\":{\"@type\":\"ImageObject\",\"inLanguage\":\"de-CH\",\"@id\":\"https:\/\/www.huebscher.net\/ch\/#\/schema\/logo\/image\/\",\"url\":\"https:\/\/www.huebscher.net\/media\/huebscher_logo_def.png\",\"contentUrl\":\"https:\/\/www.huebscher.net\/media\/huebscher_logo_def.png\",\"width\":220,\"height\":110,\"caption\":\"H\u00fcbscher Holzbau\"},\"image\":{\"@id\":\"https:\/\/www.huebscher.net\/ch\/#\/schema\/logo\/image\/\"},\"sameAs\":[\"http:\/\/facebook.com\/huebscher.holzbau\",\"https:\/\/pt.linkedin.com\/organization-guest\/company\/huebscher-holzbau\",\"https:\/\/www.instagram.com\/huebscherholzbau\/\"]}]}<\/script>\n<!-- \/ Yoast SEO Premium plugin. -->","yoast_head_json":{"title":"Ansprechpartner | H\u00dcBSCHER HOLZBAU AG","description":"Unsere Ansprechpartner in der Gesch\u00e4ftsleitung, in Beratung und Verkauf, in Ausf\u00fchrung, im Innenausbau und im Service.","robots":{"index":"index","follow":"follow","max-snippet":"max-snippet:-1","max-image-preview":"max-image-preview:large","max-video-preview":"max-video-preview:-1"},"canonical":"https:\/\/www.huebscher.net\/ch\/kontakt\/ansprechpartner\/","og_locale":"de_DE","og_type":"article","og_title":"Ansprechpartner","og_description":"Unsere Ansprechpartner in der Gesch\u00e4ftsleitung, in Beratung und Verkauf, in Ausf\u00fchrung, im Innenausbau und im Service.","og_url":"https:\/\/www.huebscher.net\/ch\/kontakt\/ansprechpartner\/","og_site_name":"H\u00dcBSCHER HOLZBAU","article_publisher":"http:\/\/facebook.com\/huebscher.holzbau","article_modified_time":"2026-01-13T12:17:11+00:00","twitter_card":"summary_large_image","twitter_misc":{"Gesch\u00e4tzte Lesezeit":"1 Minute"},"schema":{"@context":"https:\/\/schema.org","@graph":[{"@type":"WebPage","@id":"https:\/\/www.huebscher.net\/ch\/kontakt\/ansprechpartner\/","url":"https:\/\/www.huebscher.net\/ch\/kontakt\/ansprechpartner\/","name":"Ansprechpartner | H\u00dcBSCHER HOLZBAU AG","isPartOf":{"@id":"https:\/\/www.huebscher.net\/ch\/#website"},"datePublished":"2015-11-19T07:32:10+00:00","dateModified":"2026-01-13T12:17:11+00:00","description":"Unsere Ansprechpartner in der Gesch\u00e4ftsleitung, in Beratung und Verkauf, in Ausf\u00fchrung, im Innenausbau und im Service.","breadcrumb":{"@id":"https:\/\/www.huebscher.net\/ch\/kontakt\/ansprechpartner\/#breadcrumb"},"inLanguage":"de-CH","potentialAction":[{"@type":"ReadAction","target":["https:\/\/www.huebscher.net\/ch\/kontakt\/ansprechpartner\/"]}]},{"@type":"BreadcrumbList","@id":"https:\/\/www.huebscher.net\/ch\/kontakt\/ansprechpartner\/#breadcrumb","itemListElement":[{"@type":"ListItem","position":1,"name":"Home","item":"https:\/\/www.huebscher.net\/ch\/"},{"@type":"ListItem","position":2,"name":"Kontakt","item":"https:\/\/www.huebscher.net\/ch\/kontakt\/"},{"@type":"ListItem","position":3,"name":"Ansprechpartner"}]},{"@type":"WebSite","@id":"https:\/\/www.huebscher.net\/ch\/#website","url":"https:\/\/www.huebscher.net\/ch\/","name":"H\u00fcbscher Holzbau","description":"H\u00fcbscher Holzbau AG","publisher":{"@id":"https:\/\/www.huebscher.net\/ch\/#organization"},"alternateName":"H\u00fcbscher Holzbau","potentialAction":[{"@type":"SearchAction","target":{"@type":"EntryPoint","urlTemplate":"https:\/\/www.huebscher.net\/ch\/?s={search_term_string}"},"query-input":{"@type":"PropertyValueSpecification","valueRequired":true,"valueName":"search_term_string"}}],"inLanguage":"de-CH"},{"@type":"Organization","@id":"https:\/\/www.huebscher.net\/ch\/#organization","name":"H\u00fcbscher Holzbau","alternateName":"H\u00fcbscher Holzbau","url":"https:\/\/www.huebscher.net\/ch\/","logo":{"@type":"ImageObject","inLanguage":"de-CH","@id":"https:\/\/www.huebscher.net\/ch\/#\/schema\/logo\/image\/","url":"https:\/\/www.huebscher.net\/media\/huebscher_logo_def.png","contentUrl":"https:\/\/www.huebscher.net\/media\/huebscher_logo_def.png","width":220,"height":110,"caption":"H\u00fcbscher Holzbau"},"image":{"@id":"https:\/\/www.huebscher.net\/ch\/#\/schema\/logo\/image\/"},"sameAs":["http:\/\/facebook.com\/huebscher.holzbau","https:\/\/pt.linkedin.com\/organization-guest\/company\/huebscher-holzbau","https:\/\/www.instagram.com\/huebscherholzbau\/"]}]}},"_links":{"self":[{"href":"https:\/\/www.huebscher.net\/ch\/wp-json\/wp\/v2\/pages\/1341"}],"collection":[{"href":"https:\/\/www.huebscher.net\/ch\/wp-json\/wp\/v2\/pages"}],"about":[{"href":"https:\/\/www.huebscher.net\/ch\/wp-json\/wp\/v2\/types\/page"}],"author":[{"embeddable":true,"href":"https:\/\/www.huebscher.net\/ch\/wp-json\/wp\/v2\/users\/2"}],"replies":[{"embeddable":true,"href":"https:\/\/www.huebscher.net\/ch\/wp-json\/wp\/v2\/comments?post=1341"}],"version-history":[{"count":305,"href":"https:\/\/www.huebscher.net\/ch\/wp-json\/wp\/v2\/pages\/1341\/revisions"}],"predecessor-version":[{"id":18892,"href":"https:\/\/www.huebscher.net\/ch\/wp-json\/wp\/v2\/pages\/1341\/revisions\/18892"}],"up":[{"embeddable":true,"href":"https:\/\/www.huebscher.net\/ch\/wp-json\/wp\/v2\/pages\/16467"}],"wp:attachment":[{"href":"https:\/\/www.huebscher.net\/ch\/wp-json\/wp\/v2\/media?parent=1341"}],"curies":[{"name":"wp","href":"https:\/\/api.w.org\/{rel}","templated":true}]}}